{"id":1048,"date":"2021-06-22T11:06:42","date_gmt":"2021-06-22T09:06:42","guid":{"rendered":"https:\/\/www.personasdiscapacidad.es\/?page_id=1048"},"modified":"2026-01-12T11:23:02","modified_gmt":"2026-01-12T10:23:02","slug":"master-modulos","status":"publish","type":"page","link":"https:\/\/www.personasdiscapacidad.es\/es\/master-modulos\/","title":{"rendered":"M\u00f3dulos"},"content":{"rendered":"[et_pb_section fb_built=\u00bb1&#8243; _builder_version=\u00bb4.27.5&#8243; _module_preset=\u00bbdefault\u00bb background_color=\u00bb#5CC2D6&#8243; positioning=\u00bbnone\u00bb position_origin_f=\u00bbtop_center\u00bb vertical_offset=\u00bb95px\u00bb custom_margin=\u00bb0px||0px||false|false\u00bb custom_padding=\u00bb7px||7px||true|false\u00bb hover_enabled=\u00bb0&#8243; global_colors_info=\u00bb{}\u00bb sticky_enabled=\u00bb0&#8243; locked=\u00bboff\u00bb][et_pb_row _builder_version=\u00bb4.27.5&#8243; _module_preset=\u00bbdefault\u00bb custom_margin=\u00bb0px||0px||true|false\u00bb custom_padding=\u00bb0px||0px||true|false\u00bb global_colors_info=\u00bb{}\u00bb][et_pb_column type=\u00bb4_4&#8243; _builder_version=\u00bb4.27.5&#8243; _module_preset=\u00bbdefault\u00bb global_colors_info=\u00bb{}\u00bb][et_pb_text _builder_version=\u00bb4.27.5&#8243; _module_preset=\u00bbdefault\u00bb text_font=\u00bb|700||on|||||\u00bb text_text_color=\u00bb#FFFFFF\u00bb text_font_size=\u00bb18px\u00bb text_letter_spacing=\u00bb4px\u00bb hover_enabled=\u00bb0&#8243; global_colors_info=\u00bb{}\u00bb sticky_enabled=\u00bb0&#8243;]\n<p style=\"text-align: center;\">m\u00e1ster<\/p>\n[\/et_pb_text][\/et_pb_column][\/et_pb_row][\/et_pb_section][et_pb_section fb_built=\u00bb1&#8243; admin_label=\u00bbCourse Hero\u00bb _builder_version=\u00bb4.27.5&#8243; custom_padding=\u00bb100px|0px|120px|0px|false|false\u00bb animation_style=\u00bbslide\u00bb animation_direction=\u00bbtop\u00bb animation_intensity_slide=\u00bb2%\u00bb hover_enabled=\u00bb0&#8243; locked=\u00bboff\u00bb global_colors_info=\u00bb{}\u00bb background_enable_color=\u00bboff\u00bb title_text=\u00bbintro\u00bb background_image=\u00bbhttps:\/\/www.personasdiscapacidad.es\/wp-content\/uploads\/2021\/06\/intro.svg\u00bb sticky_enabled=\u00bb0&#8243;][et_pb_row column_structure=\u00bb1_2,1_2&#8243; _builder_version=\u00bb4.16&#8243; custom_margin=\u00bb|||\u00bb custom_width_px=\u00bb1280px\u00bb global_colors_info=\u00bb{}\u00bb][et_pb_column type=\u00bb1_2&#8243; _builder_version=\u00bb4.16&#8243; custom_padding=\u00bb|||\u00bb global_colors_info=\u00bb{}\u00bb custom_padding__hover=\u00bb|||\u00bb][et_pb_text _builder_version=\u00bb4.27.5&#8243; header_font=\u00bb|on|||\u00bb header_font_size=\u00bb42px\u00bb header_line_height=\u00bb1.3em\u00bb background_layout=\u00bbdark\u00bb custom_padding=\u00bb|||\u00bb hover_enabled=\u00bb0&#8243; header_font_size_tablet=\u00bb\u00bb header_font_size_phone=\u00bb\u00bb header_font_size_last_edited=\u00bbon|desktop\u00bb locked=\u00bboff\u00bb global_colors_info=\u00bb{}\u00bb header_text_color=\u00bb#000000&#8243; sticky_enabled=\u00bb0&#8243;]\n<h1><strong>M\u00f2dul\/s del M\u00e0ster<\/strong><br \/>\n<span style=\"font-size: large; color: #000000;\">65 cr\u00e9ditos<\/span><\/h1>\n[\/et_pb_text][\/et_pb_column][et_pb_column type=\u00bb1_2&#8243; _builder_version=\u00bb4.16&#8243; custom_padding=\u00bb|||\u00bb global_colors_info=\u00bb{}\u00bb custom_padding__hover=\u00bb|||\u00bb][\/et_pb_column][\/et_pb_row][\/et_pb_section][et_pb_section fb_built=\u00bb1&#8243; _builder_version=\u00bb4.16&#8243; global_colors_info=\u00bb{}\u00bb][et_pb_row column_structure=\u00bb3_5,2_5&#8243; make_equal=\u00bbon\u00bb _builder_version=\u00bb4.16&#8243; custom_margin=\u00bb-190px||||false|false\u00bb global_colors_info=\u00bb{}\u00bb][et_pb_column type=\u00bb3_5&#8243; _builder_version=\u00bb4.16&#8243; global_colors_info=\u00bb{}\u00bb][et_pb_text _builder_version=\u00bb4.27.5&#8243; header_2_font=\u00bbNoticia Text|700|||||||\u00bb header_2_text_color=\u00bb#000000&#8243; hover_enabled=\u00bb0&#8243; global_colors_info=\u00bb{}\u00bb sticky_enabled=\u00bb0&#8243;]\n<h2>M\u00f3dulos<\/h2>\n[\/et_pb_text][et_pb_blurb title=\u00bbM\u00f3dulo 1: Ciclo vital y transiciones (5 cr\u00e8dits)\u00bb url=\u00bb#\u00bb icon_placement=\u00bbleft\u00bb image_icon_width=\u00bb0px\u00bb content_max_width=\u00bb1100px\u00bb admin_label=\u00bbChapter\u00bb _builder_version=\u00bb4.16&#8243; header_font=\u00bb|on|||\u00bb header_text_color=\u00bb#2e2545&#8243; header_line_height=\u00bb1.5em\u00bb body_text_color=\u00bb#242424&#8243; body_font_size=\u00bb16px\u00bb body_line_height=\u00bb1.9em\u00bb background_color=\u00bb#ffffff\u00bb height=\u00bb170px\u00bb custom_margin=\u00bb|||\u00bb custom_padding=\u00bb30px|40px|30px|40px\u00bb animation_style=\u00bbzoom\u00bb animation_direction=\u00bbbottom\u00bb animation_intensity_zoom=\u00bb20%\u00bb animation_starting_opacity=\u00bb100%\u00bb link_option_url=\u00bb\/modul-1&#8243; border_width_bottom=\u00bb1px\u00bb border_color_bottom=\u00bb#5cc1d5&#8243; image_max_width=\u00bb0px\u00bb locked=\u00bboff\u00bb global_colors_info=\u00bb{}\u00bb][\/et_pb_blurb][et_pb_blurb title=\u00bbM\u00f3dulo 2: Completando los derechos de ciudadan\u00eda (5 cr\u00e8dits)\u00bb url=\u00bb#\u00bb icon_placement=\u00bbleft\u00bb image_icon_width=\u00bb0px\u00bb content_max_width=\u00bb1100px\u00bb admin_label=\u00bbChapter\u00bb _builder_version=\u00bb4.16&#8243; header_font=\u00bb|on|||\u00bb header_text_color=\u00bb#2e2545&#8243; header_line_height=\u00bb1.5em\u00bb body_text_color=\u00bb#242424&#8243; body_font_size=\u00bb16px\u00bb body_line_height=\u00bb1.9em\u00bb background_color=\u00bb#ffffff\u00bb height=\u00bb170px\u00bb custom_margin=\u00bb|||\u00bb custom_padding=\u00bb30px|40px|30px|40px\u00bb animation_style=\u00bbzoom\u00bb animation_direction=\u00bbbottom\u00bb animation_intensity_zoom=\u00bb20%\u00bb animation_starting_opacity=\u00bb100%\u00bb link_option_url=\u00bb\/modul-2&#8243; border_width_bottom=\u00bb1px\u00bb border_color_bottom=\u00bb#5cc1d5&#8243; image_max_width=\u00bb0px\u00bb locked=\u00bboff\u00bb global_colors_info=\u00bb{}\u00bb][\/et_pb_blurb][et_pb_blurb title=\u00bbM\u00f2dulo 3:  Fronteras de la inclusi\u00f3n (5 cr\u00e8dits)\u00bb url=\u00bb#\u00bb icon_placement=\u00bbleft\u00bb image_icon_width=\u00bb0px\u00bb content_max_width=\u00bb1100px\u00bb admin_label=\u00bbChapter\u00bb _builder_version=\u00bb4.16&#8243; header_font=\u00bb|on|||\u00bb header_text_color=\u00bb#2e2545&#8243; header_line_height=\u00bb1.5em\u00bb body_text_color=\u00bb#242424&#8243; body_font_size=\u00bb16px\u00bb body_line_height=\u00bb1.9em\u00bb background_color=\u00bb#ffffff\u00bb height=\u00bb170px\u00bb custom_margin=\u00bb|||\u00bb custom_padding=\u00bb30px|40px|30px|40px\u00bb animation_style=\u00bbzoom\u00bb animation_direction=\u00bbbottom\u00bb animation_intensity_zoom=\u00bb20%\u00bb animation_starting_opacity=\u00bb100%\u00bb link_option_url=\u00bb\/modul-3&#8243; border_width_bottom=\u00bb1px\u00bb border_color_bottom=\u00bb#5cc1d5&#8243; image_max_width=\u00bb0px\u00bb locked=\u00bboff\u00bb global_colors_info=\u00bb{}\u00bb][\/et_pb_blurb][et_pb_blurb title=\u00bbM\u00f3dulo 4: Innovaci\u00f3n social II (5 cr\u00e8dits)\u00bb url=\u00bb#\u00bb icon_placement=\u00bbleft\u00bb image_icon_width=\u00bb0px\u00bb content_max_width=\u00bb1100px\u00bb admin_label=\u00bbChapter\u00bb _builder_version=\u00bb4.16&#8243; header_font=\u00bb|on|||\u00bb header_text_color=\u00bb#2e2545&#8243; header_line_height=\u00bb1.5em\u00bb body_text_color=\u00bb#242424&#8243; body_font_size=\u00bb16px\u00bb body_line_height=\u00bb1.9em\u00bb background_color=\u00bb#ffffff\u00bb height=\u00bb170px\u00bb custom_margin=\u00bb|||\u00bb custom_padding=\u00bb30px|40px|30px|40px\u00bb animation_style=\u00bbzoom\u00bb animation_direction=\u00bbbottom\u00bb animation_intensity_zoom=\u00bb20%\u00bb animation_starting_opacity=\u00bb100%\u00bb link_option_url=\u00bb\/modul-4&#8243; border_width_bottom=\u00bb1px\u00bb border_color_bottom=\u00bb#5cc1d5&#8243; image_max_width=\u00bb0px\u00bb locked=\u00bboff\u00bb global_colors_info=\u00bb{}\u00bb][\/et_pb_blurb][et_pb_blurb title=\u00bbM\u00f3dulo 5: M\u00e9todos y t\u00e9cnicas de investigaci\u00f3n (5 cr\u00e8dits)\u00bb url=\u00bb#\u00bb icon_placement=\u00bbleft\u00bb image_icon_width=\u00bb0px\u00bb content_max_width=\u00bb1100px\u00bb admin_label=\u00bbChapter\u00bb _builder_version=\u00bb4.16&#8243; header_font=\u00bb|on|||\u00bb header_text_color=\u00bb#2e2545&#8243; header_line_height=\u00bb1.5em\u00bb body_text_color=\u00bb#242424&#8243; body_font_size=\u00bb16px\u00bb body_line_height=\u00bb1.9em\u00bb background_color=\u00bb#ffffff\u00bb height=\u00bb170px\u00bb custom_margin=\u00bb|||\u00bb custom_padding=\u00bb30px|40px|30px|40px\u00bb animation_style=\u00bbzoom\u00bb animation_direction=\u00bbbottom\u00bb animation_intensity_zoom=\u00bb20%\u00bb animation_starting_opacity=\u00bb100%\u00bb link_option_url=\u00bb\/modul-5&#8243; border_width_bottom=\u00bb1px\u00bb border_color_bottom=\u00bb#5cc1d5&#8243; image_max_width=\u00bb0px\u00bb locked=\u00bboff\u00bb global_colors_info=\u00bb{}\u00bb][\/et_pb_blurb][et_pb_blurb title=\u00bbM\u00f3dulo 6: Trabajo fin de master (10 cr\u00e8dits)\u00bb url=\u00bb#\u00bb icon_placement=\u00bbleft\u00bb image_icon_width=\u00bb0px\u00bb content_max_width=\u00bb1100px\u00bb admin_label=\u00bbChapter\u00bb _builder_version=\u00bb4.16&#8243; header_font=\u00bb|on|||\u00bb header_text_color=\u00bb#2e2545&#8243; header_line_height=\u00bb1.5em\u00bb body_text_color=\u00bb#242424&#8243; body_font_size=\u00bb16px\u00bb body_line_height=\u00bb1.9em\u00bb background_color=\u00bb#ffffff\u00bb height=\u00bb170px\u00bb custom_margin=\u00bb|||\u00bb custom_padding=\u00bb30px|40px|30px|40px\u00bb animation_style=\u00bbzoom\u00bb animation_direction=\u00bbbottom\u00bb animation_intensity_zoom=\u00bb20%\u00bb animation_starting_opacity=\u00bb100%\u00bb link_option_url=\u00bb\/modul-6&#8243; border_width_bottom=\u00bb1px\u00bb border_color_bottom=\u00bb#5cc1d5&#8243; image_max_width=\u00bb0px\u00bb locked=\u00bboff\u00bb global_colors_info=\u00bb{}\u00bb][\/et_pb_blurb][\/et_pb_column][et_pb_column type=\u00bb2_5&#8243; _builder_version=\u00bb4.16&#8243; global_colors_info=\u00bb{}\u00bb][et_pb_text _builder_version=\u00bb4.27.5&#8243; header_2_font=\u00bbNoticia Text|700|||||||\u00bb header_2_text_color=\u00bb#000000&#8243; hover_enabled=\u00bb0&#8243; global_colors_info=\u00bb{}\u00bb sticky_enabled=\u00bb0&#8243;]\n<h2>Competencias<\/h2>\n[\/et_pb_text][et_pb_blurb url=\u00bb#\u00bb icon_placement=\u00bbleft\u00bb content_max_width=\u00bb1100px\u00bb admin_label=\u00bbChapter\u00bb _builder_version=\u00bb4.16&#8243; header_font=\u00bb|on|||\u00bb header_text_color=\u00bb#2e2545&#8243; header_line_height=\u00bb1.5em\u00bb body_text_color=\u00bb#242424&#8243; body_font_size=\u00bb16px\u00bb body_line_height=\u00bb1.9em\u00bb background_color=\u00bb#ffffff\u00bb height=\u00bb170px\u00bb custom_margin=\u00bb|||\u00bb custom_padding=\u00bb30px|40px|30px|40px\u00bb animation_style=\u00bbzoom\u00bb animation_direction=\u00bbbottom\u00bb animation_intensity_zoom=\u00bb20%\u00bb animation_starting_opacity=\u00bb100%\u00bb border_width_bottom=\u00bb1px\u00bb border_color_bottom=\u00bb#5cc1d5&#8243; locked=\u00bboff\u00bb global_colors_info=\u00bb{}\u00bb]\n<p><strong>Competencias:<\/strong><\/p>\n<p><strong> 1, 2, 4, 8, 10, 13<\/strong><\/p>\n[\/et_pb_blurb][et_pb_blurb url=\u00bb#\u00bb icon_placement=\u00bbleft\u00bb content_max_width=\u00bb1100px\u00bb admin_label=\u00bbChapter\u00bb _builder_version=\u00bb4.16&#8243; header_font=\u00bb|on|||\u00bb header_text_color=\u00bb#2e2545&#8243; header_line_height=\u00bb1.5em\u00bb body_text_color=\u00bb#242424&#8243; body_font_size=\u00bb16px\u00bb body_line_height=\u00bb1.9em\u00bb background_color=\u00bb#ffffff\u00bb height=\u00bb170px\u00bb custom_margin=\u00bb|||\u00bb custom_padding=\u00bb30px|40px|30px|40px\u00bb animation_style=\u00bbzoom\u00bb animation_direction=\u00bbbottom\u00bb animation_intensity_zoom=\u00bb20%\u00bb animation_starting_opacity=\u00bb100%\u00bb border_width_bottom=\u00bb1px\u00bb border_color_bottom=\u00bb#5cc1d5&#8243; locked=\u00bboff\u00bb global_colors_info=\u00bb{}\u00bb]\n<p><strong>Competencias:<\/strong><\/p>\n<p><strong> 1, 2, 8,10,13<\/strong><\/p>\n[\/et_pb_blurb][et_pb_blurb url=\u00bb#\u00bb icon_placement=\u00bbleft\u00bb content_max_width=\u00bb1100px\u00bb admin_label=\u00bbChapter\u00bb _builder_version=\u00bb4.16&#8243; header_font=\u00bb|on|||\u00bb header_text_color=\u00bb#2e2545&#8243; header_line_height=\u00bb1.5em\u00bb body_text_color=\u00bb#242424&#8243; body_font_size=\u00bb16px\u00bb body_line_height=\u00bb1.9em\u00bb background_color=\u00bb#ffffff\u00bb height=\u00bb170px\u00bb custom_margin=\u00bb|||\u00bb custom_padding=\u00bb30px|40px|30px|40px\u00bb animation_style=\u00bbzoom\u00bb animation_direction=\u00bbbottom\u00bb animation_intensity_zoom=\u00bb20%\u00bb animation_starting_opacity=\u00bb100%\u00bb border_width_bottom=\u00bb1px\u00bb border_color_bottom=\u00bb#5cc1d5&#8243; locked=\u00bboff\u00bb global_colors_info=\u00bb{}\u00bb]\n<p><strong>Competencias:<\/strong><\/p>\n<p><strong>2, 6, 8, 12, 13<\/strong><\/p>\n[\/et_pb_blurb][et_pb_blurb url=\u00bb#\u00bb icon_placement=\u00bbleft\u00bb content_max_width=\u00bb1100px\u00bb admin_label=\u00bbChapter\u00bb _builder_version=\u00bb4.16&#8243; header_font=\u00bb|on|||\u00bb header_text_color=\u00bb#2e2545&#8243; header_line_height=\u00bb1.5em\u00bb body_text_color=\u00bb#242424&#8243; body_font_size=\u00bb16px\u00bb body_line_height=\u00bb1.9em\u00bb background_color=\u00bb#ffffff\u00bb height=\u00bb170px\u00bb custom_margin=\u00bb|||\u00bb custom_padding=\u00bb30px|40px|30px|40px\u00bb animation_style=\u00bbzoom\u00bb animation_direction=\u00bbbottom\u00bb animation_intensity_zoom=\u00bb20%\u00bb animation_starting_opacity=\u00bb100%\u00bb border_width_bottom=\u00bb1px\u00bb border_color_bottom=\u00bb#5cc1d5&#8243; locked=\u00bboff\u00bb global_colors_info=\u00bb{}\u00bb]\n<p><strong>Competencias:<\/strong><\/p>\n<p><strong> 3, 4, 5, 7, 9<\/strong><\/p>\n[\/et_pb_blurb][et_pb_blurb url=\u00bb#\u00bb icon_placement=\u00bbleft\u00bb content_max_width=\u00bb1100px\u00bb admin_label=\u00bbChapter\u00bb _builder_version=\u00bb4.16&#8243; header_font=\u00bb|on|||\u00bb header_text_color=\u00bb#2e2545&#8243; header_line_height=\u00bb1.5em\u00bb body_text_color=\u00bb#242424&#8243; body_font_size=\u00bb16px\u00bb body_line_height=\u00bb1.9em\u00bb background_color=\u00bb#ffffff\u00bb height=\u00bb170px\u00bb custom_margin=\u00bb|||\u00bb custom_padding=\u00bb30px|40px|30px|40px\u00bb animation_style=\u00bbzoom\u00bb animation_direction=\u00bbbottom\u00bb animation_intensity_zoom=\u00bb20%\u00bb animation_starting_opacity=\u00bb100%\u00bb border_width_bottom=\u00bb1px\u00bb border_color_bottom=\u00bb#5cc1d5&#8243; locked=\u00bboff\u00bb global_colors_info=\u00bb{}\u00bb]\n<p><strong>Competencias:<\/strong><\/p>\n<p><strong> 1, 2, 7, 10, 14<\/strong><\/p>\n[\/et_pb_blurb][et_pb_blurb url=\u00bb#\u00bb icon_placement=\u00bbleft\u00bb content_max_width=\u00bb1100px\u00bb admin_label=\u00bbChapter\u00bb _builder_version=\u00bb4.16&#8243; header_font=\u00bb|on|||\u00bb header_text_color=\u00bb#2e2545&#8243; header_line_height=\u00bb1.5em\u00bb body_text_color=\u00bb#242424&#8243; body_font_size=\u00bb16px\u00bb body_line_height=\u00bb1.9em\u00bb background_color=\u00bb#ffffff\u00bb height=\u00bb170px\u00bb custom_margin=\u00bb|||\u00bb custom_padding=\u00bb30px|40px|30px|40px\u00bb animation_style=\u00bbzoom\u00bb animation_direction=\u00bbbottom\u00bb animation_intensity_zoom=\u00bb20%\u00bb animation_starting_opacity=\u00bb100%\u00bb border_width_bottom=\u00bb1px\u00bb border_color_bottom=\u00bb#5cc1d5&#8243; locked=\u00bboff\u00bb global_colors_info=\u00bb{}\u00bb]\n<p><strong>Competencias:<\/strong><\/p>\n<p><strong> 1, 2, 5, 6, 7, 13, 14<\/strong><\/p>\n[\/et_pb_blurb][\/et_pb_column][\/et_pb_row][\/et_pb_section][et_pb_section fb_built=\u00bb1&#8243; admin_label=\u00bbFooter\u00bb module_class=\u00bbfooter-bkg\u00bb _builder_version=\u00bb4.7.4&#8243; background_color=\u00bb#00aaaa\u00bb background_enable_color=\u00bboff\u00bb background_image=\u00bbhttps:\/\/www.personasdiscapacidad.es\/wp-content\/uploads\/2021\/06\/fons-footer.svg\u00bb background_size=\u00bbcontain\u00bb background_position=\u00bbbottom_center\u00bb custom_padding=\u00bb170px|0px|60px|0px|false|false\u00bb animation_style=\u00bbzoom\u00bb animation_direction=\u00bbbottom\u00bb animation_intensity_zoom=\u00bb6%\u00bb animation_starting_opacity=\u00bb100%\u00bb global_module=\u00bb593&#8243; saved_tabs=\u00bball\u00bb locked=\u00bboff\u00bb collapsed=\u00bboff\u00bb global_colors_info=\u00bb{}\u00bb][\/et_pb_section]\n","protected":false},"excerpt":{"rendered":"<p>m\u00e1sterM\u00f2dul\/s del M\u00e0ster 65 cr\u00e9ditosM\u00f3dulosCompetenciasCompetencias: 1, 2, 4, 8, 10, 13Competencias: 1, 2, 8,10,13Competencias: 2, 6, 8, 12, 13Competencias: 3, 4, 5, 7, 9Competencias: 1, 2, 7, 10, 14Competencias: 1, [&hellip;]<\/p>\n","protected":false},"author":1,"featured_media":0,"parent":0,"menu_order":0,"comment_status":"closed","ping_status":"closed","template":"","meta":{"_et_pb_use_builder":"on","_et_pb_old_content":"","_et_gb_content_width":"","inline_featured_image":false,"footnotes":""},"yoast_head":"<!-- This site is optimized with the Yoast SEO plugin v22.8 - https:\/\/yoast.com\/wordpress\/plugins\/seo\/ -->\n<title>M\u00f3dulos - Postgrado Personas con Discapacidad<\/title>\n<meta name=\"robots\" content=\"index, follow, max-snippet:-1, max-image-preview:large, max-video-preview:-1\" \/>\n<link rel=\"canonical\" href=\"https:\/\/www.personasdiscapacidad.es\/es\/master-modulos\/\" \/>\n<meta property=\"og:locale\" content=\"es_ES\" \/>\n<meta property=\"og:type\" content=\"article\" \/>\n<meta property=\"og:title\" content=\"M\u00f3dulos - Postgrado Personas con Discapacidad\" \/>\n<meta property=\"og:description\" content=\"m\u00e1sterM\u00f2dul\/s del M\u00e0ster 65 cr\u00e9ditosM\u00f3dulosCompetenciasCompetencias: 1, 2, 4, 8, 10, 13Competencias: 1, 2, 8,10,13Competencias: 2, 6, 8, 12, 13Competencias: 3, 4, 5, 7, 9Competencias: 1, 2, 7, 10, 14Competencias: 1, [&hellip;]\" \/>\n<meta property=\"og:url\" content=\"https:\/\/www.personasdiscapacidad.es\/es\/master-modulos\/\" \/>\n<meta property=\"og:site_name\" content=\"Postgrado Personas con Discapacidad\" \/>\n<meta property=\"article:modified_time\" content=\"2026-01-12T10:23:02+00:00\" \/>\n<meta name=\"twitter:card\" content=\"summary_large_image\" \/>\n<meta name=\"twitter:label1\" content=\"Tiempo de lectura\" \/>\n\t<meta name=\"twitter:data1\" content=\"8 minutos\" \/>\n<script type=\"application\/ld+json\" class=\"yoast-schema-graph\">{\"@context\":\"https:\/\/schema.org\",\"@graph\":[{\"@type\":\"WebPage\",\"@id\":\"https:\/\/www.personasdiscapacidad.es\/es\/master-modulos\/\",\"url\":\"https:\/\/www.personasdiscapacidad.es\/es\/master-modulos\/\",\"name\":\"M\u00f3dulos - Postgrado Personas con Discapacidad\",\"isPartOf\":{\"@id\":\"https:\/\/www.personasdiscapacidad.es\/es\/#website\"},\"datePublished\":\"2021-06-22T09:06:42+00:00\",\"dateModified\":\"2026-01-12T10:23:02+00:00\",\"breadcrumb\":{\"@id\":\"https:\/\/www.personasdiscapacidad.es\/es\/master-modulos\/#breadcrumb\"},\"inLanguage\":\"es\",\"potentialAction\":[{\"@type\":\"ReadAction\",\"target\":[\"https:\/\/www.personasdiscapacidad.es\/es\/master-modulos\/\"]}]},{\"@type\":\"BreadcrumbList\",\"@id\":\"https:\/\/www.personasdiscapacidad.es\/es\/master-modulos\/#breadcrumb\",\"itemListElement\":[{\"@type\":\"ListItem\",\"position\":1,\"name\":\"Portada\",\"item\":\"https:\/\/www.personasdiscapacidad.es\/es\/\"},{\"@type\":\"ListItem\",\"position\":2,\"name\":\"M\u00f3dulos\"}]},{\"@type\":\"WebSite\",\"@id\":\"https:\/\/www.personasdiscapacidad.es\/es\/#website\",\"url\":\"https:\/\/www.personasdiscapacidad.es\/es\/\",\"name\":\"Postgrado Personas con Discapacidad\",\"description\":\"Derechos sociales y cultura de las discapacidades\",\"potentialAction\":[{\"@type\":\"SearchAction\",\"target\":{\"@type\":\"EntryPoint\",\"urlTemplate\":\"https:\/\/www.personasdiscapacidad.es\/es\/?s={search_term_string}\"},\"query-input\":\"required name=search_term_string\"}],\"inLanguage\":\"es\"}]}<\/script>\n<!-- \/ Yoast SEO plugin. -->","yoast_head_json":{"title":"M\u00f3dulos - Postgrado Personas con Discapacidad","robots":{"index":"index","follow":"follow","max-snippet":"max-snippet:-1","max-image-preview":"max-image-preview:large","max-video-preview":"max-video-preview:-1"},"canonical":"https:\/\/www.personasdiscapacidad.es\/es\/master-modulos\/","og_locale":"es_ES","og_type":"article","og_title":"M\u00f3dulos - Postgrado Personas con Discapacidad","og_description":"m\u00e1sterM\u00f2dul\/s del M\u00e0ster 65 cr\u00e9ditosM\u00f3dulosCompetenciasCompetencias: 1, 2, 4, 8, 10, 13Competencias: 1, 2, 8,10,13Competencias: 2, 6, 8, 12, 13Competencias: 3, 4, 5, 7, 9Competencias: 1, 2, 7, 10, 14Competencias: 1, [&hellip;]","og_url":"https:\/\/www.personasdiscapacidad.es\/es\/master-modulos\/","og_site_name":"Postgrado Personas con Discapacidad","article_modified_time":"2026-01-12T10:23:02+00:00","twitter_card":"summary_large_image","twitter_misc":{"Tiempo de lectura":"8 minutos"},"schema":{"@context":"https:\/\/schema.org","@graph":[{"@type":"WebPage","@id":"https:\/\/www.personasdiscapacidad.es\/es\/master-modulos\/","url":"https:\/\/www.personasdiscapacidad.es\/es\/master-modulos\/","name":"M\u00f3dulos - Postgrado Personas con Discapacidad","isPartOf":{"@id":"https:\/\/www.personasdiscapacidad.es\/es\/#website"},"datePublished":"2021-06-22T09:06:42+00:00","dateModified":"2026-01-12T10:23:02+00:00","breadcrumb":{"@id":"https:\/\/www.personasdiscapacidad.es\/es\/master-modulos\/#breadcrumb"},"inLanguage":"es","potentialAction":[{"@type":"ReadAction","target":["https:\/\/www.personasdiscapacidad.es\/es\/master-modulos\/"]}]},{"@type":"BreadcrumbList","@id":"https:\/\/www.personasdiscapacidad.es\/es\/master-modulos\/#breadcrumb","itemListElement":[{"@type":"ListItem","position":1,"name":"Portada","item":"https:\/\/www.personasdiscapacidad.es\/es\/"},{"@type":"ListItem","position":2,"name":"M\u00f3dulos"}]},{"@type":"WebSite","@id":"https:\/\/www.personasdiscapacidad.es\/es\/#website","url":"https:\/\/www.personasdiscapacidad.es\/es\/","name":"Postgrado Personas con Discapacidad","description":"Derechos sociales y cultura de las discapacidades","potentialAction":[{"@type":"SearchAction","target":{"@type":"EntryPoint","urlTemplate":"https:\/\/www.personasdiscapacidad.es\/es\/?s={search_term_string}"},"query-input":"required name=search_term_string"}],"inLanguage":"es"}]}},"_links":{"self":[{"href":"https:\/\/www.personasdiscapacidad.es\/es\/wp-json\/wp\/v2\/pages\/1048"}],"collection":[{"href":"https:\/\/www.personasdiscapacidad.es\/es\/wp-json\/wp\/v2\/pages"}],"about":[{"href":"https:\/\/www.personasdiscapacidad.es\/es\/wp-json\/wp\/v2\/types\/page"}],"author":[{"embeddable":true,"href":"https:\/\/www.personasdiscapacidad.es\/es\/wp-json\/wp\/v2\/users\/1"}],"replies":[{"embeddable":true,"href":"https:\/\/www.personasdiscapacidad.es\/es\/wp-json\/wp\/v2\/comments?post=1048"}],"version-history":[{"count":4,"href":"https:\/\/www.personasdiscapacidad.es\/es\/wp-json\/wp\/v2\/pages\/1048\/revisions"}],"predecessor-version":[{"id":2265,"href":"https:\/\/www.personasdiscapacidad.es\/es\/wp-json\/wp\/v2\/pages\/1048\/revisions\/2265"}],"wp:attachment":[{"href":"https:\/\/www.personasdiscapacidad.es\/es\/wp-json\/wp\/v2\/media?parent=1048"}],"curies":[{"name":"wp","href":"https:\/\/api.w.org\/{rel}","templated":true}]}}