{"id":1068,"date":"2021-06-22T11:17:34","date_gmt":"2021-06-22T09:17:34","guid":{"rendered":"https:\/\/www.personasdiscapacidad.es\/?page_id=1068"},"modified":"2021-06-22T12:07:45","modified_gmt":"2021-06-22T10:07:45","slug":"master-caracteristicas","status":"publish","type":"page","link":"https:\/\/www.personasdiscapacidad.es\/es\/master-caracteristicas\/","title":{"rendered":"Caracter\u00edsticas"},"content":{"rendered":"[et_pb_section fb_built=\u00bb1&#8243; admin_label=\u00bbCaracter\u00edsticas\u00bb _builder_version=\u00bb4.7.4&#8243; background_color=\u00bb#5cc1d5&#8243; background_blend=\u00bboverlay\u00bb custom_padding=\u00bb70px|0px|130px|0px|false|false\u00bb animation_style=\u00bbslide\u00bb animation_direction=\u00bbtop\u00bb animation_intensity_slide=\u00bb2%\u00bb hover_enabled=\u00bb0&#8243; locked=\u00bboff\u00bb background_enable_image=\u00bboff\u00bb sticky_enabled=\u00bb0&#8243; collapsed=\u00bbon\u00bb][et_pb_row _builder_version=\u00bb3.25&#8243; background_size=\u00bbinitial\u00bb background_position=\u00bbtop_left\u00bb background_repeat=\u00bbrepeat\u00bb custom_margin=\u00bb|||\u00bb custom_width_px=\u00bb1280px\u00bb][et_pb_column type=\u00bb4_4&#8243; _builder_version=\u00bb3.25&#8243; custom_padding=\u00bb|||\u00bb custom_padding__hover=\u00bb|||\u00bb][et_pb_text _builder_version=\u00bb3.27.4&#8243; header_font=\u00bb|on|||\u00bb header_font_size=\u00bb42px\u00bb header_line_height=\u00bb1.3em\u00bb background_size=\u00bbinitial\u00bb background_position=\u00bbtop_left\u00bb background_repeat=\u00bbrepeat\u00bb text_orientation=\u00bbcenter\u00bb background_layout=\u00bbdark\u00bb max_width=\u00bb530px\u00bb module_alignment=\u00bbcenter\u00bb custom_padding=\u00bb|||\u00bb header_font_size_tablet=\u00bb\u00bb header_font_size_phone=\u00bb\u00bb header_font_size_last_edited=\u00bbon|desktop\u00bb locked=\u00bboff\u00bb]\n<h1>Caracter\u00edsticas<\/h1>\n[\/et_pb_text][\/et_pb_column][\/et_pb_row][\/et_pb_section][et_pb_section fb_built=\u00bb1&#8243; admin_label=\u00bbCaracter\u00edsticas\u00bb _builder_version=\u00bb4.7.4&#8243; background_color=\u00bbrgba(92,193,213,0.5)\u00bb custom_padding=\u00bb0px|0px|40px|0px|false|false\u00bb hover_enabled=\u00bb0&#8243; sticky_enabled=\u00bb0&#8243;][et_pb_row column_structure=\u00bb1_5,1_5,1_5,1_5,1_5&#8243; make_equal=\u00bbon\u00bb _builder_version=\u00bb3.26.6&#8243; background_size=\u00bbinitial\u00bb background_position=\u00bbtop_left\u00bb background_repeat=\u00bbrepeat\u00bb custom_margin=\u00bb-80px||||false|false\u00bb custom_padding=\u00bb0px|0px|27px|0px\u00bb][et_pb_column type=\u00bb1_5&#8243; _builder_version=\u00bb3.26.6&#8243; custom_padding=\u00bb|||\u00bb custom_padding__hover=\u00bb|||\u00bb][et_pb_blurb title=\u00bbN\u00ba cr\u00e9ditos\u00bb url=\u00bb#\u00bb use_icon=\u00bbon\u00bb content_max_width=\u00bb1100px\u00bb _builder_version=\u00bb4.7.4&#8243; header_font=\u00bb|on|||\u00bb header_text_color=\u00bb#2e2545&#8243; header_line_height=\u00bb1.5em\u00bb body_text_color=\u00bb#424242&#8243; body_font_size=\u00bb16px\u00bb body_line_height=\u00bb1.5em\u00bb background_color=\u00bb#ffffff\u00bb background_size=\u00bbinitial\u00bb background_position=\u00bbtop_left\u00bb background_repeat=\u00bbrepeat\u00bb text_orientation=\u00bbcenter\u00bb height=\u00bb190px\u00bb max_height=\u00bb1000px\u00bb custom_margin=\u00bb0px||10%||false|false\u00bb custom_padding=\u00bb30px|20px|30px|20px|false|false\u00bb animation_style=\u00bbzoom\u00bb animation_direction=\u00bbbottom\u00bb animation_intensity_zoom=\u00bb20%\u00bb animation_starting_opacity=\u00bb100%\u00bb hover_enabled=\u00bb0&#8243; box_shadow_style=\u00bbpreset2&#8243; box_shadow_horizontal=\u00bb0px\u00bb box_shadow_vertical=\u00bb0px\u00bb box_shadow_blur=\u00bb60px\u00bb box_shadow_color=\u00bbrgba(71,74,182,0.12)\u00bb locked=\u00bboff\u00bb height__hover_enabled=\u00bboff\u00bb sticky_enabled=\u00bb0&#8243;]<b>65<\/b>[\/et_pb_blurb][\/et_pb_column][et_pb_column type=\u00bb1_5&#8243; _builder_version=\u00bb3.25&#8243; custom_padding=\u00bb|||\u00bb custom_padding__hover=\u00bb|||\u00bb][et_pb_blurb title=\u00bbTotal horas\u00bb url=\u00bb#\u00bb use_icon=\u00bbon\u00bb content_max_width=\u00bb1100px\u00bb _builder_version=\u00bb4.7.4&#8243; header_font=\u00bb|on|||\u00bb header_text_color=\u00bb#2e2545&#8243; header_line_height=\u00bb1.5em\u00bb body_text_color=\u00bb#424242&#8243; body_font_size=\u00bb16px\u00bb body_line_height=\u00bb1.5em\u00bb background_color=\u00bb#ffffff\u00bb background_size=\u00bbinitial\u00bb background_position=\u00bbtop_left\u00bb background_repeat=\u00bbrepeat\u00bb height=\u00bb190px\u00bb custom_margin=\u00bb0px||10%||false|false\u00bb custom_padding=\u00bb30px|20px|30px|20px|false|false\u00bb animation_style=\u00bbzoom\u00bb animation_direction=\u00bbbottom\u00bb animation_intensity_zoom=\u00bb20%\u00bb animation_starting_opacity=\u00bb100%\u00bb hover_enabled=\u00bb0&#8243; box_shadow_style=\u00bbpreset2&#8243; box_shadow_horizontal=\u00bb0px\u00bb box_shadow_vertical=\u00bb0px\u00bb box_shadow_blur=\u00bb60px\u00bb box_shadow_color=\u00bbrgba(71,74,182,0.12)\u00bb locked=\u00bboff\u00bb sticky_enabled=\u00bb0&#8243;]\n<p style=\"text-align: center;\"><strong>1625<br \/><\/strong>(65 cr\u00e9ditos x 25h\/cr\u00e9dito)<\/p>\n[\/et_pb_blurb][\/et_pb_column][et_pb_column type=\u00bb1_5&#8243; _builder_version=\u00bb3.25&#8243; custom_padding=\u00bb|||\u00bb custom_padding__hover=\u00bb|||\u00bb][et_pb_blurb title=\u00bbTotal horas presenciales\u00bb url=\u00bb#\u00bb use_icon=\u00bbon\u00bb content_max_width=\u00bb1100px\u00bb _builder_version=\u00bb4.7.4&#8243; header_font=\u00bb|on|||\u00bb header_text_color=\u00bb#2e2545&#8243; header_line_height=\u00bb1.5em\u00bb body_text_color=\u00bb#424242&#8243; body_font_size=\u00bb16px\u00bb body_line_height=\u00bb1.5em\u00bb background_color=\u00bb#ffffff\u00bb background_size=\u00bbinitial\u00bb background_position=\u00bbtop_left\u00bb background_repeat=\u00bbrepeat\u00bb text_orientation=\u00bbcenter\u00bb height=\u00bb190px\u00bb custom_margin=\u00bb0px||10%||false|false\u00bb custom_padding=\u00bb30px|20px|30px|20px|false|false\u00bb animation_style=\u00bbzoom\u00bb animation_direction=\u00bbbottom\u00bb animation_intensity_zoom=\u00bb20%\u00bb animation_starting_opacity=\u00bb100%\u00bb hover_enabled=\u00bb0&#8243; box_shadow_style=\u00bbpreset2&#8243; box_shadow_horizontal=\u00bb0px\u00bb box_shadow_vertical=\u00bb0px\u00bb box_shadow_blur=\u00bb60px\u00bb box_shadow_color=\u00bbrgba(71,74,182,0.12)\u00bb locked=\u00bboff\u00bb sticky_enabled=\u00bb0&#8243;]\n<p><b>0<\/b><\/p>\n[\/et_pb_blurb][\/et_pb_column][et_pb_column type=\u00bb1_5&#8243; _builder_version=\u00bb3.25&#8243; custom_padding=\u00bb|||\u00bb custom_padding__hover=\u00bb|||\u00bb][et_pb_blurb title=\u00bbTotal horas de trabajo dirigido\u00bb url=\u00bb#\u00bb use_icon=\u00bbon\u00bb content_max_width=\u00bb1100px\u00bb _builder_version=\u00bb4.7.4&#8243; header_font=\u00bb|on|||\u00bb header_text_color=\u00bb#2e2545&#8243; header_line_height=\u00bb1.5em\u00bb body_text_align=\u00bbcenter\u00bb body_text_color=\u00bb#424242&#8243; body_font_size=\u00bb16px\u00bb body_line_height=\u00bb1.5em\u00bb background_color=\u00bb#ffffff\u00bb background_size=\u00bbinitial\u00bb background_position=\u00bbtop_left\u00bb background_repeat=\u00bbrepeat\u00bb text_orientation=\u00bbcenter\u00bb height=\u00bb190px\u00bb custom_margin=\u00bb0px||10%||false|false\u00bb custom_padding=\u00bb30px|20px|30px|20px|false|false\u00bb animation_style=\u00bbzoom\u00bb animation_direction=\u00bbbottom\u00bb animation_intensity_zoom=\u00bb20%\u00bb animation_starting_opacity=\u00bb100%\u00bb hover_enabled=\u00bb0&#8243; box_shadow_style=\u00bbpreset2&#8243; box_shadow_horizontal=\u00bb0px\u00bb box_shadow_vertical=\u00bb0px\u00bb box_shadow_blur=\u00bb60px\u00bb box_shadow_color=\u00bbrgba(71,74,182,0.12)\u00bb locked=\u00bboff\u00bb sticky_enabled=\u00bb0&#8243;]500[\/et_pb_blurb][\/et_pb_column][et_pb_column type=\u00bb1_5&#8243; _builder_version=\u00bb3.25&#8243; custom_padding=\u00bb|||\u00bb custom_padding__hover=\u00bb|||\u00bb][et_pb_blurb title=\u00bbTotal horas trabajo aut\u00f3nomo\u00bb url=\u00bb#\u00bb use_icon=\u00bbon\u00bb content_max_width=\u00bb1100px\u00bb _builder_version=\u00bb4.7.4&#8243; header_font=\u00bb|on|||\u00bb header_text_color=\u00bb#2e2545&#8243; header_line_height=\u00bb1.5em\u00bb body_text_color=\u00bb#424242&#8243; body_font_size=\u00bb16px\u00bb body_line_height=\u00bb1.5em\u00bb background_color=\u00bb#ffffff\u00bb background_size=\u00bbinitial\u00bb background_position=\u00bbtop_left\u00bb background_repeat=\u00bbrepeat\u00bb text_orientation=\u00bbcenter\u00bb height=\u00bb190px\u00bb custom_margin=\u00bb0px||10%||false|false\u00bb custom_padding=\u00bb30px|20px|30px|20px|false|false\u00bb animation_style=\u00bbzoom\u00bb animation_direction=\u00bbbottom\u00bb animation_intensity_zoom=\u00bb20%\u00bb animation_starting_opacity=\u00bb100%\u00bb hover_enabled=\u00bb0&#8243; box_shadow_style=\u00bbpreset2&#8243; box_shadow_horizontal=\u00bb0px\u00bb box_shadow_vertical=\u00bb0px\u00bb box_shadow_blur=\u00bb60px\u00bb box_shadow_color=\u00bbrgba(71,74,182,0.12)\u00bb locked=\u00bboff\u00bb sticky_enabled=\u00bb0&#8243;]\n<p><b>1125<\/b><\/p>\n[\/et_pb_blurb][\/et_pb_column][\/et_pb_row][\/et_pb_section][et_pb_section fb_built=\u00bb1&#8243; admin_label=\u00bbCaracter\u00edsticas generales\u00bb _builder_version=\u00bb3.22&#8243; custom_padding=\u00bb0px|0px|100px|0px\u00bb][et_pb_row _builder_version=\u00bb3.26.6&#8243;][et_pb_column type=\u00bb4_4&#8243; _builder_version=\u00bb3.26.6&#8243;][et_pb_text _builder_version=\u00bb4.7.4&#8243; header_2_font=\u00bb|700|||||||\u00bb header_2_text_align=\u00bbcenter\u00bb header_2_text_color=\u00bb#5cc1d5&#8243; header_2_font_size=\u00bb28px\u00bb custom_margin=\u00bb30px||50px||false|false\u00bb hover_enabled=\u00bb0&#8243; sticky_enabled=\u00bb0&#8243;]\n<h2>Caracter\u00edsticas generales<\/h2>\n[\/et_pb_text][\/et_pb_column][\/et_pb_row][et_pb_row _builder_version=\u00bb3.26.6&#8243; background_size=\u00bbinitial\u00bb background_position=\u00bbtop_left\u00bb background_repeat=\u00bbrepeat\u00bb custom_margin=\u00bb50px||||false|false\u00bb custom_padding=\u00bb0px|0px|27px|0px\u00bb][et_pb_column type=\u00bb4_4&#8243; _builder_version=\u00bb3.25&#8243; custom_padding=\u00bb|||\u00bb custom_padding__hover=\u00bb|||\u00bb][et_pb_blurb url=\u00bb#\u00bb use_icon=\u00bbon\u00bb content_max_width=\u00bb1100px\u00bb _builder_version=\u00bb4.7.4&#8243; header_font=\u00bb|on|||\u00bb header_text_color=\u00bb#2e2545&#8243; header_line_height=\u00bb1.5em\u00bb body_text_color=\u00bb#424242&#8243; body_font_size=\u00bb16px\u00bb body_line_height=\u00bb1.5em\u00bb background_color=\u00bb#ffffff\u00bb background_size=\u00bbinitial\u00bb background_position=\u00bbtop_left\u00bb background_repeat=\u00bbrepeat\u00bb custom_margin=\u00bb-80px||10%||false|false\u00bb custom_padding=\u00bb30px|20px|30px|20px|false|false\u00bb animation_style=\u00bbzoom\u00bb animation_direction=\u00bbbottom\u00bb animation_intensity_zoom=\u00bb20%\u00bb animation_starting_opacity=\u00bb100%\u00bb hover_enabled=\u00bb0&#8243; box_shadow_style=\u00bbpreset2&#8243; box_shadow_horizontal=\u00bb0px\u00bb box_shadow_vertical=\u00bb0px\u00bb box_shadow_blur=\u00bb60px\u00bb box_shadow_color=\u00bbrgba(71,74,182,0.12)\u00bb locked=\u00bboff\u00bb sticky_enabled=\u00bb0&#8243;]\n<div class=\"page\" title=\"Page 9\">\n<div class=\"layoutArea\">\n<div class=\"column\">\n<p>El ma\u0301ster on-line (65 cre\u0301ditos ECTS) se desarrolla a trave\u0301s de una plataforma virtual destinada a la docencia.<\/p>\n<p>El curso se basa en una metodologi\u0301a personalizada basada en tutori\u0301as individuales con el fin de permitir un mejor aprendizaje y el acompan\u0303amiento necesario en la realizacio\u0301n de la parte pra\u0301ctica del ma\u0301ster. Adema\u0301s, se utilizaran herramientas y recursos 3.0 para promover la adquisicio\u0301n de conocimientos, la comunicacio\u0301n y la interaccio\u0301n entre el alumnado, el profesorado y la comisio\u0301n de coordinacio\u0301n del curso.<\/p>\n<p>La metodologi\u0301a del curso ofrece la posibilidad de alternar simulta\u0301neamente el modelo presencial de asistencia a conferencias con el modelo semipresencial (con la emisio\u0301n de las conferencias en streaming) y el modelo a distancia (con los archivos de audio de dichas conferencias) para que los\/as estudiantes puedan conciliar su vida familiar, profesional y de formacio\u0301n segu\u0301n sus necesidades.<\/p>\n<p>La mencionada metodologi\u0301a y el modelo de formacio\u0301n tambie\u0301n ofrece la posibilidad de realizar las conferencias presenciales abiertas, de esta forma los\/las profesionales de las instituciones colaboradoras externas, los partners externos, los y las docentes colaboradores de otras universidades, los\/las profesionales del sector social y las personas vinculadas a entidades del sector asociativo, podra\u0301n asistir como pu\u0301blico a las clases presenciales.<\/p>\n<\/div>\n<\/div>\n<\/div>\n[\/et_pb_blurb][\/et_pb_column][\/et_pb_row][\/et_pb_section][et_pb_section fb_built=\u00bb1&#8243; admin_label=\u00bbFooter\u00bb _builder_version=\u00bb3.26.6&#8243; background_color=\u00bb#00aaaa\u00bb custom_padding=\u00bb0px|0px|100px|0px\u00bb animation_style=\u00bbzoom\u00bb animation_direction=\u00bbbottom\u00bb animation_intensity_zoom=\u00bb6%\u00bb animation_starting_opacity=\u00bb100%\u00bb global_module=\u00bb593&#8243; saved_tabs=\u00bball\u00bb locked=\u00bboff\u00bb collapsed=\u00bbon\u00bb][\/et_pb_section]\n","protected":false},"excerpt":{"rendered":"<p>Caracter\u00edsticas651625(65 cr\u00e9ditos x 25h\/cr\u00e9dito) 05001125Caracter\u00edsticas generales El ma\u0301ster on-line (65 cre\u0301ditos ECTS) se desarrolla a trave\u0301s de una plataforma virtual destinada a la docencia. El curso se basa en una [&hellip;]<\/p>\n","protected":false},"author":1,"featured_media":0,"parent":0,"menu_order":0,"comment_status":"closed","ping_status":"closed","template":"","meta":{"_et_pb_use_builder":"on","_et_pb_old_content":"","_et_gb_content_width":"","inline_featured_image":false,"footnotes":""},"yoast_head":"<!-- This site is optimized with the Yoast SEO plugin v22.8 - https:\/\/yoast.com\/wordpress\/plugins\/seo\/ -->\n<title>Caracter\u00edsticas - Postgrado Personas con Discapacidad<\/title>\n<meta name=\"robots\" content=\"index, follow, max-snippet:-1, max-image-preview:large, max-video-preview:-1\" \/>\n<link rel=\"canonical\" href=\"https:\/\/www.personasdiscapacidad.es\/es\/master-caracteristicas\/\" \/>\n<meta property=\"og:locale\" content=\"es_ES\" \/>\n<meta property=\"og:type\" content=\"article\" \/>\n<meta property=\"og:title\" content=\"Caracter\u00edsticas - Postgrado Personas con Discapacidad\" \/>\n<meta property=\"og:description\" content=\"Caracter\u00edsticas651625(65 cr\u00e9ditos x 25h\/cr\u00e9dito) 05001125Caracter\u00edsticas generales El ma\u0301ster on-line (65 cre\u0301ditos ECTS) se desarrolla a trave\u0301s de una plataforma virtual destinada a la docencia. El curso se basa en una [&hellip;]\" \/>\n<meta property=\"og:url\" content=\"https:\/\/www.personasdiscapacidad.es\/es\/master-caracteristicas\/\" \/>\n<meta property=\"og:site_name\" content=\"Postgrado Personas con Discapacidad\" \/>\n<meta property=\"article:modified_time\" content=\"2021-06-22T10:07:45+00:00\" \/>\n<meta name=\"twitter:card\" content=\"summary_large_image\" \/>\n<meta name=\"twitter:label1\" content=\"Tiempo de lectura\" \/>\n\t<meta name=\"twitter:data1\" content=\"7 minutos\" \/>\n<script type=\"application\/ld+json\" class=\"yoast-schema-graph\">{\"@context\":\"https:\/\/schema.org\",\"@graph\":[{\"@type\":\"WebPage\",\"@id\":\"https:\/\/www.personasdiscapacidad.es\/es\/master-caracteristicas\/\",\"url\":\"https:\/\/www.personasdiscapacidad.es\/es\/master-caracteristicas\/\",\"name\":\"Caracter\u00edsticas - Postgrado Personas con Discapacidad\",\"isPartOf\":{\"@id\":\"https:\/\/www.personasdiscapacidad.es\/es\/#website\"},\"datePublished\":\"2021-06-22T09:17:34+00:00\",\"dateModified\":\"2021-06-22T10:07:45+00:00\",\"breadcrumb\":{\"@id\":\"https:\/\/www.personasdiscapacidad.es\/es\/master-caracteristicas\/#breadcrumb\"},\"inLanguage\":\"es\",\"potentialAction\":[{\"@type\":\"ReadAction\",\"target\":[\"https:\/\/www.personasdiscapacidad.es\/es\/master-caracteristicas\/\"]}]},{\"@type\":\"BreadcrumbList\",\"@id\":\"https:\/\/www.personasdiscapacidad.es\/es\/master-caracteristicas\/#breadcrumb\",\"itemListElement\":[{\"@type\":\"ListItem\",\"position\":1,\"name\":\"Portada\",\"item\":\"https:\/\/www.personasdiscapacidad.es\/es\/\"},{\"@type\":\"ListItem\",\"position\":2,\"name\":\"Caracter\u00edsticas\"}]},{\"@type\":\"WebSite\",\"@id\":\"https:\/\/www.personasdiscapacidad.es\/es\/#website\",\"url\":\"https:\/\/www.personasdiscapacidad.es\/es\/\",\"name\":\"Postgrado Personas con Discapacidad\",\"description\":\"Derechos sociales y cultura de las discapacidades\",\"potentialAction\":[{\"@type\":\"SearchAction\",\"target\":{\"@type\":\"EntryPoint\",\"urlTemplate\":\"https:\/\/www.personasdiscapacidad.es\/es\/?s={search_term_string}\"},\"query-input\":\"required name=search_term_string\"}],\"inLanguage\":\"es\"}]}<\/script>\n<!-- \/ Yoast SEO plugin. -->","yoast_head_json":{"title":"Caracter\u00edsticas - Postgrado Personas con Discapacidad","robots":{"index":"index","follow":"follow","max-snippet":"max-snippet:-1","max-image-preview":"max-image-preview:large","max-video-preview":"max-video-preview:-1"},"canonical":"https:\/\/www.personasdiscapacidad.es\/es\/master-caracteristicas\/","og_locale":"es_ES","og_type":"article","og_title":"Caracter\u00edsticas - Postgrado Personas con Discapacidad","og_description":"Caracter\u00edsticas651625(65 cr\u00e9ditos x 25h\/cr\u00e9dito) 05001125Caracter\u00edsticas generales El ma\u0301ster on-line (65 cre\u0301ditos ECTS) se desarrolla a trave\u0301s de una plataforma virtual destinada a la docencia. El curso se basa en una [&hellip;]","og_url":"https:\/\/www.personasdiscapacidad.es\/es\/master-caracteristicas\/","og_site_name":"Postgrado Personas con Discapacidad","article_modified_time":"2021-06-22T10:07:45+00:00","twitter_card":"summary_large_image","twitter_misc":{"Tiempo de lectura":"7 minutos"},"schema":{"@context":"https:\/\/schema.org","@graph":[{"@type":"WebPage","@id":"https:\/\/www.personasdiscapacidad.es\/es\/master-caracteristicas\/","url":"https:\/\/www.personasdiscapacidad.es\/es\/master-caracteristicas\/","name":"Caracter\u00edsticas - Postgrado Personas con Discapacidad","isPartOf":{"@id":"https:\/\/www.personasdiscapacidad.es\/es\/#website"},"datePublished":"2021-06-22T09:17:34+00:00","dateModified":"2021-06-22T10:07:45+00:00","breadcrumb":{"@id":"https:\/\/www.personasdiscapacidad.es\/es\/master-caracteristicas\/#breadcrumb"},"inLanguage":"es","potentialAction":[{"@type":"ReadAction","target":["https:\/\/www.personasdiscapacidad.es\/es\/master-caracteristicas\/"]}]},{"@type":"BreadcrumbList","@id":"https:\/\/www.personasdiscapacidad.es\/es\/master-caracteristicas\/#breadcrumb","itemListElement":[{"@type":"ListItem","position":1,"name":"Portada","item":"https:\/\/www.personasdiscapacidad.es\/es\/"},{"@type":"ListItem","position":2,"name":"Caracter\u00edsticas"}]},{"@type":"WebSite","@id":"https:\/\/www.personasdiscapacidad.es\/es\/#website","url":"https:\/\/www.personasdiscapacidad.es\/es\/","name":"Postgrado Personas con Discapacidad","description":"Derechos sociales y cultura de las discapacidades","potentialAction":[{"@type":"SearchAction","target":{"@type":"EntryPoint","urlTemplate":"https:\/\/www.personasdiscapacidad.es\/es\/?s={search_term_string}"},"query-input":"required name=search_term_string"}],"inLanguage":"es"}]}},"_links":{"self":[{"href":"https:\/\/www.personasdiscapacidad.es\/es\/wp-json\/wp\/v2\/pages\/1068"}],"collection":[{"href":"https:\/\/www.personasdiscapacidad.es\/es\/wp-json\/wp\/v2\/pages"}],"about":[{"href":"https:\/\/www.personasdiscapacidad.es\/es\/wp-json\/wp\/v2\/types\/page"}],"author":[{"embeddable":true,"href":"https:\/\/www.personasdiscapacidad.es\/es\/wp-json\/wp\/v2\/users\/1"}],"replies":[{"embeddable":true,"href":"https:\/\/www.personasdiscapacidad.es\/es\/wp-json\/wp\/v2\/comments?post=1068"}],"version-history":[{"count":3,"href":"https:\/\/www.personasdiscapacidad.es\/es\/wp-json\/wp\/v2\/pages\/1068\/revisions"}],"predecessor-version":[{"id":1212,"href":"https:\/\/www.personasdiscapacidad.es\/es\/wp-json\/wp\/v2\/pages\/1068\/revisions\/1212"}],"wp:attachment":[{"href":"https:\/\/www.personasdiscapacidad.es\/es\/wp-json\/wp\/v2\/media?parent=1068"}],"curies":[{"name":"wp","href":"https:\/\/api.w.org\/{rel}","templated":true}]}}