{"id":1071,"date":"2021-06-22T11:18:27","date_gmt":"2021-06-22T09:18:27","guid":{"rendered":"https:\/\/www.personasdiscapacidad.es\/?page_id=1071"},"modified":"2025-07-10T18:52:45","modified_gmt":"2025-07-10T16:52:45","slug":"master-metodologia","status":"publish","type":"page","link":"https:\/\/www.personasdiscapacidad.es\/es\/master-metodologia\/","title":{"rendered":"Metodolog\u00eda"},"content":{"rendered":"[et_pb_section fb_built=\u00bb1&#8243; admin_label=\u00bbCourses Hero\u00bb _builder_version=\u00bb4.16&#8243; background_enable_color=\u00bboff\u00bb background_image=\u00bbhttps:\/\/www.personasdiscapacidad.es\/wp-content\/uploads\/2021\/06\/intro.svg\u00bb background_size=\u00bbcontain\u00bb background_position=\u00bbcenter_left\u00bb custom_padding=\u00bb70px|0px|130px|0px|false|false\u00bb animation_style=\u00bbslide\u00bb animation_direction=\u00bbtop\u00bb animation_intensity_slide=\u00bb2%\u00bb locked=\u00bboff\u00bb global_colors_info=\u00bb{}\u00bb][et_pb_row _builder_version=\u00bb4.16&#8243; background_size=\u00bbinitial\u00bb background_position=\u00bbtop_left\u00bb background_repeat=\u00bbrepeat\u00bb module_alignment=\u00bbleft\u00bb custom_margin=\u00bb|||\u00bb custom_width_px=\u00bb1280px\u00bb global_colors_info=\u00bb{}\u00bb][et_pb_column type=\u00bb4_4&#8243; _builder_version=\u00bb4.16&#8243; custom_padding=\u00bb|||\u00bb global_colors_info=\u00bb{}\u00bb custom_padding__hover=\u00bb|||\u00bb][et_pb_text _builder_version=\u00bb4.16&#8243; header_font=\u00bb|on|||\u00bb header_text_color=\u00bb#5cc2d6&#8243; header_font_size=\u00bb42px\u00bb header_line_height=\u00bb1.3em\u00bb background_size=\u00bbinitial\u00bb background_position=\u00bbtop_left\u00bb background_repeat=\u00bbrepeat\u00bb text_orientation=\u00bbcenter\u00bb background_layout=\u00bbdark\u00bb max_width=\u00bb530px\u00bb module_alignment=\u00bbcenter\u00bb custom_padding=\u00bb|||\u00bb header_font_size_tablet=\u00bb\u00bb header_font_size_phone=\u00bb\u00bb header_font_size_last_edited=\u00bbon|desktop\u00bb locked=\u00bboff\u00bb global_colors_info=\u00bb{}\u00bb]\n<h1>Metodolog\u00eda<\/h1>\n[\/et_pb_text][\/et_pb_column][\/et_pb_row][\/et_pb_section][et_pb_section fb_built=\u00bb1&#8243; admin_label=\u00bbCourses\u00bb _builder_version=\u00bb4.16&#8243; background_image=\u00bbhttps:\/\/www.personasdiscapacidad.es\/wp-content\/uploads\/2021\/06\/fil.svg\u00bb background_size=\u00bbcontain\u00bb custom_padding=\u00bb0px|0px|100px|0px\u00bb global_colors_info=\u00bb{}\u00bb][et_pb_row column_structure=\u00bb3_5,2_5&#8243; _builder_version=\u00bb4.16&#8243; background_size=\u00bbinitial\u00bb background_position=\u00bbtop_left\u00bb background_repeat=\u00bbrepeat\u00bb custom_margin=\u00bb|||\u00bb custom_padding=\u00bb0px|0px|27px|0px\u00bb global_colors_info=\u00bb{}\u00bb][et_pb_column type=\u00bb3_5&#8243; _builder_version=\u00bb4.16&#8243; custom_padding=\u00bb|||\u00bb global_colors_info=\u00bb{}\u00bb custom_padding__hover=\u00bb|||\u00bb][et_pb_blurb url=\u00bb#\u00bb use_icon=\u00bbon\u00bb content_max_width=\u00bb1100px\u00bb _builder_version=\u00bb4.16&#8243; header_font=\u00bb|on|||\u00bb header_text_color=\u00bb#2e2545&#8243; header_line_height=\u00bb1.5em\u00bb body_text_color=\u00bb#424242&#8243; body_font_size=\u00bb16px\u00bb body_line_height=\u00bb1.5em\u00bb background_color=\u00bb#ffffff\u00bb background_size=\u00bbinitial\u00bb background_position=\u00bbtop_left\u00bb background_repeat=\u00bbrepeat\u00bb custom_margin=\u00bb-80px||10%|\u00bb custom_padding=\u00bb30px|20px|30px|20px|false|false\u00bb animation_style=\u00bbzoom\u00bb animation_direction=\u00bbbottom\u00bb animation_intensity_zoom=\u00bb20%\u00bb animation_starting_opacity=\u00bb100%\u00bb box_shadow_style=\u00bbpreset2&#8243; box_shadow_horizontal=\u00bb0px\u00bb box_shadow_vertical=\u00bb0px\u00bb box_shadow_blur=\u00bb60px\u00bb box_shadow_color=\u00bbrgba(71,74,182,0.12)\u00bb locked=\u00bboff\u00bb global_colors_info=\u00bb{}\u00bb]\n<p>El formato que se utiliza en este curso de m\u00e1ster de <strong>Personas con Discapacidad, Inclusi\u00f3n social y Derechos de ciudadania<\/strong> permite compatibilizar los estudios con las actividades profesionales y personales siempre que se mantenga un tiempo de dedicaci\u00f3n constante, ya que la planificaci\u00f3n del curso se adapta a las necesidades de cada participante.<\/p>\n<div class=\"page\" title=\"Page 10\">\n<div class=\"layoutArea\">\n<div class=\"column\">\n<p>La formacio\u0301n del campus virtual se complementa con <strong>clases presenciales, que no son de asistencia obligatoria y se realizaran semanalmente los viernes de 16.00h a 20.00h en el Campus Mundet<\/strong>. De esta forma se facilita la asistencia al alumnado que deseen interactuar con el profesorado de forma presencial, para aquellas personas que por motivos profesionales o personales no puedan asistir presencialmente podra\u0301n optar por seguir la clase en streaming e interactuar con el profesorado a trave\u0301s del chat.<\/p>\n<p>Para el alumnado que no pueda conectarse simulta\u0301neamente dispondra\u0301n de un archivo de video para visionar la clase y resolver las cuestiones planteadas en el test y en el foro de cada sesio\u0301n. De esta forma <strong>el\/la estudiante puede combinar las tres modalidades de formacio\u0301n paralelamente, presencial, en streaming simulta\u0301neamente o on-line en formato de archivo audiovisual<\/strong>. Se considera obligatorio visionar las clases para poder realizar adecuadamente las tareas,<\/p>\n<p>En cada uno de los mo\u0301dulos del curso se dispondra\u0301 de lecturas adicionales, bibliografi\u0301a y enlaces a pa\u0301ginas web, que son complementarios a la formacio\u0301n, de manera que facilitara\u0301 el nivel de profundizacio\u0301n deseado por cada alumno y alumna.<\/p>\n<p>Para planificar adecuadamente la evolucio\u0301n del curso, <strong>el\/la alumno\/a dispondra\u0301 de un calendario de actividades desde el inicio del curso en el que estara\u0301n establecidas las fechas de entrega de tareas y evaluaciones<\/strong>. El alumnado debera\u0301 tener en cuenta su nivel inicial y su capacidad de aprendizaje para ajustar el tiempo de dedicacio\u0301n semanal.<\/p>\n<\/div>\n<\/div>\n<\/div>\n[\/et_pb_blurb][\/et_pb_column][et_pb_column type=\u00bb2_5&#8243; _builder_version=\u00bb4.16&#8243; custom_padding=\u00bb|||\u00bb global_colors_info=\u00bb{}\u00bb custom_padding__hover=\u00bb|||\u00bb][et_pb_image src=\u00bbhttps:\/\/www.personasdiscapacidad.es\/wp-content\/uploads\/2021\/07\/aaron-burden-QJDzYT_K8Xg-unsplash-scaled.jpg\u00bb title_text=\u00bbaaron-burden-QJDzYT_K8Xg-unsplash\u00bb _builder_version=\u00bb4.16&#8243; _module_preset=\u00bbdefault\u00bb global_colors_info=\u00bb{}\u00bb][\/et_pb_image][\/et_pb_column][\/et_pb_row][\/et_pb_section][et_pb_section fb_built=\u00bb1&#8243; admin_label=\u00bbCourses Hero\u00bb _builder_version=\u00bb4.16&#8243; background_color=\u00bb#5cc1d5&#8243; background_enable_image=\u00bboff\u00bb background_blend=\u00bboverlay\u00bb custom_padding=\u00bb70px|0px|130px|0px|false|false\u00bb animation_style=\u00bbslide\u00bb animation_direction=\u00bbtop\u00bb animation_intensity_slide=\u00bb2%\u00bb locked=\u00bboff\u00bb global_colors_info=\u00bb{}\u00bb][et_pb_row _builder_version=\u00bb4.16&#8243; background_size=\u00bbinitial\u00bb background_position=\u00bbtop_left\u00bb background_repeat=\u00bbrepeat\u00bb custom_margin=\u00bb|||\u00bb custom_width_px=\u00bb1280px\u00bb global_colors_info=\u00bb{}\u00bb][et_pb_column type=\u00bb4_4&#8243; _builder_version=\u00bb4.16&#8243; custom_padding=\u00bb|||\u00bb global_colors_info=\u00bb{}\u00bb custom_padding__hover=\u00bb|||\u00bb][et_pb_text _builder_version=\u00bb4.16&#8243; text_text_color=\u00bb#d4ccff\u00bb text_font_size=\u00bb16px\u00bb text_line_height=\u00bb1.9em\u00bb header_2_text_color=\u00bb#ffffff\u00bb background_size=\u00bbinitial\u00bb background_position=\u00bbtop_left\u00bb background_repeat=\u00bbrepeat\u00bb text_orientation=\u00bbcenter\u00bb max_width=\u00bb540px\u00bb module_alignment=\u00bbcenter\u00bb locked=\u00bboff\u00bb global_colors_info=\u00bb{}\u00bb]\n<h2><strong>Herramientas no presenciales<\/strong><\/h2>\n[\/et_pb_text][\/et_pb_column][\/et_pb_row][\/et_pb_section][et_pb_section fb_built=\u00bb1&#8243; admin_label=\u00bbFooter\u00bb _builder_version=\u00bb4.16&#8243; background_color=\u00bb#f7f8fc\u00bb custom_padding=\u00bb0px|0px|100px|0px\u00bb animation_style=\u00bbzoom\u00bb animation_direction=\u00bbbottom\u00bb animation_intensity_zoom=\u00bb6%\u00bb animation_starting_opacity=\u00bb100%\u00bb saved_tabs=\u00bball\u00bb locked=\u00bboff\u00bb global_colors_info=\u00bb{}\u00bb][et_pb_row column_structure=\u00bb1_2,1_2&#8243; _builder_version=\u00bb4.16&#8243; background_size=\u00bbinitial\u00bb background_position=\u00bbtop_left\u00bb background_repeat=\u00bbrepeat\u00bb custom_padding=\u00bb0px|0px|100px|0px\u00bb global_colors_info=\u00bb{}\u00bb][et_pb_column type=\u00bb1_2&#8243; _builder_version=\u00bb4.16&#8243; custom_padding=\u00bb|||\u00bb global_colors_info=\u00bb{}\u00bb custom_padding__hover=\u00bb|||\u00bb][et_pb_blurb title=\u00bbHerramientas disponibles\u00bb url=\u00bb#\u00bb icon_placement=\u00bbleft\u00bb image_icon_width=\u00bb64px\u00bb content_max_width=\u00bb1100px\u00bb _builder_version=\u00bb4.16&#8243; header_font=\u00bb|on|||\u00bb header_text_color=\u00bb#000000&#8243; header_line_height=\u00bb1.5em\u00bb body_font=\u00bbNoticia Text||||||||\u00bb body_text_color=\u00bb#5cc1d5&#8243; body_font_size=\u00bb16px\u00bb background_color=\u00bb#ffffff\u00bb custom_margin=\u00bb-80px|||\u00bb custom_padding=\u00bb30px|40px|30px|40px\u00bb animation_style=\u00bbzoom\u00bb animation_direction=\u00bbbottom\u00bb animation_intensity_zoom=\u00bb20%\u00bb animation_starting_opacity=\u00bb100%\u00bb box_shadow_style=\u00bbpreset2&#8243; box_shadow_horizontal=\u00bb0px\u00bb box_shadow_vertical=\u00bb0px\u00bb box_shadow_blur=\u00bb60px\u00bb box_shadow_color=\u00bbrgba(71,74,182,0.12)\u00bb image_max_width=\u00bb64px\u00bb locked=\u00bboff\u00bb global_colors_info=\u00bb{}\u00bb]El Campus Abierto de la UB es un entorno de aprendizaje en l\u00ednea que da apoyo a la docencia y al estudio, centrando la atenci\u00f3n en el proceso de aprendizaje.<\/p>\n<p>La din\u00e1mica del Campus se desarrolla a trav\u00e9s de aulas virtuales donde los y las \u00a0estudiantes pueden consultar los contenidos de las asignaturas, enviar trabajos, contactar con el profesorado o con el resto de compa\u00f1eros y compa\u00f1eras, o incluso acceder a las calificaciones.<\/p>\n<p>El Campus tambi\u00e9n permite disponer de un espacio com\u00fan que facilita el contacto entre los compa\u00f1eros y las compa\u00f1eras del curso, el uso de listas de distribuci\u00f3n, foros, chats y mensajer\u00eda interna.<\/p>\n<p>El\/la alumno\/a experimentar\u00e1 en un entorno interactivo un amplio abanico de propuestas que aportan valor a\u00f1adido al aprendizaje, la carrera profesional y el desarrollo personal. Entre otras:<\/p>\n<ul>\n<li>Materiales docentes<\/li>\n<li>Grabacio\u0301n de las conferencias impartidas en las sesiones presenciales<\/li>\n<li>Bibliografi\u0301a y materiales complementarios<\/li>\n<li>Documentacio\u0301n y enlaces de intere\u0301s: arti\u0301culos de prensa, tutoriales para mejorar las te\u0301cnicas de estudio, etc. \u2022 Foro de debate, Foro de avisos y noticias, y sistema de mensajeri\u0301a privado<\/li>\n<li>Gestiones acade\u0301micas<\/li>\n<li>Noticias y eventos de intere\u0301s<\/li>\n<li>Seguimiento individualizado por parte del profesorado y tutores<\/li>\n<\/ul>\n[\/et_pb_blurb][\/et_pb_column][et_pb_column type=\u00bb1_2&#8243; _builder_version=\u00bb4.16&#8243; custom_padding=\u00bb|||\u00bb global_colors_info=\u00bb{}\u00bb custom_padding__hover=\u00bb|||\u00bb][et_pb_blurb title=\u00bbAula virtual\u00bb url=\u00bb#\u00bb icon_placement=\u00bbleft\u00bb image_icon_width=\u00bb64px\u00bb content_max_width=\u00bb1100px\u00bb _builder_version=\u00bb4.16&#8243; header_font=\u00bb|on|||\u00bb header_text_color=\u00bb#000000&#8243; header_line_height=\u00bb1.5em\u00bb body_font=\u00bbNoticia Text||||||||\u00bb body_text_color=\u00bb#5cc1d5&#8243; body_font_size=\u00bb16px\u00bb background_color=\u00bb#ffffff\u00bb custom_margin=\u00bb-80px|||\u00bb custom_padding=\u00bb30px|40px|30px|40px\u00bb animation_style=\u00bbzoom\u00bb animation_direction=\u00bbbottom\u00bb animation_intensity_zoom=\u00bb20%\u00bb animation_starting_opacity=\u00bb100%\u00bb box_shadow_style=\u00bbpreset2&#8243; box_shadow_horizontal=\u00bb0px\u00bb box_shadow_vertical=\u00bb0px\u00bb box_shadow_blur=\u00bb60px\u00bb box_shadow_color=\u00bbrgba(71,74,182,0.12)\u00bb image_max_width=\u00bb64px\u00bb locked=\u00bboff\u00bb global_colors_info=\u00bb{}\u00bb]\n<p>El aula virtual es un espacio de aprendizaje y de\u00a0 intercambio de conocimientos, en donde e\/la estudiante puede acceder a:<\/p>\n<ul>\n<li>El\u00a0<strong>plan docente<\/strong>, para consultar informaci\u00f3n general y b\u00e1sica del curso.<\/li>\n<li>Los <strong>contenidos\u00a0<\/strong>y<strong>\u00a0fuentes de consulta<\/strong>, materiales en formato web, simulaciones de casos, audiovisuales, aplicaciones interactivas, enlaces a recursos externos o art\u00edculos descargables.<\/li>\n<li>Las <strong>actividades\u00a0<\/strong>y las<strong>\u00a0herramientas para realizarlas<\/strong>, como casos o cuestionarios, enviar trabajos o elaborar conjuntamente bases de datos, glosarios o documentos.<\/li>\n<li>El\u00a0<strong>calendario del curso<\/strong>, para recordar las tareas y entregas semanales.<\/li>\n<li>Los <strong>espacios de comunicaci\u00f3n<\/strong>\u00a0generales del curso y espec\u00edficos para actividades: foros tem\u00e1ticos de discusi\u00f3n, espacios de colaboraci\u00f3n, chats, conferencias on-line, etc.<\/li>\n<\/ul>\n<p>El aula est\u00e1 preparada para que el\/la alumno\/a contacte de forma f\u00e1cil con:<\/p>\n<ul>\n<li>El\u00a0<strong>equipo docente<\/strong>, que dinamizar\u00e1 el aula, asesorar\u00e1 y se responsabilizar\u00e1 del\u00a0<em>feedback<\/em>constructivo y personalizado.<\/li>\n<li>El\u00a0<strong>grupo de compa\u00f1ero\/as<\/strong>, para colaborar, para compartir conocimientos y crear red de contactos.<\/li>\n<li>El\/la tutor\/a y la coordinador\/a\u00a0<strong>\u00a0del curso<\/strong>\u00a0que vela por la calidad del proceso de impartici\u00f3n y es referente del alumnado.<\/li>\n<\/ul>\n[\/et_pb_blurb][\/et_pb_column][\/et_pb_row][\/et_pb_section][et_pb_section fb_built=\u00bb1&#8243; fullwidth=\u00bbon\u00bb _builder_version=\u00bb4.27.4&#8243; _module_preset=\u00bbdefault\u00bb locked=\u00bboff\u00bb global_colors_info=\u00bb{}\u00bb][\/et_pb_section][et_pb_section fb_built=\u00bb1&#8243; admin_label=\u00bbCourses Hero\u00bb _builder_version=\u00bb4.16&#8243; background_color=\u00bb#5cc1d5&#8243; background_enable_image=\u00bboff\u00bb background_blend=\u00bboverlay\u00bb custom_padding=\u00bb70px|0px|130px|0px|false|false\u00bb animation_style=\u00bbslide\u00bb animation_direction=\u00bbtop\u00bb animation_intensity_slide=\u00bb2%\u00bb locked=\u00bboff\u00bb global_colors_info=\u00bb{}\u00bb][et_pb_row _builder_version=\u00bb4.16&#8243; background_size=\u00bbinitial\u00bb background_position=\u00bbtop_left\u00bb background_repeat=\u00bbrepeat\u00bb custom_margin=\u00bb|||\u00bb custom_width_px=\u00bb1280px\u00bb global_colors_info=\u00bb{}\u00bb][et_pb_column type=\u00bb4_4&#8243; _builder_version=\u00bb4.16&#8243; custom_padding=\u00bb|||\u00bb global_colors_info=\u00bb{}\u00bb custom_padding__hover=\u00bb|||\u00bb][et_pb_text _builder_version=\u00bb4.27.4&#8243; text_text_color=\u00bb#d4ccff\u00bb text_font_size=\u00bb16px\u00bb text_line_height=\u00bb1.9em\u00bb header_2_text_color=\u00bb#ffffff\u00bb background_size=\u00bbinitial\u00bb background_position=\u00bbtop_left\u00bb background_repeat=\u00bbrepeat\u00bb text_orientation=\u00bbcenter\u00bb max_width=\u00bb540px\u00bb module_alignment=\u00bbcenter\u00bb locked=\u00bboff\u00bb global_colors_info=\u00bb{}\u00bb]\n<h2><strong>Sistema de evaluaci\u00f3n<\/strong><\/h2>\n[\/et_pb_text][\/et_pb_column][\/et_pb_row][\/et_pb_section][et_pb_section fb_built=\u00bb1&#8243; admin_label=\u00bbFooter\u00bb _builder_version=\u00bb4.27.4&#8243; background_color=\u00bb#f7f8fc\u00bb custom_padding=\u00bb0px|0px|100px|0px\u00bb animation_style=\u00bbzoom\u00bb animation_direction=\u00bbbottom\u00bb animation_intensity_zoom=\u00bb6%\u00bb animation_starting_opacity=\u00bb100%\u00bb saved_tabs=\u00bball\u00bb locked=\u00bboff\u00bb global_colors_info=\u00bb{}\u00bb][et_pb_row column_structure=\u00bb1_2,1_2&#8243; _builder_version=\u00bb4.16&#8243; background_size=\u00bbinitial\u00bb background_position=\u00bbtop_left\u00bb background_repeat=\u00bbrepeat\u00bb custom_padding=\u00bb0px|0px|100px|0px\u00bb global_colors_info=\u00bb{}\u00bb][et_pb_column type=\u00bb1_2&#8243; _builder_version=\u00bb4.16&#8243; custom_padding=\u00bb|||\u00bb global_colors_info=\u00bb{}\u00bb custom_padding__hover=\u00bb|||\u00bb][et_pb_blurb title=\u00bbEvaluaci\u00f3n continuada\u00bb url=\u00bb#\u00bb icon_placement=\u00bbleft\u00bb image_icon_width=\u00bb64px\u00bb content_max_width=\u00bb1100px\u00bb _builder_version=\u00bb4.27.4&#8243; header_font=\u00bb|on|||\u00bb header_text_color=\u00bb#000000&#8243; header_line_height=\u00bb1.5em\u00bb body_font=\u00bbNoticia Text||||||||\u00bb body_text_color=\u00bb#5cc1d5&#8243; body_font_size=\u00bb16px\u00bb background_color=\u00bb#ffffff\u00bb custom_margin=\u00bb-80px|||\u00bb custom_padding=\u00bb30px|40px|30px|40px\u00bb animation_style=\u00bbzoom\u00bb animation_direction=\u00bbbottom\u00bb animation_intensity_zoom=\u00bb20%\u00bb animation_starting_opacity=\u00bb100%\u00bb hover_enabled=\u00bb0&#8243; box_shadow_style=\u00bbpreset2&#8243; box_shadow_horizontal=\u00bb0px\u00bb box_shadow_vertical=\u00bb0px\u00bb box_shadow_blur=\u00bb60px\u00bb box_shadow_color=\u00bbrgba(71,74,182,0.12)\u00bb image_max_width=\u00bb64px\u00bb locked=\u00bboff\u00bb global_colors_info=\u00bb{}\u00bb sticky_enabled=\u00bb0&#8243;]\n<p>El curso consta de 6 m\u00f3dulos, cada uno de ellos contiene 5 sesiones te\u00f3ricas<\/p>\n<p><strong>Actividades obligatorias<\/strong><\/p>\n<ul>\n<li>1 Cuestionario por sesi\u00f3n: Cada sesi\u00f3n dispondr\u00e1 de un cuestionario (10 preguntas) que propondr\u00e1 el\/la ponente. El tiempo establecido para resolverlo estar\u00e1 estipulado en el campus virtual.<\/li>\n<li>1 Foro de Debate por sesi\u00f3n: El alumno\/a participar\u00e1 en el foro de debate semanalmente aportando sus opiniones, respondiendo preguntas que plantee el docente de cada sesi\u00f3n. Se valorar\u00e1 la calidad de las intervenciones.<\/li>\n<li>1 Ensayo por cada m\u00f3dulo sobre conceptos te\u00f3ricos generales: El alumno\/a realizar\u00e1 un ensayo siguiendo los criterios acad\u00e9micos preestablecidos.<\/li>\n<\/ul>\n<p><strong>Es de cumplimiento obligatorio superar todas las actividades propuestas, independientemente de la calificaci\u00f3n individual de cada actividad.<\/strong><\/p>\n[\/et_pb_blurb][\/et_pb_column][et_pb_column type=\u00bb1_2&#8243; _builder_version=\u00bb4.16&#8243; custom_padding=\u00bb|||\u00bb global_colors_info=\u00bb{}\u00bb custom_padding__hover=\u00bb|||\u00bb][et_pb_blurb title=\u00bbAcciones fraudulentas (plagio y\/o uso de IAG)\u00bb url=\u00bb#\u00bb icon_placement=\u00bbleft\u00bb image_icon_width=\u00bb64px\u00bb content_max_width=\u00bb1100px\u00bb _builder_version=\u00bb4.27.4&#8243; header_font=\u00bb|on|||\u00bb header_text_color=\u00bb#000000&#8243; header_line_height=\u00bb1.5em\u00bb body_font=\u00bbNoticia Text||||||||\u00bb body_text_color=\u00bb#5cc1d5&#8243; body_font_size=\u00bb16px\u00bb background_color=\u00bb#ffffff\u00bb custom_margin=\u00bb-80px|||\u00bb custom_padding=\u00bb30px|40px|30px|40px\u00bb animation_style=\u00bbzoom\u00bb animation_direction=\u00bbbottom\u00bb animation_intensity_zoom=\u00bb20%\u00bb animation_starting_opacity=\u00bb100%\u00bb hover_enabled=\u00bb0&#8243; box_shadow_style=\u00bbpreset2&#8243; box_shadow_horizontal=\u00bb0px\u00bb box_shadow_vertical=\u00bb0px\u00bb box_shadow_blur=\u00bb60px\u00bb box_shadow_color=\u00bbrgba(71,74,182,0.12)\u00bb image_max_width=\u00bb64px\u00bb locked=\u00bboff\u00bb global_colors_info=\u00bb{}\u00bb sticky_enabled=\u00bb0&#8243;]\n<p><strong>Plagio<\/strong><\/p>\n<p>El plagio y\/o otras acciones fraudulentas en cualquier actividad evaluable conlleva la calificaci\u00f3n de 0 en la calificaci\u00f3n final del m\u00f3dulo, previa audiencia a la persona interesada. Contra la calificaci\u00f3n de 0 se puede actuar de acuerdo con el procedimiento previsto en el art\u00edculo 15 de la Normativa reguladora de la evaluaci\u00f3n y las calificaciones de los aprendizajes de la UB, excepto en lo que respecta a la revisi\u00f3n ante el mismo profesor o profesora. En el caso de plagio, por lo tanto, con calificaci\u00f3n 0, no se permite la re-evaluaci\u00f3n.<\/p>\n<p><strong>Uso de la IAG<\/strong><\/p>\n<p>No se calificar\u00e1 ninguna actividad que se haya generado totalmente con inteligencia artificial generativa (IAG). En caso de haberla utilizado parcialmente como apoyo o para mejorar la tarea propia, es necesario hacerlo constar al final de la actividad, adem\u00e1s de indicar qu\u00e9 herramientas de IAG se han utilizado y con qu\u00e9 prop\u00f3sito. (C\u00f3digo \u00e9tico y buenas pr\u00e1cticas de la UB).<\/p>\n[\/et_pb_blurb][\/et_pb_column][\/et_pb_row][et_pb_row column_structure=\u00bb1_4,1_4,1_4,1_4&#8243; use_custom_gutter=\u00bbon\u00bb gutter_width=\u00bb2&#8243; _builder_version=\u00bb4.16&#8243; background_size=\u00bbinitial\u00bb background_position=\u00bbtop_left\u00bb background_repeat=\u00bbrepeat\u00bb locked=\u00bboff\u00bb global_colors_info=\u00bb{}\u00bb][et_pb_column type=\u00bb1_4&#8243; _builder_version=\u00bb4.16&#8243; custom_padding=\u00bb|||\u00bb global_colors_info=\u00bb{}\u00bb custom_padding__hover=\u00bb|||\u00bb][\/et_pb_column][et_pb_column type=\u00bb1_4&#8243; _builder_version=\u00bb4.16&#8243; custom_padding=\u00bb|||\u00bb global_colors_info=\u00bb{}\u00bb custom_padding__hover=\u00bb|||\u00bb][\/et_pb_column][et_pb_column type=\u00bb1_4&#8243; _builder_version=\u00bb4.16&#8243; custom_padding=\u00bb|||\u00bb global_colors_info=\u00bb{}\u00bb custom_padding__hover=\u00bb|||\u00bb][\/et_pb_column][et_pb_column type=\u00bb1_4&#8243; _builder_version=\u00bb4.16&#8243; custom_padding=\u00bb|||\u00bb global_colors_info=\u00bb{}\u00bb custom_padding__hover=\u00bb|||\u00bb][\/et_pb_column][\/et_pb_row][\/et_pb_section][et_pb_section fb_built=\u00bb1&#8243; admin_label=\u00bbFooter\u00bb module_class=\u00bbfooter-bkg\u00bb _builder_version=\u00bb4.16&#8243; background_color=\u00bb#00aaaa\u00bb background_enable_color=\u00bboff\u00bb background_image=\u00bbhttps:\/\/www.personasdiscapacidad.es\/wp-content\/uploads\/2021\/06\/fons-footer.svg\u00bb background_size=\u00bbcontain\u00bb background_position=\u00bbbottom_center\u00bb custom_padding=\u00bb170px|0px|60px|0px|false|false\u00bb animation_style=\u00bbzoom\u00bb animation_direction=\u00bbbottom\u00bb animation_intensity_zoom=\u00bb6%\u00bb animation_starting_opacity=\u00bb100%\u00bb saved_tabs=\u00bball\u00bb locked=\u00bboff\u00bb collapsed=\u00bboff\u00bb global_colors_info=\u00bb{}\u00bb][\/et_pb_section]\n","protected":false},"excerpt":{"rendered":"<p>Metodolog\u00edaEl formato que se utiliza en este curso de m\u00e1ster de Personas con Discapacidad, Inclusi\u00f3n social y Derechos de ciudadania permite compatibilizar los estudios con las actividades profesionales y personales [&hellip;]<\/p>\n","protected":false},"author":1,"featured_media":0,"parent":0,"menu_order":0,"comment_status":"closed","ping_status":"closed","template":"","meta":{"_et_pb_use_builder":"on","_et_pb_old_content":"","_et_gb_content_width":"","inline_featured_image":false,"footnotes":""},"yoast_head":"<!-- This site is optimized with the Yoast SEO plugin v22.8 - https:\/\/yoast.com\/wordpress\/plugins\/seo\/ -->\n<title>Metodolog\u00eda - Postgrado Personas con Discapacidad<\/title>\n<meta name=\"robots\" content=\"index, follow, max-snippet:-1, max-image-preview:large, max-video-preview:-1\" \/>\n<link rel=\"canonical\" href=\"https:\/\/www.personasdiscapacidad.es\/es\/master-metodologia\/\" \/>\n<meta property=\"og:locale\" content=\"es_ES\" \/>\n<meta property=\"og:type\" content=\"article\" \/>\n<meta property=\"og:title\" content=\"Metodolog\u00eda - Postgrado Personas con Discapacidad\" \/>\n<meta property=\"og:description\" content=\"Metodolog\u00edaEl formato que se utiliza en este curso de m\u00e1ster de Personas con Discapacidad, Inclusi\u00f3n social y Derechos de ciudadania permite compatibilizar los estudios con las actividades profesionales y personales [&hellip;]\" \/>\n<meta property=\"og:url\" content=\"https:\/\/www.personasdiscapacidad.es\/es\/master-metodologia\/\" \/>\n<meta property=\"og:site_name\" content=\"Postgrado Personas con Discapacidad\" \/>\n<meta property=\"article:modified_time\" content=\"2025-07-10T16:52:45+00:00\" \/>\n<meta name=\"twitter:card\" content=\"summary_large_image\" \/>\n<meta name=\"twitter:label1\" content=\"Tiempo de lectura\" \/>\n\t<meta name=\"twitter:data1\" content=\"13 minutos\" \/>\n<script type=\"application\/ld+json\" class=\"yoast-schema-graph\">{\"@context\":\"https:\/\/schema.org\",\"@graph\":[{\"@type\":\"WebPage\",\"@id\":\"https:\/\/www.personasdiscapacidad.es\/es\/master-metodologia\/\",\"url\":\"https:\/\/www.personasdiscapacidad.es\/es\/master-metodologia\/\",\"name\":\"Metodolog\u00eda - Postgrado Personas con Discapacidad\",\"isPartOf\":{\"@id\":\"https:\/\/www.personasdiscapacidad.es\/es\/#website\"},\"datePublished\":\"2021-06-22T09:18:27+00:00\",\"dateModified\":\"2025-07-10T16:52:45+00:00\",\"breadcrumb\":{\"@id\":\"https:\/\/www.personasdiscapacidad.es\/es\/master-metodologia\/#breadcrumb\"},\"inLanguage\":\"es\",\"potentialAction\":[{\"@type\":\"ReadAction\",\"target\":[\"https:\/\/www.personasdiscapacidad.es\/es\/master-metodologia\/\"]}]},{\"@type\":\"BreadcrumbList\",\"@id\":\"https:\/\/www.personasdiscapacidad.es\/es\/master-metodologia\/#breadcrumb\",\"itemListElement\":[{\"@type\":\"ListItem\",\"position\":1,\"name\":\"Portada\",\"item\":\"https:\/\/www.personasdiscapacidad.es\/es\/\"},{\"@type\":\"ListItem\",\"position\":2,\"name\":\"Metodolog\u00eda\"}]},{\"@type\":\"WebSite\",\"@id\":\"https:\/\/www.personasdiscapacidad.es\/es\/#website\",\"url\":\"https:\/\/www.personasdiscapacidad.es\/es\/\",\"name\":\"Postgrado Personas con Discapacidad\",\"description\":\"Derechos sociales y cultura de las discapacidades\",\"potentialAction\":[{\"@type\":\"SearchAction\",\"target\":{\"@type\":\"EntryPoint\",\"urlTemplate\":\"https:\/\/www.personasdiscapacidad.es\/es\/?s={search_term_string}\"},\"query-input\":\"required name=search_term_string\"}],\"inLanguage\":\"es\"}]}<\/script>\n<!-- \/ Yoast SEO plugin. -->","yoast_head_json":{"title":"Metodolog\u00eda - Postgrado Personas con Discapacidad","robots":{"index":"index","follow":"follow","max-snippet":"max-snippet:-1","max-image-preview":"max-image-preview:large","max-video-preview":"max-video-preview:-1"},"canonical":"https:\/\/www.personasdiscapacidad.es\/es\/master-metodologia\/","og_locale":"es_ES","og_type":"article","og_title":"Metodolog\u00eda - Postgrado Personas con Discapacidad","og_description":"Metodolog\u00edaEl formato que se utiliza en este curso de m\u00e1ster de Personas con Discapacidad, Inclusi\u00f3n social y Derechos de ciudadania permite compatibilizar los estudios con las actividades profesionales y personales [&hellip;]","og_url":"https:\/\/www.personasdiscapacidad.es\/es\/master-metodologia\/","og_site_name":"Postgrado Personas con Discapacidad","article_modified_time":"2025-07-10T16:52:45+00:00","twitter_card":"summary_large_image","twitter_misc":{"Tiempo de lectura":"13 minutos"},"schema":{"@context":"https:\/\/schema.org","@graph":[{"@type":"WebPage","@id":"https:\/\/www.personasdiscapacidad.es\/es\/master-metodologia\/","url":"https:\/\/www.personasdiscapacidad.es\/es\/master-metodologia\/","name":"Metodolog\u00eda - Postgrado Personas con Discapacidad","isPartOf":{"@id":"https:\/\/www.personasdiscapacidad.es\/es\/#website"},"datePublished":"2021-06-22T09:18:27+00:00","dateModified":"2025-07-10T16:52:45+00:00","breadcrumb":{"@id":"https:\/\/www.personasdiscapacidad.es\/es\/master-metodologia\/#breadcrumb"},"inLanguage":"es","potentialAction":[{"@type":"ReadAction","target":["https:\/\/www.personasdiscapacidad.es\/es\/master-metodologia\/"]}]},{"@type":"BreadcrumbList","@id":"https:\/\/www.personasdiscapacidad.es\/es\/master-metodologia\/#breadcrumb","itemListElement":[{"@type":"ListItem","position":1,"name":"Portada","item":"https:\/\/www.personasdiscapacidad.es\/es\/"},{"@type":"ListItem","position":2,"name":"Metodolog\u00eda"}]},{"@type":"WebSite","@id":"https:\/\/www.personasdiscapacidad.es\/es\/#website","url":"https:\/\/www.personasdiscapacidad.es\/es\/","name":"Postgrado Personas con Discapacidad","description":"Derechos sociales y cultura de las discapacidades","potentialAction":[{"@type":"SearchAction","target":{"@type":"EntryPoint","urlTemplate":"https:\/\/www.personasdiscapacidad.es\/es\/?s={search_term_string}"},"query-input":"required name=search_term_string"}],"inLanguage":"es"}]}},"_links":{"self":[{"href":"https:\/\/www.personasdiscapacidad.es\/es\/wp-json\/wp\/v2\/pages\/1071"}],"collection":[{"href":"https:\/\/www.personasdiscapacidad.es\/es\/wp-json\/wp\/v2\/pages"}],"about":[{"href":"https:\/\/www.personasdiscapacidad.es\/es\/wp-json\/wp\/v2\/types\/page"}],"author":[{"embeddable":true,"href":"https:\/\/www.personasdiscapacidad.es\/es\/wp-json\/wp\/v2\/users\/1"}],"replies":[{"embeddable":true,"href":"https:\/\/www.personasdiscapacidad.es\/es\/wp-json\/wp\/v2\/comments?post=1071"}],"version-history":[{"count":8,"href":"https:\/\/www.personasdiscapacidad.es\/es\/wp-json\/wp\/v2\/pages\/1071\/revisions"}],"predecessor-version":[{"id":2183,"href":"https:\/\/www.personasdiscapacidad.es\/es\/wp-json\/wp\/v2\/pages\/1071\/revisions\/2183"}],"wp:attachment":[{"href":"https:\/\/www.personasdiscapacidad.es\/es\/wp-json\/wp\/v2\/media?parent=1071"}],"curies":[{"name":"wp","href":"https:\/\/api.w.org\/{rel}","templated":true}]}}