{"id":383,"date":"2019-09-10T13:48:01","date_gmt":"2019-09-10T11:48:01","guid":{"rendered":"\/modul-2\/"},"modified":"2026-01-12T11:12:56","modified_gmt":"2026-01-12T10:12:56","slug":"modulo-2","status":"publish","type":"page","link":"https:\/\/www.personasdiscapacidad.es\/es\/modulo-2\/","title":{"rendered":"M\u00f3dulo 2"},"content":{"rendered":"[et_pb_section fb_built=\u00bb1&#8243; _builder_version=\u00bb4.27.5&#8243; _module_preset=\u00bbdefault\u00bb background_color=\u00bb#FC8553&#8243; positioning=\u00bbnone\u00bb position_origin_f=\u00bbtop_center\u00bb vertical_offset=\u00bb95px\u00bb custom_margin=\u00bb0px||0px||false|false\u00bb custom_padding=\u00bb7px||7px||true|false\u00bb hover_enabled=\u00bb0&#8243; global_colors_info=\u00bb{}\u00bb sticky_enabled=\u00bb0&#8243; locked=\u00bboff\u00bb][et_pb_row _builder_version=\u00bb4.27.5&#8243; _module_preset=\u00bbdefault\u00bb custom_margin=\u00bb0px||0px||true|false\u00bb custom_padding=\u00bb0px||0px||true|false\u00bb global_colors_info=\u00bb{}\u00bb][et_pb_column type=\u00bb4_4&#8243; _builder_version=\u00bb4.27.5&#8243; _module_preset=\u00bbdefault\u00bb global_colors_info=\u00bb{}\u00bb][et_pb_text _builder_version=\u00bb4.27.5&#8243; _module_preset=\u00bbdefault\u00bb text_font=\u00bb|700||on|||||\u00bb text_text_color=\u00bb#FFFFFF\u00bb text_font_size=\u00bb18px\u00bb text_letter_spacing=\u00bb4px\u00bb global_colors_info=\u00bb{}\u00bb]\n<p style=\"text-align: center;\">POSTGRADO<\/p>\n[\/et_pb_text][\/et_pb_column][\/et_pb_row][\/et_pb_section][et_pb_section fb_built=\u00bb1&#8243; admin_label=\u00bbCourse Hero\u00bb _builder_version=\u00bb4.16&#8243; background_enable_color=\u00bboff\u00bb background_image=\u00bbhttps:\/\/www.personasdiscapacidad.es\/wp-content\/uploads\/2021\/06\/intro-p.svg\u00bb custom_padding=\u00bb100px|0px|120px|0px|false|false\u00bb animation_style=\u00bbslide\u00bb animation_direction=\u00bbtop\u00bb animation_intensity_slide=\u00bb2%\u00bb locked=\u00bboff\u00bb global_colors_info=\u00bb{}\u00bb][et_pb_row column_structure=\u00bb1_2,1_2&#8243; _builder_version=\u00bb4.16&#8243; custom_margin=\u00bb|||\u00bb custom_width_px=\u00bb1280px\u00bb global_colors_info=\u00bb{}\u00bb][et_pb_column type=\u00bb1_2&#8243; _builder_version=\u00bb4.16&#8243; custom_padding=\u00bb|||\u00bb global_colors_info=\u00bb{}\u00bb custom_padding__hover=\u00bb|||\u00bb][et_pb_text _builder_version=\u00bb4.27.5&#8243; header_font=\u00bb|on|||\u00bb header_text_color=\u00bb#000000&#8243; header_font_size=\u00bb42px\u00bb header_line_height=\u00bb1.3em\u00bb background_layout=\u00bbdark\u00bb custom_padding=\u00bb|||\u00bb hover_enabled=\u00bb0&#8243; header_font_size_tablet=\u00bb\u00bb header_font_size_phone=\u00bb\u00bb header_font_size_last_edited=\u00bbon|desktop\u00bb locked=\u00bboff\u00bb global_colors_info=\u00bb{}\u00bb sticky_enabled=\u00bb0&#8243;]\n<h1><strong>M\u00f3dulo 2: Conceptos fundamentales y medici\u00f3n de evidencias de inclusi\u00f3n<\/strong><br \/><span style=\"font-size: large; color: #000000;\">5 cr\u00e9ditos<\/span><\/h1>\n[\/et_pb_text][\/et_pb_column][et_pb_column type=\u00bb1_2&#8243; _builder_version=\u00bb4.16&#8243; custom_padding=\u00bb|||\u00bb global_colors_info=\u00bb{}\u00bb custom_padding__hover=\u00bb|||\u00bb][\/et_pb_column][\/et_pb_row][\/et_pb_section][et_pb_section fb_built=\u00bb1&#8243; _builder_version=\u00bb4.16&#8243; global_colors_info=\u00bb{}\u00bb][et_pb_row make_equal=\u00bbon\u00bb _builder_version=\u00bb4.16&#8243; custom_margin=\u00bb-190px||||false|false\u00bb global_colors_info=\u00bb{}\u00bb][et_pb_column type=\u00bb4_4&#8243; _builder_version=\u00bb4.16&#8243; global_colors_info=\u00bb{}\u00bb][et_pb_text _builder_version=\u00bb4.27.5&#8243; header_2_font=\u00bbNoticia Text|700|||||||\u00bb header_2_text_color=\u00bb#000000&#8243; hover_enabled=\u00bb0&#8243; global_colors_info=\u00bb{}\u00bb sticky_enabled=\u00bb0&#8243;]\n<h2>Relaci\u00f3n de competencias<\/h2>\n[\/et_pb_text][\/et_pb_column][\/et_pb_row][et_pb_row column_structure=\u00bb1_4,1_4,1_4,1_4&#8243; use_custom_gutter=\u00bbon\u00bb gutter_width=\u00bb2&#8243; make_equal=\u00bbon\u00bb _builder_version=\u00bb4.16&#8243; custom_margin=\u00bb-30px||||false|false\u00bb global_colors_info=\u00bb{}\u00bb][et_pb_column type=\u00bb1_4&#8243; _builder_version=\u00bb4.16&#8243; global_colors_info=\u00bb{}\u00bb][et_pb_blurb title=\u00bbCompetencia 1&#8243; url=\u00bb#\u00bb icon_placement=\u00bbleft\u00bb image_icon_width=\u00bb0px\u00bb content_max_width=\u00bb1100px\u00bb admin_label=\u00bbChapter\u00bb _builder_version=\u00bb4.16&#8243; header_font=\u00bb|on|||\u00bb header_text_color=\u00bb#2e2545&#8243; header_line_height=\u00bb1.5em\u00bb body_text_color=\u00bb#242424&#8243; body_font_size=\u00bb16px\u00bb body_line_height=\u00bb1.9em\u00bb background_color=\u00bb#ffffff\u00bb custom_margin=\u00bb|||\u00bb custom_padding=\u00bb20px|10px|20px|10px|false|false\u00bb animation_style=\u00bbzoom\u00bb animation_direction=\u00bbbottom\u00bb animation_intensity_zoom=\u00bb20%\u00bb animation_starting_opacity=\u00bb100%\u00bb border_width_bottom=\u00bb1px\u00bb border_color_bottom=\u00bb#e09900&#8243; image_max_width=\u00bb0px\u00bb locked=\u00bboff\u00bb global_colors_info=\u00bb{}\u00bb]\n<p>Compromiso \u00e9tico<\/p>\n[\/et_pb_blurb][et_pb_blurb title=\u00bbCompetencia 7&#8243; url=\u00bb#\u00bb icon_placement=\u00bbleft\u00bb image_icon_width=\u00bb0px\u00bb content_max_width=\u00bb1100px\u00bb admin_label=\u00bbChapter\u00bb _builder_version=\u00bb4.16&#8243; header_font=\u00bb|on|||\u00bb header_text_color=\u00bb#2e2545&#8243; header_line_height=\u00bb1.5em\u00bb body_text_color=\u00bb#242424&#8243; body_font_size=\u00bb16px\u00bb body_line_height=\u00bb1.9em\u00bb background_color=\u00bb#ffffff\u00bb custom_margin=\u00bb|||\u00bb custom_padding=\u00bb20px|10px|20px|10px|false|false\u00bb animation_style=\u00bbzoom\u00bb animation_direction=\u00bbbottom\u00bb animation_intensity_zoom=\u00bb20%\u00bb animation_starting_opacity=\u00bb100%\u00bb border_width_bottom=\u00bb1px\u00bb border_color_bottom=\u00bb#e09900&#8243; image_max_width=\u00bb0px\u00bb locked=\u00bboff\u00bb global_colors_info=\u00bb{}\u00bb]\n<p>Capacidad para gestionar informaci\u00f3n de manera aut\u00f3noma para asegurar un aprendizaje permanente contemplando la utilizaci\u00f3n de las TIC<\/p>\n[\/et_pb_blurb][\/et_pb_column][et_pb_column type=\u00bb1_4&#8243; _builder_version=\u00bb4.16&#8243; global_colors_info=\u00bb{}\u00bb][et_pb_blurb title=\u00bbCompetencia 2&#8243; url=\u00bb#\u00bb icon_placement=\u00bbleft\u00bb image_icon_width=\u00bb0px\u00bb content_max_width=\u00bb1100px\u00bb admin_label=\u00bbChapter\u00bb _builder_version=\u00bb4.16&#8243; header_font=\u00bb|on|||\u00bb header_text_color=\u00bb#2e2545&#8243; header_line_height=\u00bb1.5em\u00bb body_text_color=\u00bb#242424&#8243; body_font_size=\u00bb16px\u00bb body_line_height=\u00bb1.9em\u00bb background_color=\u00bb#ffffff\u00bb custom_margin=\u00bb|||\u00bb custom_padding=\u00bb20px|10px|20px|10px|false|false\u00bb animation_style=\u00bbzoom\u00bb animation_direction=\u00bbbottom\u00bb animation_intensity_zoom=\u00bb20%\u00bb animation_starting_opacity=\u00bb100%\u00bb border_width_bottom=\u00bb1px\u00bb border_color_bottom=\u00bb#e09900&#8243; image_max_width=\u00bb0px\u00bb locked=\u00bboff\u00bb global_colors_info=\u00bb{}\u00bb]\n<p>Capacidad de adquirir conocimientos (escuchar, entender, interpretar)<\/p>\n[\/et_pb_blurb][et_pb_blurb title=\u00bbCompetencia 8&#8243; url=\u00bb#\u00bb icon_placement=\u00bbleft\u00bb image_icon_width=\u00bb0px\u00bb content_max_width=\u00bb1100px\u00bb admin_label=\u00bbChapter\u00bb _builder_version=\u00bb4.16&#8243; header_font=\u00bb|on|||\u00bb header_text_color=\u00bb#2e2545&#8243; header_line_height=\u00bb1.5em\u00bb body_text_color=\u00bb#242424&#8243; body_font_size=\u00bb16px\u00bb body_line_height=\u00bb1.9em\u00bb background_color=\u00bb#ffffff\u00bb custom_margin=\u00bb|||\u00bb custom_padding=\u00bb20px|10px|20px|10px|false|false\u00bb animation_style=\u00bbzoom\u00bb animation_direction=\u00bbbottom\u00bb animation_intensity_zoom=\u00bb20%\u00bb animation_starting_opacity=\u00bb100%\u00bb border_width_bottom=\u00bb1px\u00bb border_color_bottom=\u00bb#e09900&#8243; image_max_width=\u00bb0px\u00bb locked=\u00bboff\u00bb global_colors_info=\u00bb{}\u00bb]\n<p>Capacidad para desarrollar actitudes abiertas y emp\u00e1ticas basadas en el respeto y el reconocimiento ante la diversidad y la multiculturalidad.<\/p>\n[\/et_pb_blurb][\/et_pb_column][et_pb_column type=\u00bb1_4&#8243; _builder_version=\u00bb4.16&#8243; global_colors_info=\u00bb{}\u00bb][et_pb_blurb title=\u00bbCompetencia 13&#8243; url=\u00bb#\u00bb icon_placement=\u00bbleft\u00bb image_icon_width=\u00bb0px\u00bb content_max_width=\u00bb1100px\u00bb admin_label=\u00bbChapter\u00bb _builder_version=\u00bb4.16&#8243; header_font=\u00bb|on|||\u00bb header_text_color=\u00bb#2e2545&#8243; header_line_height=\u00bb1.5em\u00bb body_text_color=\u00bb#242424&#8243; body_font_size=\u00bb16px\u00bb body_line_height=\u00bb1.9em\u00bb background_color=\u00bb#ffffff\u00bb custom_margin=\u00bb|||\u00bb custom_padding=\u00bb20px|10px|20px|10px|false|false\u00bb animation_style=\u00bbzoom\u00bb animation_direction=\u00bbbottom\u00bb animation_intensity_zoom=\u00bb20%\u00bb animation_starting_opacity=\u00bb100%\u00bb border_width_bottom=\u00bb1px\u00bb border_color_bottom=\u00bb#e09900&#8243; image_max_width=\u00bb0px\u00bb locked=\u00bboff\u00bb global_colors_info=\u00bb{}\u00bb]\n<p>Pensamiento cr\u00edtico<\/p>\n[\/et_pb_blurb][et_pb_blurb title=\u00bbCompetencia 4&#8243; url=\u00bb#\u00bb icon_placement=\u00bbleft\u00bb image_icon_width=\u00bb0px\u00bb content_max_width=\u00bb1100px\u00bb admin_label=\u00bbChapter\u00bb _builder_version=\u00bb4.16&#8243; header_font=\u00bb|on|||\u00bb header_text_color=\u00bb#2e2545&#8243; header_line_height=\u00bb1.5em\u00bb body_text_color=\u00bb#242424&#8243; body_font_size=\u00bb16px\u00bb body_line_height=\u00bb1.9em\u00bb background_color=\u00bb#ffffff\u00bb custom_margin=\u00bb|||\u00bb custom_padding=\u00bb20px|10px|20px|10px|false|false\u00bb animation_style=\u00bbzoom\u00bb animation_direction=\u00bbbottom\u00bb animation_intensity_zoom=\u00bb20%\u00bb animation_starting_opacity=\u00bb100%\u00bb border_width_bottom=\u00bb1px\u00bb border_color_bottom=\u00bb#e09900&#8243; image_max_width=\u00bb0px\u00bb locked=\u00bboff\u00bb global_colors_info=\u00bb{}\u00bb]\n<p>Sostenibilidad<\/p>\n[\/et_pb_blurb][et_pb_blurb title=\u00bbCompetencia 11&#8243; url=\u00bb#\u00bb icon_placement=\u00bbleft\u00bb image_icon_width=\u00bb0px\u00bb content_max_width=\u00bb1100px\u00bb admin_label=\u00bbChapter\u00bb _builder_version=\u00bb4.16&#8243; header_font=\u00bb|on|||\u00bb header_text_color=\u00bb#2e2545&#8243; header_line_height=\u00bb1.5em\u00bb body_text_color=\u00bb#242424&#8243; body_font_size=\u00bb16px\u00bb body_line_height=\u00bb1.9em\u00bb background_color=\u00bb#ffffff\u00bb custom_margin=\u00bb|||\u00bb custom_padding=\u00bb20px|10px|20px|10px|false|false\u00bb animation_style=\u00bbzoom\u00bb animation_direction=\u00bbbottom\u00bb animation_intensity_zoom=\u00bb20%\u00bb animation_starting_opacity=\u00bb100%\u00bb border_width_bottom=\u00bb1px\u00bb border_color_bottom=\u00bb#e09900&#8243; image_max_width=\u00bb0px\u00bb locked=\u00bboff\u00bb global_colors_info=\u00bb{}\u00bb]\n<p>Capacidad para aplicar los conocimientos adquiridos a la pr\u00e1ctica<\/p>\n[\/et_pb_blurb][\/et_pb_column][et_pb_column type=\u00bb1_4&#8243; _builder_version=\u00bb4.16&#8243; global_colors_info=\u00bb{}\u00bb][et_pb_blurb title=\u00bbCompetencia 6&#8243; url=\u00bb#\u00bb icon_placement=\u00bbleft\u00bb image_icon_width=\u00bb0px\u00bb content_max_width=\u00bb1100px\u00bb admin_label=\u00bbChapter\u00bb _builder_version=\u00bb4.16&#8243; header_font=\u00bb|on|||\u00bb header_text_color=\u00bb#2e2545&#8243; header_line_height=\u00bb1.5em\u00bb body_text_color=\u00bb#242424&#8243; body_font_size=\u00bb16px\u00bb body_line_height=\u00bb1.9em\u00bb background_color=\u00bb#ffffff\u00bb custom_margin=\u00bb|||\u00bb custom_padding=\u00bb20px|10px|20px|10px|false|false\u00bb animation_style=\u00bbzoom\u00bb animation_direction=\u00bbbottom\u00bb animation_intensity_zoom=\u00bb20%\u00bb animation_starting_opacity=\u00bb100%\u00bb border_width_bottom=\u00bb1px\u00bb border_color_bottom=\u00bb#e09900&#8243; image_max_width=\u00bb0px\u00bb locked=\u00bboff\u00bb global_colors_info=\u00bb{}\u00bb]\n<p>Capacidad para elaborar reflexiones y trabajos de an\u00e1lisis<\/p>\n[\/et_pb_blurb][et_pb_blurb title=\u00bbCompetencia 5&#8243; url=\u00bb#\u00bb icon_placement=\u00bbleft\u00bb image_icon_width=\u00bb0px\u00bb content_max_width=\u00bb1100px\u00bb admin_label=\u00bbChapter\u00bb _builder_version=\u00bb4.16&#8243; header_font=\u00bb|on|||\u00bb header_text_color=\u00bb#2e2545&#8243; header_line_height=\u00bb1.5em\u00bb body_text_color=\u00bb#242424&#8243; body_font_size=\u00bb16px\u00bb body_line_height=\u00bb1.9em\u00bb background_color=\u00bb#ffffff\u00bb custom_margin=\u00bb|||\u00bb custom_padding=\u00bb20px|10px|20px|10px|false|false\u00bb animation_style=\u00bbzoom\u00bb animation_direction=\u00bbbottom\u00bb animation_intensity_zoom=\u00bb20%\u00bb animation_starting_opacity=\u00bb100%\u00bb border_width_bottom=\u00bb1px\u00bb border_color_bottom=\u00bb#e09900&#8243; image_max_width=\u00bb0px\u00bb locked=\u00bboff\u00bb global_colors_info=\u00bb{}\u00bb]\n<p>Capacidad comunicativa<\/p>\n[\/et_pb_blurb][\/et_pb_column][\/et_pb_row][\/et_pb_section][et_pb_section fb_built=\u00bb1&#8243; admin_label=\u00bbCourse Hero\u00bb _builder_version=\u00bb4.16&#8243; background_color=\u00bbrgba(244,171,0,0.4)\u00bb background_enable_image=\u00bboff\u00bb background_blend=\u00bboverlay\u00bb custom_padding=\u00bb100px|0px|120px|0px|false|false\u00bb animation_style=\u00bbslide\u00bb animation_direction=\u00bbtop\u00bb animation_intensity_slide=\u00bb2%\u00bb locked=\u00bboff\u00bb global_colors_info=\u00bb{}\u00bb][et_pb_row column_structure=\u00bb3_5,2_5&#8243; make_equal=\u00bbon\u00bb _builder_version=\u00bb4.16&#8243; custom_margin=\u00bb-50px||||false|false\u00bb global_colors_info=\u00bb{}\u00bb][et_pb_column type=\u00bb3_5&#8243; _builder_version=\u00bb4.16&#8243; global_colors_info=\u00bb{}\u00bb][et_pb_text _builder_version=\u00bb4.16&#8243; header_2_font=\u00bbNoticia Text|700|||||||\u00bb header_2_text_color=\u00bb#e09900&#8243; global_colors_info=\u00bb{}\u00bb]\n<h2>Objetivos<\/h2>\n[\/et_pb_text][et_pb_blurb url=\u00bb#\u00bb icon_placement=\u00bbleft\u00bb image_icon_width=\u00bb0px\u00bb content_max_width=\u00bb1100px\u00bb admin_label=\u00bbChapter\u00bb _builder_version=\u00bb4.16&#8243; header_font=\u00bb|on|||\u00bb header_text_color=\u00bb#2e2545&#8243; header_line_height=\u00bb1.5em\u00bb body_text_color=\u00bb#242424&#8243; body_font_size=\u00bb16px\u00bb body_line_height=\u00bb1.8em\u00bb background_color=\u00bb#ffffff\u00bb custom_margin=\u00bb|||\u00bb custom_padding=\u00bb30px|40px|30px|40px\u00bb animation_style=\u00bbzoom\u00bb animation_direction=\u00bbbottom\u00bb animation_intensity_zoom=\u00bb20%\u00bb animation_starting_opacity=\u00bb100%\u00bb border_width_bottom=\u00bb1px\u00bb border_color_bottom=\u00bb#e09900&#8243; image_max_width=\u00bb0px\u00bb locked=\u00bboff\u00bb global_colors_info=\u00bb{}\u00bb]\n<p>Profundizar en el conocimiento de los derechos \u00a0de las personas con discapacidad para analizar y diagnosticar los factores que determinan y\/o posibilitan los procesos de inclusi\u00f3n social, la desigualdad y la discriminaci\u00f3n.<\/p>\n<p>Desarrollar estrategias de trabajo individual y comunitario fomentando la inclusi\u00f3n social, la igualdad de oportunidades y la promoci\u00f3n de la autonom\u00eda personal.<\/p>\n<p>Adquirir conocimientos entorno a la\u00a0transformaci\u00f3n de entornos, productos, bienes y servicios, bajo los principios de la \u201cAccesibilidad Universal\u201d y \u201cEl Dise\u00f1o para Todos\u201d, con el objetivo b\u00e1sico de favorecer la calidad de vida y la autonom\u00eda personal.<\/p>\n<p>Empatizar y desarrollar una actitud positiva con las personas con discapacidad, siendo capaz de asumir el compromiso de defensa de sus derechos sociales para mejorar las condiciones de vida de estos.\u00a0<\/p>\n[\/et_pb_blurb][\/et_pb_column][et_pb_column type=\u00bb2_5&#8243; _builder_version=\u00bb4.16&#8243; global_colors_info=\u00bb{}\u00bb][et_pb_text _builder_version=\u00bb4.16&#8243; header_2_font=\u00bbNoticia Text|700|||||||\u00bb header_2_text_color=\u00bb#e09900&#8243; global_colors_info=\u00bb{}\u00bb]\n<h2>Contenidos<\/h2>\n[\/et_pb_text][et_pb_blurb url=\u00bb#\u00bb icon_placement=\u00bbleft\u00bb content_max_width=\u00bb1100px\u00bb admin_label=\u00bbChapter\u00bb _builder_version=\u00bb4.16&#8243; header_font=\u00bb|on|||\u00bb header_text_color=\u00bb#2e2545&#8243; header_line_height=\u00bb1.5em\u00bb body_text_color=\u00bb#242424&#8243; body_font_size=\u00bb16px\u00bb body_line_height=\u00bb1.9em\u00bb background_color=\u00bb#ffffff\u00bb custom_margin=\u00bb|||\u00bb custom_padding=\u00bb30px|40px|30px|40px\u00bb animation_style=\u00bbzoom\u00bb animation_direction=\u00bbbottom\u00bb animation_intensity_zoom=\u00bb20%\u00bb animation_starting_opacity=\u00bb100%\u00bb border_width_bottom=\u00bb1px\u00bb border_color_bottom=\u00bb#e09900&#8243; locked=\u00bboff\u00bb global_colors_info=\u00bb{}\u00bb]\n<ul>\n<li>Conceptos fundamentales, cultura de las capacidades e inclusi\u00f3n social<\/li>\n<li>Accesibilidad Universal y Dise\u00f1o para todas las personas (ayudas t\u00e9cnicas y dom\u00f3ticas. Lectura f\u00e1cil)<\/li>\n<li>Promoci\u00f3n de autonom\u00eda personal y vida independiente. La figura del asistente personal.<\/li>\n<li>Medida y fuentes estad\u00edsticas. Demograf\u00eda de la discapacidad (edad, g\u00e9nero, tipos de discapacidad\u2026)<\/li>\n<li>Resultados de inclusi\u00f3n social (igualdad de oportunidades y no discriminaci\u00f3n)<\/li>\n<\/ul>\n[\/et_pb_blurb][\/et_pb_column][\/et_pb_row][\/et_pb_section][et_pb_section fb_built=\u00bb1&#8243; _builder_version=\u00bb4.16&#8243; global_colors_info=\u00bb{}\u00bb][et_pb_row _builder_version=\u00bb4.16&#8243; global_colors_info=\u00bb{}\u00bb][et_pb_column type=\u00bb4_4&#8243; _builder_version=\u00bb4.16&#8243; global_colors_info=\u00bb{}\u00bb][et_pb_text _builder_version=\u00bb4.27.4&#8243; global_colors_info=\u00bb{}\u00bb]\n<table class=\"datatable display\" style=\"width: 100%;\" width=\"100%\" cellspacing=\"0\">\n<thead>\n<tr style=\"height: 48px;\">\n<th style=\"width: 43.5481%; height: 48px;\">\u00a0<\/th>\n<th style=\"width: 10.8338%; height: 48px;\">\u00a0<\/th>\n<th style=\"width: 84.3178%; height: 48px;\">\u00a0<\/th>\n<\/tr>\n<tr style=\"height: 68px;\">\n<th style=\"width: 43.5481%; height: 68px; text-align: left;\"><span data-sheets-value=\"{&quot;1&quot;:2,&quot;2&quot;:&quot;M\u00f3dulo 2. Conceptos fundamentales y medici\u00f3n de evidencias de inclusi\u00f3n \u00a0(5 cr\u00e9ditos)&quot;}\" data-sheets-userformat=\"{&quot;2&quot;:26943,&quot;3&quot;:{&quot;1&quot;:0,&quot;3&quot;:1},&quot;4&quot;:[null,2,16776960],&quot;5&quot;:{&quot;1&quot;:[{&quot;1&quot;:2,&quot;2&quot;:0,&quot;5&quot;:[null,2,0]},{&quot;1&quot;:0,&quot;2&quot;:0,&quot;3&quot;:3},{&quot;1&quot;:1,&quot;2&quot;:0,&quot;4&quot;:3}]},&quot;6&quot;:{&quot;1&quot;:[{&quot;1&quot;:2,&quot;2&quot;:0,&quot;5&quot;:[null,2,0]},{&quot;1&quot;:0,&quot;2&quot;:0,&quot;3&quot;:3},{&quot;1&quot;:1,&quot;2&quot;:0,&quot;4&quot;:3}]},&quot;7&quot;:{&quot;1&quot;:[{&quot;1&quot;:2,&quot;2&quot;:0,&quot;5&quot;:[null,2,0]},{&quot;1&quot;:0,&quot;2&quot;:0,&quot;3&quot;:3},{&quot;1&quot;:1,&quot;2&quot;:0,&quot;4&quot;:3}]},&quot;8&quot;:{&quot;1&quot;:[{&quot;1&quot;:2,&quot;2&quot;:0,&quot;5&quot;:[null,2,0]},{&quot;1&quot;:0,&quot;2&quot;:0,&quot;3&quot;:3},{&quot;1&quot;:1,&quot;2&quot;:0,&quot;4&quot;:1}]},&quot;11&quot;:4,&quot;14&quot;:{&quot;1&quot;:3,&quot;3&quot;:1},&quot;16&quot;:9,&quot;17&quot;:1}\">M\u00f3dulo 2. Conceptos fundamentales y medici\u00f3n de evidencias de inclusi\u00f3n \u00a0(5 cr\u00e9ditos)<\/span><\/th>\n<th style=\"width: 10.8338%; height: 68px; text-align: center;\"><strong>Curso 25\/26<\/strong><\/th>\n<th style=\"width: 84.3178%; height: 68px; text-align: left;\"><span data-sheets-value=\"{&quot;1&quot;:2,&quot;2&quot;:&quot;COORDINADOR AGUSTIN HUETE&quot;}\" data-sheets-userformat=\"{&quot;2&quot;:27117,&quot;3&quot;:{&quot;1&quot;:0,&quot;3&quot;:1},&quot;5&quot;:{&quot;1&quot;:[{&quot;1&quot;:2,&quot;2&quot;:0,&quot;5&quot;:[null,2,0]},{&quot;1&quot;:0,&quot;2&quot;:0,&quot;3&quot;:3},{&quot;1&quot;:1,&quot;2&quot;:0,&quot;4&quot;:3}]},&quot;6&quot;:{&quot;1&quot;:[{&quot;1&quot;:2,&quot;2&quot;:0,&quot;5&quot;:[null,2,0]},{&quot;1&quot;:0,&quot;2&quot;:0,&quot;3&quot;:3},{&quot;1&quot;:1,&quot;2&quot;:0,&quot;4&quot;:3}]},&quot;8&quot;:{&quot;1&quot;:[{&quot;1&quot;:2,&quot;2&quot;:0,&quot;5&quot;:[null,2,0]},{&quot;1&quot;:0,&quot;2&quot;:0,&quot;3&quot;:3},{&quot;1&quot;:1,&quot;2&quot;:0,&quot;4&quot;:3}]},&quot;9&quot;:1,&quot;10&quot;:1,&quot;11&quot;:4,&quot;14&quot;:{&quot;1&quot;:3,&quot;3&quot;:1},&quot;16&quot;:9,&quot;17&quot;:1}\">COORDINADOR AGUSTIN HUETE<\/span><\/th>\n<\/tr>\n<\/thead>\n<tbody>\n<tr style=\"height: 48px;\">\n<td style=\"width: 43.5481%; height: 48px;\"><span data-sheets-value=\"{&quot;1&quot;:2,&quot;2&quot;:&quot;Conceptos fundamentales, cultura de las capacidades e inclusi\u00f3n social&quot;}\" data-sheets-userformat=\"{&quot;2&quot;:10681,&quot;3&quot;:{&quot;1&quot;:0,&quot;3&quot;:1},&quot;6&quot;:{&quot;1&quot;:[{&quot;1&quot;:2,&quot;2&quot;:0,&quot;5&quot;:[null,2,0]},{&quot;1&quot;:0,&quot;2&quot;:0,&quot;3&quot;:3},{&quot;1&quot;:1,&quot;2&quot;:0,&quot;4&quot;:1}]},&quot;7&quot;:{&quot;1&quot;:[{&quot;1&quot;:2,&quot;2&quot;:0,&quot;5&quot;:[null,2,0]},{&quot;1&quot;:0,&quot;2&quot;:0,&quot;3&quot;:3},{&quot;1&quot;:1,&quot;2&quot;:0,&quot;4&quot;:1}]},&quot;8&quot;:{&quot;1&quot;:[{&quot;1&quot;:2,&quot;2&quot;:0,&quot;5&quot;:[null,2,0]},{&quot;1&quot;:0,&quot;2&quot;:0,&quot;3&quot;:3},{&quot;1&quot;:1,&quot;2&quot;:0,&quot;4&quot;:1}]},&quot;10&quot;:0,&quot;11&quot;:4,&quot;14&quot;:{&quot;1&quot;:3,&quot;3&quot;:1},&quot;16&quot;:9}\">Conceptos fundamentales, cultura de las capacidades e inclusi\u00f3n social<\/span><\/td>\n<td style=\"width: 10.8338%; height: 48px; text-align: center;\"><strong>12 dic<\/strong><\/td>\n<td style=\"width: 84.3178%; height: 48px;\"><strong>Agust\u00edn Huete Garcia<\/strong>\u2013 Doctor por la Universidad de Salamanca, Profesor del Departamento de Sociolog\u00eda y Comunicaci\u00f3n, USAL, Miembro del INICO<\/td>\n<\/tr>\n<tr style=\"height: 24px;\">\n<td style=\"width: 43.5481%; height: 24px;\"><span data-sheets-value=\"{&quot;1&quot;:2,&quot;2&quot;:&quot;Accesibilidad Universal y Dise\u00f1o para todas las personas (ayudas t\u00e9cnicas y dom\u00f3ticas. Lectura f\u00e1cil)&quot;}\" data-sheets-userformat=\"{&quot;2&quot;:10681,&quot;3&quot;:{&quot;1&quot;:0,&quot;3&quot;:1},&quot;6&quot;:{&quot;1&quot;:[{&quot;1&quot;:2,&quot;2&quot;:0,&quot;5&quot;:[null,2,0]},{&quot;1&quot;:0,&quot;2&quot;:0,&quot;3&quot;:3},{&quot;1&quot;:1,&quot;2&quot;:0,&quot;4&quot;:1}]},&quot;7&quot;:{&quot;1&quot;:[{&quot;1&quot;:2,&quot;2&quot;:0,&quot;5&quot;:[null,2,0]},{&quot;1&quot;:0,&quot;2&quot;:0,&quot;3&quot;:3},{&quot;1&quot;:1,&quot;2&quot;:0,&quot;4&quot;:1}]},&quot;8&quot;:{&quot;1&quot;:[{&quot;1&quot;:2,&quot;2&quot;:0,&quot;5&quot;:[null,2,0]},{&quot;1&quot;:0,&quot;2&quot;:0,&quot;3&quot;:3},{&quot;1&quot;:1,&quot;2&quot;:0,&quot;4&quot;:1}]},&quot;10&quot;:0,&quot;11&quot;:4,&quot;14&quot;:{&quot;1&quot;:3,&quot;3&quot;:1},&quot;16&quot;:9}\">Accesibilidad Universal y Dise\u00f1o para todas las personas (ayudas t\u00e9cnicas y dom\u00f3ticas. Lectura f\u00e1cil)<\/span><\/td>\n<td style=\"width: 10.8338%; height: 24px; text-align: center;\"><strong>12 dic<\/strong><\/td>\n<td style=\"width: 84.3178%; height: 24px;\"><strong>Guillermo Hurtado Romero<\/strong> &#8211; T\u00e9cnico en accesibilidad universal del IMPD del Ayuntamiento Barcelona. Miembro Junta Directiva de ASEPAU.<\/td>\n<\/tr>\n<tr style=\"height: 48px;\">\n<td style=\"width: 43.5481%; height: 48px;\"><span data-sheets-value=\"{&quot;1&quot;:2,&quot;2&quot;:&quot;Promoci\u00f3n autonom\u00eda personal y vida independiente. La figura del Asistente Personal.&quot;}\" data-sheets-userformat=\"{&quot;2&quot;:10685,&quot;3&quot;:{&quot;1&quot;:0,&quot;3&quot;:1},&quot;5&quot;:{&quot;1&quot;:[{&quot;1&quot;:2,&quot;2&quot;:0,&quot;5&quot;:[null,2,0]},{&quot;1&quot;:0,&quot;2&quot;:0,&quot;3&quot;:3},{&quot;1&quot;:1,&quot;2&quot;:0,&quot;4&quot;:1}]},&quot;6&quot;:{&quot;1&quot;:[{&quot;1&quot;:2,&quot;2&quot;:0,&quot;5&quot;:[null,2,0]},{&quot;1&quot;:0,&quot;2&quot;:0,&quot;3&quot;:3},{&quot;1&quot;:1,&quot;2&quot;:0,&quot;4&quot;:1}]},&quot;7&quot;:{&quot;1&quot;:[{&quot;1&quot;:2,&quot;2&quot;:0,&quot;5&quot;:[null,2,0]},{&quot;1&quot;:0,&quot;2&quot;:0,&quot;3&quot;:3},{&quot;1&quot;:1,&quot;2&quot;:0,&quot;4&quot;:1}]},&quot;8&quot;:{&quot;1&quot;:[{&quot;1&quot;:2,&quot;2&quot;:0,&quot;5&quot;:[null,2,0]},{&quot;1&quot;:0,&quot;2&quot;:0,&quot;3&quot;:3},{&quot;1&quot;:1,&quot;2&quot;:0,&quot;4&quot;:1}]},&quot;10&quot;:0,&quot;11&quot;:4,&quot;14&quot;:{&quot;1&quot;:3,&quot;3&quot;:1},&quot;16&quot;:9}\">Promoci\u00f3n autonom\u00eda personal y vida independiente. La figura del Asistente Personal.<\/span><\/td>\n<td style=\"width: 10.8338%; height: 48px; text-align: center;\"><strong>19 dic<\/strong><\/td>\n<td style=\"width: 84.3178%; height: 48px;\">Por determinar<\/td>\n<\/tr>\n<tr style=\"height: 48px;\">\n<td style=\"width: 43.5481%; height: 48px;\"><span data-sheets-value=\"{&quot;1&quot;:2,&quot;2&quot;:&quot;Medici\u00f3n y fuentes estad\u00edsiticas. Demografia de la discapacidad (edad, g\u00e9nero, tipo de discapacidad...)&quot;}\" data-sheets-userformat=\"{&quot;2&quot;:10685,&quot;3&quot;:{&quot;1&quot;:0,&quot;3&quot;:1},&quot;5&quot;:{&quot;1&quot;:[{&quot;1&quot;:2,&quot;2&quot;:0,&quot;5&quot;:[null,2,0]},{&quot;1&quot;:0,&quot;2&quot;:0,&quot;3&quot;:3},{&quot;1&quot;:1,&quot;2&quot;:0,&quot;4&quot;:1}]},&quot;6&quot;:{&quot;1&quot;:[{&quot;1&quot;:2,&quot;2&quot;:0,&quot;5&quot;:[null,2,0]},{&quot;1&quot;:0,&quot;2&quot;:0,&quot;3&quot;:3},{&quot;1&quot;:1,&quot;2&quot;:0,&quot;4&quot;:1}]},&quot;7&quot;:{&quot;1&quot;:[{&quot;1&quot;:2,&quot;2&quot;:0,&quot;5&quot;:[null,2,0]},{&quot;1&quot;:0,&quot;2&quot;:0,&quot;3&quot;:3},{&quot;1&quot;:1,&quot;2&quot;:0,&quot;4&quot;:1}]},&quot;8&quot;:{&quot;1&quot;:[{&quot;1&quot;:2,&quot;2&quot;:0,&quot;5&quot;:[null,2,0]},{&quot;1&quot;:0,&quot;2&quot;:0,&quot;3&quot;:3},{&quot;1&quot;:1,&quot;2&quot;:0,&quot;4&quot;:1}]},&quot;10&quot;:0,&quot;11&quot;:4,&quot;14&quot;:{&quot;1&quot;:3,&quot;3&quot;:1},&quot;16&quot;:9}\">Medici\u00f3n y fuentes estad\u00edsticas. Demograf\u00eda de la discapacidad (edad, g\u00e9nero, tipo de discapacidad&#8230;)<\/span><\/td>\n<td style=\"width: 10.8338%; height: 48px; text-align: center;\"><strong>19 dic<\/strong><\/td>\n<td style=\"width: 84.3178%; height: 48px;\"><span data-sheets-value=\"{&quot;1&quot;:2,&quot;2&quot;:&quot;Antonio Jimenez - Licenciado en Ciencias Pol\u00edticas (UPSA) , en Sociolog\u00eda (UCM) y en Ciencias de la Informaci\u00f3n (UCM)&quot;}\" data-sheets-userformat=\"{&quot;2&quot;:10685,&quot;3&quot;:{&quot;1&quot;:0,&quot;3&quot;:1},&quot;5&quot;:{&quot;1&quot;:[{&quot;1&quot;:2,&quot;2&quot;:0,&quot;5&quot;:[null,2,0]},{&quot;1&quot;:0,&quot;2&quot;:0,&quot;3&quot;:3},{&quot;1&quot;:1,&quot;2&quot;:0,&quot;4&quot;:1}]},&quot;6&quot;:{&quot;1&quot;:[{&quot;1&quot;:2,&quot;2&quot;:0,&quot;5&quot;:[null,2,0]},{&quot;1&quot;:0,&quot;2&quot;:0,&quot;3&quot;:3},{&quot;1&quot;:1,&quot;2&quot;:0,&quot;4&quot;:1}]},&quot;7&quot;:{&quot;1&quot;:[{&quot;1&quot;:2,&quot;2&quot;:0,&quot;5&quot;:[null,2,0]},{&quot;1&quot;:0,&quot;2&quot;:0,&quot;3&quot;:3},{&quot;1&quot;:1,&quot;2&quot;:0,&quot;4&quot;:1}]},&quot;8&quot;:{&quot;1&quot;:[{&quot;1&quot;:2,&quot;2&quot;:0,&quot;5&quot;:[null,2,0]},{&quot;1&quot;:0,&quot;2&quot;:0,&quot;3&quot;:3},{&quot;1&quot;:1,&quot;2&quot;:0,&quot;4&quot;:1}]},&quot;10&quot;:1,&quot;11&quot;:4,&quot;14&quot;:{&quot;1&quot;:3,&quot;3&quot;:1},&quot;16&quot;:9}\"><strong>Antonio Jim\u00e9nez Lara-<\/strong> Licenciado en Ciencias Pol\u00edticas (UPSA) , en Sociolog\u00eda (UCM) y en Ciencias de la Informaci\u00f3n (UCM)<\/span><\/td>\n<\/tr>\n<tr style=\"height: 24px;\">\n<td style=\"width: 43.5481%; height: 24px;\"><span data-sheets-value=\"{&quot;1&quot;:2,&quot;2&quot;:&quot;Resultados de Inclusi\u00f3n social (igualdad de oportunidades y no discriminaci\u00f3n)&quot;}\" data-sheets-userformat=\"{&quot;2&quot;:10685,&quot;3&quot;:{&quot;1&quot;:0,&quot;3&quot;:1},&quot;5&quot;:{&quot;1&quot;:[{&quot;1&quot;:2,&quot;2&quot;:0,&quot;5&quot;:[null,2,0]},{&quot;1&quot;:0,&quot;2&quot;:0,&quot;3&quot;:3},{&quot;1&quot;:1,&quot;2&quot;:0,&quot;4&quot;:1}]},&quot;6&quot;:{&quot;1&quot;:[{&quot;1&quot;:2,&quot;2&quot;:0,&quot;5&quot;:[null,2,0]},{&quot;1&quot;:0,&quot;2&quot;:0,&quot;3&quot;:3},{&quot;1&quot;:1,&quot;2&quot;:0,&quot;4&quot;:3}]},&quot;7&quot;:{&quot;1&quot;:[{&quot;1&quot;:2,&quot;2&quot;:0,&quot;5&quot;:[null,2,0]},{&quot;1&quot;:0,&quot;2&quot;:0,&quot;3&quot;:3},{&quot;1&quot;:1,&quot;2&quot;:0,&quot;4&quot;:1}]},&quot;8&quot;:{&quot;1&quot;:[{&quot;1&quot;:2,&quot;2&quot;:0,&quot;5&quot;:[null,2,0]},{&quot;1&quot;:0,&quot;2&quot;:0,&quot;3&quot;:3},{&quot;1&quot;:1,&quot;2&quot;:0,&quot;4&quot;:1}]},&quot;10&quot;:0,&quot;11&quot;:4,&quot;14&quot;:{&quot;1&quot;:3,&quot;3&quot;:1},&quot;16&quot;:9}\">Resultados de Inclusi\u00f3n social (igualdad de oportunidades y no discriminaci\u00f3n)<\/span><\/td>\n<td style=\"width: 10.8338%; height: 24px; text-align: center;\"><strong>16 ene<\/strong><\/td>\n<td style=\"width: 84.3178%; height: 24px;\"><span data-sheets-value=\"{&quot;1&quot;:2,&quot;2&quot;:&quot;Eduardo D\u00edaz - Doctor en sociologia por la Universidad Complutense de Madrid&quot;}\" data-sheets-userformat=\"{&quot;2&quot;:10685,&quot;3&quot;:{&quot;1&quot;:0,&quot;3&quot;:1},&quot;5&quot;:{&quot;1&quot;:[{&quot;1&quot;:2,&quot;2&quot;:0,&quot;5&quot;:[null,2,0]},{&quot;1&quot;:0,&quot;2&quot;:0,&quot;3&quot;:3},{&quot;1&quot;:1,&quot;2&quot;:0,&quot;4&quot;:1}]},&quot;6&quot;:{&quot;1&quot;:[{&quot;1&quot;:2,&quot;2&quot;:0,&quot;5&quot;:[null,2,0]},{&quot;1&quot;:0,&quot;2&quot;:0,&quot;3&quot;:3},{&quot;1&quot;:1,&quot;2&quot;:0,&quot;4&quot;:3}]},&quot;7&quot;:{&quot;1&quot;:[{&quot;1&quot;:2,&quot;2&quot;:0,&quot;5&quot;:[null,2,0]},{&quot;1&quot;:0,&quot;2&quot;:0,&quot;3&quot;:3},{&quot;1&quot;:1,&quot;2&quot;:0,&quot;4&quot;:1}]},&quot;8&quot;:{&quot;1&quot;:[{&quot;1&quot;:2,&quot;2&quot;:0,&quot;5&quot;:[null,2,0]},{&quot;1&quot;:0,&quot;2&quot;:0,&quot;3&quot;:3},{&quot;1&quot;:1,&quot;2&quot;:0,&quot;4&quot;:1}]},&quot;10&quot;:1,&quot;11&quot;:4,&quot;14&quot;:{&quot;1&quot;:3,&quot;3&quot;:1},&quot;16&quot;:9}\"><strong>Eduardo D\u00edaz Vel\u00e1zquez<\/strong>&#8211; Profesor de Sociolog\u00eda en la Universidad de Alcal\u00e1, licenciado y doctor en Sociolog\u00eda y diplomado en Trabajo Social por la UCM.<\/span><\/td>\n<\/tr>\n<\/tbody>\n<\/table>\n[\/et_pb_text][\/et_pb_column][\/et_pb_row][\/et_pb_section][et_pb_section fb_built=\u00bb1&#8243; admin_label=\u00bbFooter\u00bb module_class=\u00bbfooter-bkg\u00bb _builder_version=\u00bb4.7.4&#8243; background_color=\u00bb#00aaaa\u00bb background_enable_color=\u00bboff\u00bb background_image=\u00bbhttps:\/\/www.personasdiscapacidad.es\/wp-content\/uploads\/2021\/06\/fons-footer.svg\u00bb background_size=\u00bbcontain\u00bb background_position=\u00bbbottom_center\u00bb custom_padding=\u00bb170px|0px|60px|0px|false|false\u00bb animation_style=\u00bbzoom\u00bb animation_direction=\u00bbbottom\u00bb animation_intensity_zoom=\u00bb6%\u00bb animation_starting_opacity=\u00bb100%\u00bb global_module=\u00bb593&#8243; saved_tabs=\u00bball\u00bb locked=\u00bboff\u00bb collapsed=\u00bboff\u00bb global_colors_info=\u00bb{}\u00bb][\/et_pb_section]\n","protected":false},"excerpt":{"rendered":"<p>POSTGRADOM\u00f3dulo 2: Conceptos fundamentales y medici\u00f3n de evidencias de inclusi\u00f3n5 cr\u00e9ditosRelaci\u00f3n de competenciasCompromiso \u00e9ticoCapacidad para gestionar informaci\u00f3n de manera aut\u00f3noma para asegurar un aprendizaje permanente contemplando la utilizaci\u00f3n de las [&hellip;]<\/p>\n","protected":false},"author":1,"featured_media":0,"parent":0,"menu_order":0,"comment_status":"closed","ping_status":"closed","template":"","meta":{"_et_pb_use_builder":"on","_et_pb_old_content":"","_et_gb_content_width":"","inline_featured_image":false,"footnotes":""},"yoast_head":"<!-- This site is optimized with the Yoast SEO plugin v22.8 - https:\/\/yoast.com\/wordpress\/plugins\/seo\/ -->\n<title>M\u00f3dulo 2 - Postgrado Personas con Discapacidad<\/title>\n<meta name=\"robots\" content=\"index, follow, max-snippet:-1, max-image-preview:large, max-video-preview:-1\" \/>\n<link rel=\"canonical\" href=\"https:\/\/www.personasdiscapacidad.es\/es\/modulo-2\/\" \/>\n<meta property=\"og:locale\" content=\"es_ES\" \/>\n<meta property=\"og:type\" content=\"article\" \/>\n<meta property=\"og:title\" content=\"M\u00f3dulo 2 - Postgrado Personas con Discapacidad\" \/>\n<meta property=\"og:description\" content=\"POSTGRADOM\u00f3dulo 2: Conceptos fundamentales y medici\u00f3n de evidencias de inclusi\u00f3n5 cr\u00e9ditosRelaci\u00f3n de competenciasCompromiso \u00e9ticoCapacidad para gestionar informaci\u00f3n de manera aut\u00f3noma para asegurar un aprendizaje permanente contemplando la utilizaci\u00f3n de las [&hellip;]\" \/>\n<meta property=\"og:url\" content=\"https:\/\/www.personasdiscapacidad.es\/es\/modulo-2\/\" \/>\n<meta property=\"og:site_name\" content=\"Postgrado Personas con Discapacidad\" \/>\n<meta property=\"article:modified_time\" content=\"2026-01-12T10:12:56+00:00\" \/>\n<meta name=\"twitter:card\" content=\"summary_large_image\" \/>\n<meta name=\"twitter:label1\" content=\"Tiempo de lectura\" \/>\n\t<meta name=\"twitter:data1\" content=\"11 minutos\" \/>\n<script type=\"application\/ld+json\" class=\"yoast-schema-graph\">{\"@context\":\"https:\/\/schema.org\",\"@graph\":[{\"@type\":\"WebPage\",\"@id\":\"https:\/\/www.personasdiscapacidad.es\/es\/modulo-2\/\",\"url\":\"https:\/\/www.personasdiscapacidad.es\/es\/modulo-2\/\",\"name\":\"M\u00f3dulo 2 - Postgrado Personas con Discapacidad\",\"isPartOf\":{\"@id\":\"https:\/\/www.personasdiscapacidad.es\/es\/#website\"},\"datePublished\":\"2019-09-10T11:48:01+00:00\",\"dateModified\":\"2026-01-12T10:12:56+00:00\",\"breadcrumb\":{\"@id\":\"https:\/\/www.personasdiscapacidad.es\/es\/modulo-2\/#breadcrumb\"},\"inLanguage\":\"es\",\"potentialAction\":[{\"@type\":\"ReadAction\",\"target\":[\"https:\/\/www.personasdiscapacidad.es\/es\/modulo-2\/\"]}]},{\"@type\":\"BreadcrumbList\",\"@id\":\"https:\/\/www.personasdiscapacidad.es\/es\/modulo-2\/#breadcrumb\",\"itemListElement\":[{\"@type\":\"ListItem\",\"position\":1,\"name\":\"Portada\",\"item\":\"https:\/\/www.personasdiscapacidad.es\/es\/\"},{\"@type\":\"ListItem\",\"position\":2,\"name\":\"M\u00f3dulo 2\"}]},{\"@type\":\"WebSite\",\"@id\":\"https:\/\/www.personasdiscapacidad.es\/es\/#website\",\"url\":\"https:\/\/www.personasdiscapacidad.es\/es\/\",\"name\":\"Postgrado Personas con Discapacidad\",\"description\":\"Derechos sociales y cultura de las discapacidades\",\"potentialAction\":[{\"@type\":\"SearchAction\",\"target\":{\"@type\":\"EntryPoint\",\"urlTemplate\":\"https:\/\/www.personasdiscapacidad.es\/es\/?s={search_term_string}\"},\"query-input\":\"required name=search_term_string\"}],\"inLanguage\":\"es\"}]}<\/script>\n<!-- \/ Yoast SEO plugin. -->","yoast_head_json":{"title":"M\u00f3dulo 2 - Postgrado Personas con Discapacidad","robots":{"index":"index","follow":"follow","max-snippet":"max-snippet:-1","max-image-preview":"max-image-preview:large","max-video-preview":"max-video-preview:-1"},"canonical":"https:\/\/www.personasdiscapacidad.es\/es\/modulo-2\/","og_locale":"es_ES","og_type":"article","og_title":"M\u00f3dulo 2 - Postgrado Personas con Discapacidad","og_description":"POSTGRADOM\u00f3dulo 2: Conceptos fundamentales y medici\u00f3n de evidencias de inclusi\u00f3n5 cr\u00e9ditosRelaci\u00f3n de competenciasCompromiso \u00e9ticoCapacidad para gestionar informaci\u00f3n de manera aut\u00f3noma para asegurar un aprendizaje permanente contemplando la utilizaci\u00f3n de las [&hellip;]","og_url":"https:\/\/www.personasdiscapacidad.es\/es\/modulo-2\/","og_site_name":"Postgrado Personas con Discapacidad","article_modified_time":"2026-01-12T10:12:56+00:00","twitter_card":"summary_large_image","twitter_misc":{"Tiempo de lectura":"11 minutos"},"schema":{"@context":"https:\/\/schema.org","@graph":[{"@type":"WebPage","@id":"https:\/\/www.personasdiscapacidad.es\/es\/modulo-2\/","url":"https:\/\/www.personasdiscapacidad.es\/es\/modulo-2\/","name":"M\u00f3dulo 2 - Postgrado Personas con Discapacidad","isPartOf":{"@id":"https:\/\/www.personasdiscapacidad.es\/es\/#website"},"datePublished":"2019-09-10T11:48:01+00:00","dateModified":"2026-01-12T10:12:56+00:00","breadcrumb":{"@id":"https:\/\/www.personasdiscapacidad.es\/es\/modulo-2\/#breadcrumb"},"inLanguage":"es","potentialAction":[{"@type":"ReadAction","target":["https:\/\/www.personasdiscapacidad.es\/es\/modulo-2\/"]}]},{"@type":"BreadcrumbList","@id":"https:\/\/www.personasdiscapacidad.es\/es\/modulo-2\/#breadcrumb","itemListElement":[{"@type":"ListItem","position":1,"name":"Portada","item":"https:\/\/www.personasdiscapacidad.es\/es\/"},{"@type":"ListItem","position":2,"name":"M\u00f3dulo 2"}]},{"@type":"WebSite","@id":"https:\/\/www.personasdiscapacidad.es\/es\/#website","url":"https:\/\/www.personasdiscapacidad.es\/es\/","name":"Postgrado Personas con Discapacidad","description":"Derechos sociales y cultura de las discapacidades","potentialAction":[{"@type":"SearchAction","target":{"@type":"EntryPoint","urlTemplate":"https:\/\/www.personasdiscapacidad.es\/es\/?s={search_term_string}"},"query-input":"required name=search_term_string"}],"inLanguage":"es"}]}},"_links":{"self":[{"href":"https:\/\/www.personasdiscapacidad.es\/es\/wp-json\/wp\/v2\/pages\/383"}],"collection":[{"href":"https:\/\/www.personasdiscapacidad.es\/es\/wp-json\/wp\/v2\/pages"}],"about":[{"href":"https:\/\/www.personasdiscapacidad.es\/es\/wp-json\/wp\/v2\/types\/page"}],"author":[{"embeddable":true,"href":"https:\/\/www.personasdiscapacidad.es\/es\/wp-json\/wp\/v2\/users\/1"}],"replies":[{"embeddable":true,"href":"https:\/\/www.personasdiscapacidad.es\/es\/wp-json\/wp\/v2\/comments?post=383"}],"version-history":[{"count":14,"href":"https:\/\/www.personasdiscapacidad.es\/es\/wp-json\/wp\/v2\/pages\/383\/revisions"}],"predecessor-version":[{"id":2258,"href":"https:\/\/www.personasdiscapacidad.es\/es\/wp-json\/wp\/v2\/pages\/383\/revisions\/2258"}],"wp:attachment":[{"href":"https:\/\/www.personasdiscapacidad.es\/es\/wp-json\/wp\/v2\/media?parent=383"}],"curies":[{"name":"wp","href":"https:\/\/api.w.org\/{rel}","templated":true}]}}