{"id":418,"date":"2019-09-10T11:52:07","date_gmt":"2019-09-10T09:52:07","guid":{"rendered":"\/professorat\/"},"modified":"2026-01-16T12:12:41","modified_gmt":"2026-01-16T11:12:41","slug":"profesorado","status":"publish","type":"page","link":"https:\/\/www.personasdiscapacidad.es\/es\/profesorado\/","title":{"rendered":"Profesorado"},"content":{"rendered":"[et_pb_section fb_built=\u00bb1&#8243; _builder_version=\u00bb4.27.5&#8243; _module_preset=\u00bbdefault\u00bb background_color=\u00bb#5CC2D6&#8243; positioning=\u00bbnone\u00bb position_origin_f=\u00bbtop_center\u00bb vertical_offset=\u00bb95px\u00bb custom_margin=\u00bb0px||30px||false|false\u00bb custom_padding=\u00bb7px||7px||true|false\u00bb locked=\u00bboff\u00bb global_colors_info=\u00bb{}\u00bb disabled_on=\u00bbon|on|on\u00bb disabled=\u00bbon\u00bb][et_pb_row _builder_version=\u00bb4.27.5&#8243; _module_preset=\u00bbdefault\u00bb custom_margin=\u00bb0px||0px||true|false\u00bb custom_padding=\u00bb0px||0px||true|false\u00bb global_colors_info=\u00bb{}\u00bb][et_pb_column type=\u00bb4_4&#8243; _builder_version=\u00bb4.27.5&#8243; _module_preset=\u00bbdefault\u00bb global_colors_info=\u00bb{}\u00bb][et_pb_text _builder_version=\u00bb4.27.5&#8243; _module_preset=\u00bbdefault\u00bb text_font=\u00bb|700||on|||||\u00bb text_text_color=\u00bb#FFFFFF\u00bb text_font_size=\u00bb18px\u00bb text_letter_spacing=\u00bb4px\u00bb global_colors_info=\u00bb{}\u00bb]\n<p style=\"text-align: center;\">m\u00e1ster<\/p>\n[\/et_pb_text][\/et_pb_column][\/et_pb_row][\/et_pb_section][et_pb_section fb_built=\u00bb1&#8243; admin_label=\u00bbCourses Hero\u00bb _builder_version=\u00bb4.16&#8243; background_enable_color=\u00bboff\u00bb background_image=\u00bbhttps:\/\/www.personasdiscapacidad.es\/wp-content\/uploads\/2021\/06\/intro.svg\u00bb background_size=\u00bbinitial\u00bb background_position=\u00bbcenter_left\u00bb custom_padding=\u00bb70px|0px|130px|0px|false|false\u00bb animation_style=\u00bbslide\u00bb animation_direction=\u00bbtop\u00bb animation_intensity_slide=\u00bb2%\u00bb locked=\u00bboff\u00bb global_colors_info=\u00bb{}\u00bb][et_pb_row _builder_version=\u00bb4.16&#8243; background_size=\u00bbinitial\u00bb background_position=\u00bbtop_left\u00bb background_repeat=\u00bbrepeat\u00bb module_alignment=\u00bbleft\u00bb custom_margin=\u00bb|||\u00bb custom_width_px=\u00bb1280px\u00bb global_colors_info=\u00bb{}\u00bb][et_pb_column type=\u00bb4_4&#8243; _builder_version=\u00bb4.16&#8243; custom_padding=\u00bb|||\u00bb global_colors_info=\u00bb{}\u00bb custom_padding__hover=\u00bb|||\u00bb][et_pb_text _builder_version=\u00bb4.27.5&#8243; header_font=\u00bb|on|||\u00bb header_text_align=\u00bbleft\u00bb header_text_color=\u00bb#5cc2d6&#8243; header_font_size=\u00bb42px\u00bb header_line_height=\u00bb1.3em\u00bb background_size=\u00bbinitial\u00bb background_position=\u00bbtop_left\u00bb background_repeat=\u00bbrepeat\u00bb text_orientation=\u00bbcenter\u00bb background_layout=\u00bbdark\u00bb max_width=\u00bb530px\u00bb module_alignment=\u00bbcenter\u00bb custom_padding=\u00bb|||\u00bb header_font_size_tablet=\u00bb\u00bb header_font_size_phone=\u00bb\u00bb header_font_size_last_edited=\u00bbon|desktop\u00bb locked=\u00bboff\u00bb global_colors_info=\u00bb{}\u00bb]\n<h1 style=\"text-align: left;\">Profesorado<\/h1>\n[\/et_pb_text][\/et_pb_column][\/et_pb_row][\/et_pb_section][et_pb_section fb_built=\u00bb1&#8243; theme_builder_area=\u00bbpost_content\u00bb _builder_version=\u00bb4.27.5&#8243; _module_preset=\u00bbdefault\u00bb hover_enabled=\u00bb0&#8243; sticky_enabled=\u00bb0&#8243; custom_padding=\u00bb0px||||false|false\u00bb][et_pb_row _builder_version=\u00bb4.27.5&#8243; _module_preset=\u00bbdefault\u00bb theme_builder_area=\u00bbpost_content\u00bb][et_pb_column _builder_version=\u00bb4.27.5&#8243; _module_preset=\u00bbdefault\u00bb type=\u00bb4_4&#8243; theme_builder_area=\u00bbpost_content\u00bb][et_pb_text _builder_version=\u00bb4.27.5&#8243; _module_preset=\u00bbdefault\u00bb theme_builder_area=\u00bbpost_content\u00bb hover_enabled=\u00bb0&#8243; sticky_enabled=\u00bb0&#8243;]\n<h2><strong>Equipo de direcci\u00f3n y coordinaci\u00f3n acad\u00e9mica<\/strong><\/h2>\n[\/et_pb_text][\/et_pb_column][\/et_pb_row][\/et_pb_section][et_pb_section fb_built=\u00bb1&#8243; admin_label=\u00bbCourses\u00bb _builder_version=\u00bb4.27.5&#8243; custom_padding=\u00bb0px|0px|100px|0px\u00bb hover_enabled=\u00bb0&#8243; global_colors_info=\u00bb{}\u00bb sticky_enabled=\u00bb0&#8243;][et_pb_row column_structure=\u00bb1_2,1_2&#8243; _builder_version=\u00bb4.27.5&#8243; background_size=\u00bbinitial\u00bb background_position=\u00bbtop_left\u00bb background_repeat=\u00bbrepeat\u00bb custom_margin=\u00bb|||\u00bb custom_padding=\u00bb0px|0px|27px|0px\u00bb hover_enabled=\u00bb0&#8243; global_colors_info=\u00bb{}\u00bb sticky_enabled=\u00bb0&#8243;][et_pb_column type=\u00bb1_2&#8243; _builder_version=\u00bb4.16&#8243; custom_padding=\u00bb|||\u00bb global_colors_info=\u00bb{}\u00bb custom_padding__hover=\u00bb|||\u00bb][et_pb_blurb title=\u00bbM PILAR DIAZ LOPEZ\u00bb url=\u00bb#\u00bb use_icon=\u00bbon\u00bb font_icon=\u00bb&#xe08a;||divi||400&#8243; icon_placement=\u00bbleft\u00bb content_max_width=\u00bb1100px\u00bb _builder_version=\u00bb4.27.5&#8243; header_font=\u00bb|on|||\u00bb header_text_color=\u00bb#2e2545&#8243; header_line_height=\u00bb1.5em\u00bb body_text_color=\u00bb#424242&#8243; body_font_size=\u00bb16px\u00bb body_line_height=\u00bb1.5em\u00bb background_color=\u00bb#ffffff\u00bb background_size=\u00bbinitial\u00bb background_position=\u00bbtop_left\u00bb background_repeat=\u00bbrepeat\u00bb custom_margin=\u00bb-40px||10%||false|false\u00bb custom_padding=\u00bb30px|20px|30px|20px|false|false\u00bb animation_style=\u00bbzoom\u00bb animation_direction=\u00bbbottom\u00bb animation_intensity_zoom=\u00bb20%\u00bb animation_starting_opacity=\u00bb100%\u00bb hover_enabled=\u00bb0&#8243; border_radii=\u00bbon|10px|10px|10px|10px\u00bb border_width_all=\u00bb3px\u00bb border_color_all=\u00bb#5cc2d6&#8243; box_shadow_style=\u00bbpreset2&#8243; box_shadow_horizontal=\u00bb0px\u00bb box_shadow_vertical=\u00bb0px\u00bb box_shadow_blur=\u00bb60px\u00bb box_shadow_color=\u00bbrgba(71,74,182,0.12)\u00bb locked=\u00bboff\u00bb global_colors_info=\u00bb{}\u00bb sticky_enabled=\u00bb0&#8243;]\n<p><strong>M\u00e9ritos curriculares<\/strong><\/p>\n<p>Diplomada en Trabajo Social por la Universidad de Barcelona con estudios de Postgrado en Comunicaci\u00f3n y Liderazgo Pol\u00edtico en la UAB y M\u00e1ster en Discapacidad, Autonom\u00eda Personal y Dependencia por la UIMP.<br \/>Profesora asociada de la Universidad de Barcelona en la Unidad de Investigaci\u00f3n y Formaci\u00f3n (URF) de Trabajo Social, impartiendo la asignatura de Discapacidad y Trabajo Social.<br \/>Secretaria de Estado de Servicios Sociales del Ministerio de Sanidad, Consumo y Bienestar Social (2018), Directora del Observatorio de la Discapacidad F\u00edsica (2015-2018), presidenta del A Amputats Sant Jordi (2002-2016), presidenta de la Federaci\u00f3n Francesc Layret COCEMFE Barcelona (2016-2. Miembro de diferentes comisiones de participaci\u00f3n del CERMI y Vicepresidenta Cuarta del Comit\u00e9 Catal\u00e1n de Personas con Discapacidad<br \/>Coautora de diversas publicaciones y art\u00edculos relacionados con el impulso a las pol\u00edticas de discapacidad, los derechos de las personas con discapacidad o la accesibilidad universal entre otros temas.<br \/>Actualmente es Asesora Externa experta en pol\u00edticas de discapacidad y Patrona de la Fundaci\u00f3n Integralia-DKV. <\/p>\n[\/et_pb_blurb][\/et_pb_column][et_pb_column type=\u00bb1_2&#8243; _builder_version=\u00bb4.16&#8243; global_colors_info=\u00bb{}\u00bb][et_pb_blurb title=\u00bbMARIA VIRGINIA MATULIC DOMANDZIC\u00bb url=\u00bb#\u00bb use_icon=\u00bbon\u00bb font_icon=\u00bb&#xe08a;||divi||400&#8243; icon_placement=\u00bbleft\u00bb content_max_width=\u00bb1100px\u00bb _builder_version=\u00bb4.27.5&#8243; header_font=\u00bb|on|||\u00bb header_text_color=\u00bb#2e2545&#8243; header_line_height=\u00bb1.5em\u00bb body_text_color=\u00bb#424242&#8243; body_font_size=\u00bb16px\u00bb body_line_height=\u00bb1.5em\u00bb background_color=\u00bb#ffffff\u00bb background_size=\u00bbinitial\u00bb background_position=\u00bbtop_left\u00bb background_repeat=\u00bbrepeat\u00bb custom_margin=\u00bb-40px||10%||false|false\u00bb custom_padding=\u00bb30px|20px|30px|20px|false|false\u00bb animation_style=\u00bbzoom\u00bb animation_direction=\u00bbbottom\u00bb animation_intensity_zoom=\u00bb20%\u00bb animation_starting_opacity=\u00bb100%\u00bb hover_enabled=\u00bb0&#8243; border_radii=\u00bbon|10px|10px|10px|10px\u00bb border_width_all=\u00bb3px\u00bb border_color_all=\u00bb#5cc2d6&#8243; box_shadow_style=\u00bbpreset2&#8243; box_shadow_horizontal=\u00bb0px\u00bb box_shadow_vertical=\u00bb0px\u00bb box_shadow_blur=\u00bb60px\u00bb box_shadow_color=\u00bbrgba(71,74,182,0.12)\u00bb locked=\u00bboff\u00bb global_colors_info=\u00bb{}\u00bb sticky_enabled=\u00bb0&#8243;]\n<p><strong>Titulaciones acad\u00e9micas<\/strong><\/p>\n<p>Doctora por la Universidad de Barcelona (UB), licenciado en Antropolog\u00eda Social y Cultural y Diplomado en Trabajo Social. M\u00e1ster en Investigaci\u00f3n en Sociolog\u00eda (UB). <\/p>\n<p>Ha trabajado durante 19 a\u00f1os como trabajador social en distintos campos profesionales: servicios sociales b\u00e1sicos, salud mental, t\u00f3xicos, infancia en riesgo, comunidad gitana e inmigraci\u00f3n. Ha realizado varios proyectos relacionados con la intervenci\u00f3n social con familias en riesgo, asesorando a localidades de la provincia de Barcelona en temas relacionados con la inmigraci\u00f3n, la supervisi\u00f3n profesional en la Fundaci\u00f3n IRES y la formaci\u00f3n continua en Profesionales b\u00e1sicos de servicios sociales. <\/p>\n<p>Desde 2001 es profesora de ense\u00f1anza de trabajo social en la Universidad de Barcelona de asignaturas de trabajo social y servicios sociales. Investigador y miembro del Grupo de Investigaci\u00f3n e Innovaci\u00f3n de T.S., G.R.I.T.S.), La investigaci\u00f3n principal es el trabajo social con las familias. Es miembro del Grupo de Innovaci\u00f3n Docent Trans de la facultad de Educaci\u00f3n.<\/p>\n<p>Investigaci\u00f3n en curso: -Investigaci\u00f3n sobre familias en situaciones de carencia de vivienda en Barcelona. Red de atenci\u00f3n a Personas sin hogar en la ciudad de Barcelona (2018-2020). -Investigaci\u00f3n sobre la evaluaci\u00f3n de la fidelidad de la vivienda primero en la Fundaci\u00f3n Arrels (2018-2020).  <br \/>Otros m\u00e9ritos: XIV Premio de Investigaci\u00f3n Cient\u00edfica sobre \u00abNuevos perfiles de personas sin hogar en la ciudad de Barcelona\u00bb: una pendiente en los servicios sociales de proximalidad. Documentos de Trabajo Social (DTS, 2010). <\/p>\n[\/et_pb_blurb][\/et_pb_column][\/et_pb_row][\/et_pb_section][et_pb_section fb_built=\u00bb1&#8243; _builder_version=\u00bb4.27.5&#8243; _module_preset=\u00bbdefault\u00bb hover_enabled=\u00bb0&#8243; sticky_enabled=\u00bb0&#8243; locked=\u00bboff\u00bb custom_padding=\u00bb0px||||false|false\u00bb][et_pb_row _builder_version=\u00bb4.27.5&#8243; _module_preset=\u00bbdefault\u00bb theme_builder_area=\u00bbpost_content\u00bb][et_pb_column _builder_version=\u00bb4.27.5&#8243; _module_preset=\u00bbdefault\u00bb type=\u00bb4_4&#8243; theme_builder_area=\u00bbpost_content\u00bb][et_pb_text _builder_version=\u00bb4.27.5&#8243; _module_preset=\u00bbdefault\u00bb theme_builder_area=\u00bbpost_content\u00bb hover_enabled=\u00bb0&#8243; sticky_enabled=\u00bb0&#8243;]\n<h2><strong>Equipo de tutorias<\/strong><\/h2>\n[\/et_pb_text][\/et_pb_column][\/et_pb_row][\/et_pb_section][et_pb_section fb_built=\u00bb1&#8243; admin_label=\u00bbEquip tutories\u00bb _builder_version=\u00bb4.27.5&#8243; custom_padding=\u00bb0px|0px|100px|0px\u00bb hover_enabled=\u00bb0&#8243; global_colors_info=\u00bb{}\u00bb sticky_enabled=\u00bb0&#8243;][et_pb_row column_structure=\u00bb1_2,1_2&#8243; _builder_version=\u00bb4.27.5&#8243; background_size=\u00bbinitial\u00bb background_position=\u00bbtop_left\u00bb background_repeat=\u00bbrepeat\u00bb custom_margin=\u00bb|||\u00bb custom_padding=\u00bb0px|0px|27px|0px\u00bb hover_enabled=\u00bb0&#8243; global_colors_info=\u00bb{}\u00bb sticky_enabled=\u00bb0&#8243;][et_pb_column type=\u00bb1_2&#8243; _builder_version=\u00bb4.16&#8243; custom_padding=\u00bb|||\u00bb global_colors_info=\u00bb{}\u00bb custom_padding__hover=\u00bb|||\u00bb][et_pb_blurb title=\u00bbM. DELS ANGELS RENOM SOTORRA\u00bb url=\u00bb#\u00bb use_icon=\u00bbon\u00bb font_icon=\u00bb&#xe08a;||divi||400&#8243; icon_placement=\u00bbleft\u00bb content_max_width=\u00bb1100px\u00bb _builder_version=\u00bb4.27.5&#8243; header_font=\u00bb|on|||\u00bb header_text_color=\u00bb#2e2545&#8243; header_line_height=\u00bb1.5em\u00bb body_text_color=\u00bb#424242&#8243; body_font_size=\u00bb16px\u00bb body_line_height=\u00bb1.5em\u00bb background_color=\u00bb#ffffff\u00bb background_size=\u00bbinitial\u00bb background_position=\u00bbtop_left\u00bb background_repeat=\u00bbrepeat\u00bb custom_margin=\u00bb-40px||10%||false|false\u00bb custom_padding=\u00bb30px|20px|30px|20px|false|false\u00bb animation_style=\u00bbzoom\u00bb animation_direction=\u00bbbottom\u00bb animation_intensity_zoom=\u00bb20%\u00bb animation_starting_opacity=\u00bb100%\u00bb hover_enabled=\u00bb0&#8243; border_radii=\u00bbon|10px|10px|10px|10px\u00bb border_width_all=\u00bb3px\u00bb border_color_all=\u00bb#5cc2d6&#8243; box_shadow_style=\u00bbpreset2&#8243; box_shadow_horizontal=\u00bb0px\u00bb box_shadow_vertical=\u00bb0px\u00bb box_shadow_blur=\u00bb60px\u00bb box_shadow_color=\u00bbrgba(71,74,182,0.12)\u00bb locked=\u00bboff\u00bb global_colors_info=\u00bb{}\u00bb sticky_enabled=\u00bb0&#8243;]\n<p><strong>M\u00e9ritos curriculares<\/strong><\/p>\n<p>Diplomada en Magisterio y en Trabajo Social. Profesora Contratada Laboral Permanente de la UFR de Trabajo Social de la UB, Facultad de Educaci\u00f3n Implicaci\u00f3n profesional centrada en los Sistemas del Bienestar Social y gesti\u00f3n y formaci\u00f3n del Pr\u00e1cticum. Especialmente en temas de Justicia Penal Juvenil y Justicia de adultos.<br \/>Gesti\u00f3n: Coordinaci\u00f3n de los Practicums de la DTS y del Grado de Trabajo Social. Representaci\u00f3n en el Observatorio de la Discapacidad F\u00edsica. Coordinaci\u00f3n de los programas de movilidad con el IRTS (Instituto Regional de Travail Social) en Montpellier y Perpi\u00f1\u00e1n. Programas europeos de movilidad de j\u00f3venes estudiantes, con los partners de la IRTS de Milhouse (Alsacia) y la Universidad de K\u00f6lhn.<br \/>Complementa su labor docente en diferentes disciplinas:<br \/>\u2022 M\u00e1ster de Ejecuci\u00f3n Penal y Justicia Restaurativa. M\u00e1ster propio de la Facultad de Educaci\u00f3n<br \/>\u2022 Miembo activo del GIAD (Grupo de Investigaci\u00f3n y Asesoramiento Did\u00e1ctico) de la UB.      <br \/>\u2022 Colaboraci\u00f3n docente y de movilidad con la Universidad Cat\u00f3lica de M\u00fcnchen, y la Universidad de Bicoca (Roma).<br \/>\u2022 Participaci\u00f3n en el curso de Maestr\u00eda de la Universidad Cat\u00f3lica Pontificia de Per\u00fa y la Facultad de Econ\u00f3micas de la UB<br \/>Responsabilidad Social y proyectos:<br \/>\u2022 Cofundadora del IRES (Instituto de Reinserci\u00f3n Social)<br \/>\u2022 Dinamizadora de grupos educativos, juveniles<br \/>\u2022 Proyecto \u00abBASKIN at University\u00bb, una experiencia de deporte inclusivo con personas discapacitadas y estudiantes universitarios, Proyecto de innovaci\u00f3n socioeducativo experimental conjuntamente con la Universidad de Milan y la Universidad de Lyon.<br \/>Otros proyectos:<br \/>\u2022 Coordinadora, responsable del programa de movilidad \u00abJ\u00f3venes con Europa\u00bb con la Universidad de Colonia, IRTS de Mulhouse, y Escuela Universitaria de Trabajo Social BCN<br \/>Responsable del programa Interuniversitario: IRTS de Montpellier, IRTS Perpi\u00f1\u00e1n, Fundaci\u00f3n Pere Tarr\u00e9s de la URLL (Universidad Ramon Llull y Escuela de Trabajo Social de la UB<\/p>\n[\/et_pb_blurb][\/et_pb_column][et_pb_column type=\u00bb1_2&#8243; _builder_version=\u00bb4.16&#8243; global_colors_info=\u00bb{}\u00bb][et_pb_blurb title=\u00bbIRENE DE VICENTE ZUERAS\u00bb url=\u00bb#\u00bb use_icon=\u00bbon\u00bb font_icon=\u00bb&#xe08a;||divi||400&#8243; icon_placement=\u00bbleft\u00bb content_max_width=\u00bb1100px\u00bb _builder_version=\u00bb4.27.5&#8243; header_font=\u00bb|on|||\u00bb header_text_color=\u00bb#2e2545&#8243; header_line_height=\u00bb1.5em\u00bb body_text_color=\u00bb#424242&#8243; body_font_size=\u00bb16px\u00bb body_line_height=\u00bb1.5em\u00bb background_color=\u00bb#ffffff\u00bb background_size=\u00bbinitial\u00bb background_position=\u00bbtop_left\u00bb background_repeat=\u00bbrepeat\u00bb custom_margin=\u00bb-40px||10%||false|false\u00bb custom_padding=\u00bb30px|20px|30px|20px|false|false\u00bb animation_style=\u00bbzoom\u00bb animation_direction=\u00bbbottom\u00bb animation_intensity_zoom=\u00bb20%\u00bb animation_starting_opacity=\u00bb100%\u00bb hover_enabled=\u00bb0&#8243; border_radii=\u00bbon|10px|10px|10px|10px\u00bb border_width_all=\u00bb3px\u00bb border_color_all=\u00bb#5cc2d6&#8243; box_shadow_style=\u00bbpreset2&#8243; box_shadow_horizontal=\u00bb0px\u00bb box_shadow_vertical=\u00bb0px\u00bb box_shadow_blur=\u00bb60px\u00bb box_shadow_color=\u00bbrgba(71,74,182,0.12)\u00bb locked=\u00bboff\u00bb global_colors_info=\u00bb{}\u00bb sticky_enabled=\u00bb0&#8243;]\n<p><strong>M\u00e9ritos curriculares<\/strong><\/p>\n<p>Doctora por la Universidad de Barcelona (U.B.). Licenciada en Psicopedagog\u00eda y diplomada en Trabajo Social. Experta en Supervisi\u00f3n en Trabajo Social (T.S.). Ha ejercido como T.S. en diferentes \u00e1mbitos (enfermos cr\u00f3nicos, personas mayores dependientes, personas con problemas de adicciones) e instituciones p\u00fablicas y del tercer sector.<br \/>Desde 1995 es profesora de la actual UFR (Unidad de Formaci\u00f3n e Investigaci\u00f3n) de la U.B. de asignaturas de Trabajo Social y Servicios Sociales en el Grado de la Ense\u00f1anza de Trabajo Social. Es investigadora del Grupo de Investigaci\u00f3n e Innovaci\u00f3n en T.S. (G.R.I.T.S.) que tiene como investigaci\u00f3n principal el Trabajo Social con las Familias.<br \/>Investigaciones realizadas:<br \/>\u2022 La intervenci\u00f3n con las familias desde el Trabajo Social, financiada por la Fundaci\u00f3 La Caixa<br \/>\u2022 Evaluaci\u00f3n del impacto en la intervenci\u00f3n con las familias de ni\u00f1os en situaci\u00f3n de riesgo atendidas durante el a\u00f1o 2013. Investigaci\u00f3n realizada a demanda del Ayuntamiento de Hospitalet de Llobregat.<br \/>\u2022 La responsabilidad de los trabajadores sociales en la autodeterminaci\u00f3n de los colectivos m\u00e1s vulnerables (beca de investigaci\u00f3n de la Fundaci\u00f3n V\u00edctor Grifols y Lucas)<br \/>\u2022 La incidencia de la ley integral contra la violencia de g\u00e9nero en la formaci\u00f3n inicial del profesorado en el marco del Plan Nacional I+D+I Instituto de la Mujer-Ministerio de Igualdad.<br \/>Investigaci\u00f3n en curso:<br \/>\u2022 Mujeres sin hogar en la ciudad de Barcelona (2016-2018). Convenios de investigaci\u00f3n con seis entidades del tercer sector de la Red de atenci\u00f3n a personas sin hogar: Ra\u00edces Fundaci\u00f3n, As\u00eds Acogida, C\u00e1ritas, Hogar de Paz, Prohabitatge y Lola no est\u00e1s sola.<br \/>Direcci\u00f3n de diversas tesis doctorales en la l\u00ednea de: Trabajo Social, Servicios Sociales y Pol\u00edtica Social del Programa de Doctorado Educaci\u00f3n y Democracia de la Facultad de Educaci\u00f3n de la UB.      <\/p>\n[\/et_pb_blurb][\/et_pb_column][\/et_pb_row][\/et_pb_section][et_pb_section fb_built=\u00bb1&#8243; _builder_version=\u00bb4.27.5&#8243; _module_preset=\u00bbdefault\u00bb hover_enabled=\u00bb0&#8243; sticky_enabled=\u00bb0&#8243; locked=\u00bboff\u00bb custom_padding=\u00bb0px||||false|false\u00bb][et_pb_row _builder_version=\u00bb4.27.5&#8243; _module_preset=\u00bbdefault\u00bb theme_builder_area=\u00bbpost_content\u00bb][et_pb_column _builder_version=\u00bb4.27.5&#8243; _module_preset=\u00bbdefault\u00bb type=\u00bb4_4&#8243; theme_builder_area=\u00bbpost_content\u00bb][et_pb_text _builder_version=\u00bb4.27.5&#8243; _module_preset=\u00bbdefault\u00bb theme_builder_area=\u00bbpost_content\u00bb hover_enabled=\u00bb0&#8243; sticky_enabled=\u00bb0&#8243;]\n<h2><strong>Equip docent<\/strong><\/h2>\n[\/et_pb_text][\/et_pb_column][\/et_pb_row][\/et_pb_section][et_pb_section fb_built=\u00bb1&#8243; admin_label=\u00bbEquip docent\u00bb _builder_version=\u00bb4.27.5&#8243; custom_padding=\u00bb0px|0px|100px|0px\u00bb hover_enabled=\u00bb0&#8243; global_colors_info=\u00bb{}\u00bb sticky_enabled=\u00bb0&#8243;][et_pb_row column_structure=\u00bb1_2,1_2&#8243; _builder_version=\u00bb4.27.5&#8243; background_size=\u00bbinitial\u00bb background_position=\u00bbtop_left\u00bb background_repeat=\u00bbrepeat\u00bb custom_margin=\u00bb|||\u00bb custom_padding=\u00bb0px|0px|27px|0px\u00bb hover_enabled=\u00bb0&#8243; global_colors_info=\u00bb{}\u00bb sticky_enabled=\u00bb0&#8243;][et_pb_column type=\u00bb1_2&#8243; _builder_version=\u00bb4.16&#8243; custom_padding=\u00bb|||\u00bb global_colors_info=\u00bb{}\u00bb custom_padding__hover=\u00bb|||\u00bb][et_pb_blurb title=\u00bbRAFAEL DE ASIS ROIG\u00bb use_icon=\u00bbon\u00bb font_icon=\u00bb&#xe08a;||divi||400&#8243; icon_placement=\u00bbleft\u00bb content_max_width=\u00bb1100px\u00bb _builder_version=\u00bb4.27.5&#8243; header_font=\u00bb|on|||\u00bb header_text_color=\u00bb#2e2545&#8243; header_line_height=\u00bb1.5em\u00bb body_text_color=\u00bb#424242&#8243; body_font_size=\u00bb16px\u00bb body_line_height=\u00bb1.5em\u00bb background_color=\u00bb#ffffff\u00bb background_size=\u00bbinitial\u00bb background_position=\u00bbtop_left\u00bb background_repeat=\u00bbrepeat\u00bb custom_margin=\u00bb-40px||10%||false|false\u00bb custom_padding=\u00bb30px|20px|30px|20px|false|false\u00bb animation_style=\u00bbzoom\u00bb animation_direction=\u00bbbottom\u00bb animation_intensity_zoom=\u00bb20%\u00bb animation_starting_opacity=\u00bb100%\u00bb hover_enabled=\u00bb0&#8243; border_radii=\u00bbon|10px|10px|10px|10px\u00bb border_width_all=\u00bb3px\u00bb border_color_all=\u00bb#5cc2d6&#8243; box_shadow_style=\u00bbpreset2&#8243; box_shadow_horizontal=\u00bb0px\u00bb box_shadow_vertical=\u00bb0px\u00bb box_shadow_blur=\u00bb60px\u00bb box_shadow_color=\u00bbrgba(71,74,182,0.12)\u00bb locked=\u00bboff\u00bb global_colors_info=\u00bb{}\u00bb sticky_enabled=\u00bb0&#8243;]\n<p><strong>M\u00e9ritos curriculares<\/strong><\/p>\n<p>Catedr\u00e1tico de Filosof\u00eda del Derecho,<br \/>Licenciado en Derecho en la Universidad Complutense de Madrid en 1986, adquiriendo el grado de Doctor en Derecho por la Universidad Carlos III de Madrid en 1990. Ha sido profesor en las Universidades de Castilla-La Mancha (Albacete), Complutense de Madrid, Ja\u00e9n, y Carlos III de Madrid. Ha sido director del Instituto Universitario \u00abBartolom\u00e9 de las Casas\u00bb y del Departamento de Derecho Internacional, Eclesi\u00e1stico y Filosof\u00eda del Derecho de la Universidad Carlos III de Madrid. Preside la Fundaci\u00f3n Gregorio Peces-Barba para el estudio y cooperaci\u00f3n en derechos humanos.<br \/>Imparte docencia en grado y postgrado sobre Filosof\u00eda del Derecho, Teor\u00eda del Derecho, Concepto y fundamento de los derechos, Teor\u00eda jur\u00eddica de los derechos, Interpretaci\u00f3n y argumentaci\u00f3n jur\u00eddica.   <\/p>\n<p>Sus principales l\u00edneas de investigaci\u00f3n son Teor\u00eda del Derecho, Derechos Humanos, Filosof\u00eda Pol\u00edtica, Argumentaci\u00f3n Jur\u00eddica. Igualdad y No discriminaci\u00f3n. Derechos de personas con discapacidad. tecnolog\u00edas emergentes   <\/p>\n[\/et_pb_blurb][et_pb_blurb title=\u00bbBLANCA CEGARRA DUE\u00d1AS\u00bb url=\u00bb#\u00bb use_icon=\u00bbon\u00bb font_icon=\u00bb&#xe08a;||divi||400&#8243; icon_placement=\u00bbleft\u00bb content_max_width=\u00bb1100px\u00bb _builder_version=\u00bb4.27.5&#8243; header_font=\u00bb|on|||\u00bb header_text_color=\u00bb#2e2545&#8243; header_line_height=\u00bb1.5em\u00bb body_text_color=\u00bb#424242&#8243; body_font_size=\u00bb16px\u00bb body_line_height=\u00bb1.5em\u00bb background_color=\u00bb#ffffff\u00bb background_size=\u00bbinitial\u00bb background_position=\u00bbtop_left\u00bb background_repeat=\u00bbrepeat\u00bb custom_margin=\u00bb0px||10%||false|false\u00bb custom_padding=\u00bb30px|20px|30px|20px|false|false\u00bb animation_style=\u00bbzoom\u00bb animation_direction=\u00bbbottom\u00bb animation_intensity_zoom=\u00bb20%\u00bb animation_starting_opacity=\u00bb100%\u00bb border_radii=\u00bbon|10px|10px|10px|10px\u00bb border_width_all=\u00bb3px\u00bb border_color_all=\u00bb#5cc2d6&#8243; box_shadow_style=\u00bbpreset2&#8243; box_shadow_horizontal=\u00bb0px\u00bb box_shadow_vertical=\u00bb0px\u00bb box_shadow_blur=\u00bb60px\u00bb box_shadow_color=\u00bbrgba(71,74,182,0.12)\u00bb locked=\u00bboff\u00bb global_colors_info=\u00bb{}\u00bb]\n<p><strong>M\u00e9ritos curriculares<\/strong><\/p>\n<p>Actualmente: Doctoranda en Ciencia Pol\u00edtica (Departamento de Derecho Constitucional, Ciencia Pol\u00edtica y de la Administraci\u00f3n y Filosof\u00eda del Derecho de la Universidad de Barcelona).<\/p>\n<p>Llicenciada en Sociologia (Universitat de Barcelona). M\u00e0ster en Gesti\u00f3 P\u00fablica (Interuniversitari: Universitat Aut\u00f2noma de Barcelona, Universitat de Barcelona i Universitat Pompeu Fabra), M\u00e0ster en Pol\u00edtiques Socials i Mediaci\u00f3 Comunit\u00e0ria (Escola de Pol\u00edtiques Socials i Urbanes de l&#8217;IGOP (Interuniversitari: Universitat Aut\u00f2noma de Barcelona i Universitat de Barcelona ). <\/p>\n<p>Desde 2017: Profesora asociada de la asignatura Pol\u00edticas P\u00fablicas II del grado de Ciencias Pol\u00edticas y de la Administraci\u00f3n, Facultad de Derecho de la Universidad de Barcelona y en el M\u00e1ster de Gesti\u00f3n P\u00fablica Avanzada de la Universidad de Barcelona.<\/p>\n[\/et_pb_blurb][et_pb_blurb title=\u00bbANTONIO JIMENEZ LARA\u00bb url=\u00bb#\u00bb use_icon=\u00bbon\u00bb font_icon=\u00bb&#xe08a;||divi||400&#8243; icon_placement=\u00bbleft\u00bb content_max_width=\u00bb1100px\u00bb _builder_version=\u00bb4.16&#8243; header_font=\u00bb|on|||\u00bb header_text_color=\u00bb#2e2545&#8243; header_line_height=\u00bb1.5em\u00bb body_text_color=\u00bb#424242&#8243; body_font_size=\u00bb16px\u00bb body_line_height=\u00bb1.5em\u00bb background_color=\u00bb#ffffff\u00bb background_size=\u00bbinitial\u00bb background_position=\u00bbtop_left\u00bb background_repeat=\u00bbrepeat\u00bb custom_margin=\u00bb0px||10%||false|false\u00bb custom_padding=\u00bb30px|20px|30px|20px|false|false\u00bb animation_style=\u00bbzoom\u00bb animation_direction=\u00bbbottom\u00bb animation_intensity_zoom=\u00bb20%\u00bb animation_starting_opacity=\u00bb100%\u00bb border_radii=\u00bbon|10px|10px|10px|10px\u00bb border_width_all=\u00bb3px\u00bb border_color_all=\u00bb#5cc2d6&#8243; box_shadow_style=\u00bbpreset2&#8243; box_shadow_horizontal=\u00bb0px\u00bb box_shadow_vertical=\u00bb0px\u00bb box_shadow_blur=\u00bb60px\u00bb box_shadow_color=\u00bbrgba(71,74,182,0.12)\u00bb locked=\u00bboff\u00bb global_colors_info=\u00bb{}\u00bb]\n<p><strong>M\u00e9ritos curriculares<\/strong><\/p>\n<p><em>Licenciado en Ciencias Pol\u00edticas y Sociolog\u00eda (secci\u00f3n de Sociolog\u00eda) <\/em>por la Universidad Pontificia de Salamanca y por la Universidad Complutense de Madrid, en las especialidades de Sociolog\u00eda General y Antropolog\u00eda Social. <em>Licenciado en Ciencias de la Informaci\u00f3n (rama de Periodismo)<\/em> por la Universidad Complutense de Madrid.<\/p>\n<p>Ha cursado el <em>Programa de Doctorado Avanzas y Perspectivas en la Investigaci\u00f3n sobre personas con Discapacidad.<\/em> Facultad de Psicolog\u00eda. Universidad de Salamanca. <\/p>\n<p>Experto en an\u00e1lisis de pol\u00edticas sociales, fue Jefe del Servicio de Estad\u00edstica y Estudios Socioecon\u00f3micos y Coordinador de Programas de Cooperaci\u00f3n con Iberoam\u00e9rica en el Instituto Nacional de Servicios Sociales (actual IMSERSO), y Director del Gabinete del Secretario General del Consejo Econ\u00f3mico y Social.<\/p>\n<p>Consultor social, colabora, entre otras instituciones, con el Real Patronato sobre Discapacidad, la Fundaci\u00f3n ONCE, el Comit\u00e9 Espa\u00f1ol de Representantes de Personas con Discapacidad (CERMI), el Instituto de Mayores y Servicios Sociales (IMSERSO), el grupo empresarial ILUNION, el Instituto de Integraci\u00f3n en la Comunidad de la Universidad de Salamanca (INICO) y la Organizaci\u00f3n. Desarrolla var\u00edas l\u00edneas de investigaci\u00f3n sobre temas sociales (personas con discapacidad, personas mayores, dependencia, tercer sector). <\/p>\n[\/et_pb_blurb][et_pb_blurb title=\u00bbEDUARDO DIAZ VELAZQUEZ\u00bb url=\u00bb#\u00bb use_icon=\u00bbon\u00bb font_icon=\u00bb&#xe08a;||divi||400&#8243; icon_placement=\u00bbleft\u00bb content_max_width=\u00bb1100px\u00bb _builder_version=\u00bb4.27.4&#8243; header_font=\u00bb|on|||\u00bb header_text_color=\u00bb#2e2545&#8243; header_line_height=\u00bb1.5em\u00bb body_text_color=\u00bb#424242&#8243; body_font_size=\u00bb16px\u00bb body_line_height=\u00bb1.5em\u00bb background_color=\u00bb#ffffff\u00bb background_size=\u00bbinitial\u00bb background_position=\u00bbtop_left\u00bb background_repeat=\u00bbrepeat\u00bb custom_margin=\u00bb0px||10%||false|false\u00bb custom_padding=\u00bb30px|20px|30px|20px|false|false\u00bb animation_style=\u00bbzoom\u00bb animation_direction=\u00bbbottom\u00bb animation_intensity_zoom=\u00bb20%\u00bb animation_starting_opacity=\u00bb100%\u00bb border_radii=\u00bbon|10px|10px|10px|10px\u00bb border_width_all=\u00bb3px\u00bb border_color_all=\u00bb#5cc2d6&#8243; box_shadow_style=\u00bbpreset2&#8243; box_shadow_horizontal=\u00bb0px\u00bb box_shadow_vertical=\u00bb0px\u00bb box_shadow_blur=\u00bb60px\u00bb box_shadow_color=\u00bbrgba(71,74,182,0.12)\u00bb locked=\u00bboff\u00bb global_colors_info=\u00bb{}\u00bb]\n<p><strong>M\u00e9ritos curriculares<\/strong><\/p>\n<p>Doctor en Sociolog\u00eda con la tesis doctoral: \u201cEl acceso a la condici\u00f3n de ciudadan\u00eda de las personas con discapacidad. El caso de Espa\u00f1a \u201ccalificada con Excelente\u201d Cum Laude\u201d y Premio Extraordinario de Doctorado curso 2015\/16 (publicado en el Bouc n\u00ba 25 21 de diciembre de 2017). Departamento de Sociolog\u00eda I (Cambio Social) Universidad Complutense de Madrid (UCM), dirigida por dr. Miguel A. V. Ferreira. Lectura 30 de octubre de 2015.<br \/>Diploma de Estudios Avanzados (DEA) en el programa de doctorado \u00abDin\u00e1micas contempor\u00e1neas de transformaciones sociales: ciudadan\u00eda, g\u00e9nero y trabajo\u00bb del Departamento de Sociolog\u00eda I (Cambio Social) de la Universidad Complutense de Madrid.<br \/>Trabajo de Investigaci\u00f3n \u201cCiudadan\u00eda y discapacidad. Un an\u00e1lisis sociol\u00f3gico de la normativa jur\u00eddica y las principales pol\u00edticas p\u00fablicas en Espa\u00f1a\u201d, dirigido por el dr. Ramon Ramos Torre, con la calificaci\u00f3n de Excelente, octubre 2008.<br \/>Licenciado en Sociolog\u00eda por la UCM con una calificaci\u00f3n de Excelente, junio 2006. Especialidad en T\u00e9cnicas de investigaci\u00f3n social aplicada y de mercados.<br \/>Diplomado en Trabajo Social por la UCM con calificaci\u00f3n de Notable, junio 2003.   <\/p>\n[\/et_pb_blurb][et_pb_blurb title=\u00bbESPERANZA ALCAIN MARTINEZ\u00bb url=\u00bb#\u00bb use_icon=\u00bbon\u00bb font_icon=\u00bb&#xe08a;||divi||400&#8243; icon_placement=\u00bbleft\u00bb content_max_width=\u00bb1100px\u00bb _builder_version=\u00bb4.16&#8243; header_font=\u00bb|on|||\u00bb header_text_color=\u00bb#2e2545&#8243; header_line_height=\u00bb1.5em\u00bb body_text_color=\u00bb#424242&#8243; body_font_size=\u00bb16px\u00bb body_line_height=\u00bb1.5em\u00bb background_color=\u00bb#ffffff\u00bb background_size=\u00bbinitial\u00bb background_position=\u00bbtop_left\u00bb background_repeat=\u00bbrepeat\u00bb custom_margin=\u00bb0px||10%||false|false\u00bb custom_padding=\u00bb30px|20px|30px|20px|false|false\u00bb animation_style=\u00bbzoom\u00bb animation_direction=\u00bbbottom\u00bb animation_intensity_zoom=\u00bb20%\u00bb animation_starting_opacity=\u00bb100%\u00bb border_radii=\u00bbon|10px|10px|10px|10px\u00bb border_width_all=\u00bb3px\u00bb border_color_all=\u00bb#5cc2d6&#8243; box_shadow_style=\u00bbpreset2&#8243; box_shadow_horizontal=\u00bb0px\u00bb box_shadow_vertical=\u00bb0px\u00bb box_shadow_blur=\u00bb60px\u00bb box_shadow_color=\u00bbrgba(71,74,182,0.12)\u00bb locked=\u00bboff\u00bb global_colors_info=\u00bb{}\u00bb]\n<p><strong>M\u00e9ritos curriculares<\/strong><\/p>\n<p>Doctora en Derecho y Profesora Titular de Derecho Civil de la Universidad de Granada. &#8211; Espa\u00f1a. Directora del Secretariado para la Inclusi\u00f3n y la Diversidad (Vicerrectorado de Responsabilidad Social, Igualdad e Inclusi\u00f3n) de la Universidad de Granada, desde septiembre de 2015 hasta junio de 2019.  <\/p>\n<p>Patrona de la Fundaci\u00f3n Derecho y Discapacidad (BOE 29 de junio de 2010) y Miembro del Foro Justicia y Discapacidad del Consejo General del Poder Judicial desde 2014.<\/p>\n<p>Es Codirectora junto al Prof. Dr. D. Rafael de Lorenzo Garc\u00eda del M\u00e1ster en \u00abDiscapacidad, Autonom\u00eda Personal y Atenci\u00f3n a la Dependencia\u00bb (actualmente 6\u00aa Edici\u00f3n.- 2019\/2020) organizado por la Fundaci\u00f3n Derecho y Discapacidad y la Universidad Internacional Men\u00e9ndez Pelayo (UIMP) con car\u00e1cter semipresencial (60 ECTS).<\/p>\n<p>Coordinadora del M\u00f3dulo \u00abResponsabilidad Civil en el \u00e1mbito de las personas con discapacidad y en situaci\u00f3n de dependencia\u00bb (2 ECTS) del \u00abM\u00e1ster Propio de Responsabilidad Civil\u00bb (60 ECTS) ofrecido en por la Fundaci\u00f3n de Estudios y Pr\u00e1cticas Jur\u00eddicas de Granada (Colegio de Abogados-1A3 Curso Acad\u00e9mico 2014\/2015, Curso Acad\u00e9mico 2015\/2016.<\/p>\n<p>Dirige Programas nacionales e internacionales vinculados a la discapacidad, destacando:<br \/>\u2022 Programa Campus Inclusivo. Campus sin L\u00edmites, Granada, 2013 a 2019 Adjudicado en la Universidad de Granada. Financiado por Fundaci\u00f3n ONCE y Fundaci\u00f3n Repsol en colaboraci\u00f3n con el Ministerio de Educaci\u00f3n Cultura y Deporte.  <br \/>\u2022 Programa INnetCampus (Campus Inclusivo Europeo) de Fundaci\u00f3n ONCE, Erasmus*, Universidad de Granada, Universidad de Lisboa y Universidad de Amberes (2016\/2018).<br \/>\u2022 Programa Tr\u00e1fico Educativo en la Universidad de Granada, junto a la Delegaci\u00f3n de Educaci\u00f3n de Granada que permite trabajar con alumnos (con discapacidad y otros NESE) de Bachiller, orientadores y familias para apoyarles, orientarles e informarles, de manera que contin\u00faen los estudios universitarios y con todos los apoyos necesarios (Campus de Granada, Ceuta y Melilla).<br \/>\u2022 Investigadora principal el Proyecto I+D+i Formaci\u00f3n curricular en Dise\u00f1o por todos los Personas. Coordinadora del Grupo de Trabajo de Grado en Derecho. Promovido por la Conferencia de Rectores de las Universidades Espa\u00f1olas (CRUE) y la Fundaci\u00f3n ONCE, octubre 2013-octubre a 2014.<br \/>T\u00edtulo propio de Postgrado \u00abDiploma Formaci\u00f3n en Inclusi\u00f3n Social y Laboral de J\u00f3venes con Discapacidad Intelectual\u00bb (3a Edici\u00f3n, Curso 2019\/2020) de la Universidad de Granada, cofinanciado por la Fundaci\u00f3n ONCE y el Fondo Social Europeo (75 ECTS).  <\/p>\n[\/et_pb_blurb][et_pb_blurb title=\u00bbXAVIER PUIGDOLLERS NOBLON\u00bb url=\u00bb#\u00bb use_icon=\u00bbon\u00bb font_icon=\u00bb&#xe08a;||divi||400&#8243; icon_placement=\u00bbleft\u00bb content_max_width=\u00bb1100px\u00bb _builder_version=\u00bb4.16&#8243; header_font=\u00bb|on|||\u00bb header_text_color=\u00bb#2e2545&#8243; header_line_height=\u00bb1.5em\u00bb body_text_color=\u00bb#424242&#8243; body_font_size=\u00bb16px\u00bb body_line_height=\u00bb1.5em\u00bb background_color=\u00bb#ffffff\u00bb background_size=\u00bbinitial\u00bb background_position=\u00bbtop_left\u00bb background_repeat=\u00bbrepeat\u00bb custom_margin=\u00bb0px||10%||false|false\u00bb custom_padding=\u00bb30px|20px|30px|20px|false|false\u00bb animation_style=\u00bbzoom\u00bb animation_direction=\u00bbbottom\u00bb animation_intensity_zoom=\u00bb20%\u00bb animation_starting_opacity=\u00bb100%\u00bb border_radii=\u00bbon|10px|10px|10px|10px\u00bb border_width_all=\u00bb3px\u00bb border_color_all=\u00bb#5cc2d6&#8243; box_shadow_style=\u00bbpreset2&#8243; box_shadow_horizontal=\u00bb0px\u00bb box_shadow_vertical=\u00bb0px\u00bb box_shadow_blur=\u00bb60px\u00bb box_shadow_color=\u00bbrgba(71,74,182,0.12)\u00bb locked=\u00bboff\u00bb global_colors_info=\u00bb{}\u00bb]\n<p><strong>M\u00e9ritos curriculares<\/strong><\/p>\n<p>Doctor en Derecho por la Universidad de Barcelona con tesis sobre la protecci\u00f3n de la poblaci\u00f3n civil en conflictos armados. Profesor de Derecho Civil en la Universidad Abat Oliba de Barcelona. Miembro del Observatorio de Derecho Privado de Catalu\u00f1a y miembro de la C\u00e1tedra UNESCO de Paz, Solidaridad y Di\u00e1logo Intercultural.<br \/>Su trayectoria personal y profesional ha estado siempre vinculada al \u00e1mbito social y, de forma preferente, a la atenci\u00f3n a las personas que necesitan una especial protecci\u00f3n:<br \/>En el \u00e1mbito Colegial actualmente es Presidente de la Comisi\u00f3n de Derechos de las Personas con Discapacidad y Patr\u00f3n de la Fundaci\u00f3n Sant Raimon de Pe\u00f1afort. Ha sido Secretario del Colegio de Abogados de Barcelona y Presidente de la Secci\u00f3n de Derechos de la Infancia y la Adolescencia.   <br \/>En el \u00e1mbito Social es Miembro del Comit\u00e9 de Honor de la Fundaci\u00f3n tutelar ACIDH, de integraci\u00f3n y desarrollo, Coordinador del Eje de Derechos Humanos de Justicia y Paz y Miembro del Consejo Municipal de Bienestar Social (grupo de Igualdades y oportunidades de la infancia) del Ayuntamiento de Barcelona.<br \/>Entre las responsabilidades que ha llevado a cabo, se encuentran las del secretario del Colegio de Abogados de Barcelona, \u200b\u200bdirector general de Atenci\u00f3n a la Infancia y la Adolescencia de la Generalidad de Catalu\u00f1a y otros cargos en entidades de car\u00e1cter social como Cruz Roja de Catalu\u00f1a, C\u00e1ritas, la Fundaci\u00f3n Pere Tarr\u00e9s, la tutela y amigos de Sant Rai. Ha publicado art\u00edculos y libros al respecto, especialmente los derechos de los ni\u00f1os. <br \/>Ha sido Presidente de la Fundaci\u00f3n Tutelar de Disminuidos Ps\u00edquicos y Mayores, la Tutela, Vicepresidente de la Coordinadora Catalana Tutelar, Vicepresidente de la Fundaci\u00f3n Pere Tarr\u00e9s y secretario y vocal de diversas fundaciones de atenci\u00f3n a personas en situaci\u00f3n de riesgo.<br \/>En el \u00e1mbito de la Administraci\u00f3n de la Generalitat, ha sido Miembro de la Comisi\u00f3n de Tutelas, director general de Atenci\u00f3n a la Infancia y la Adolescencia y director general de Asuntos Religiosos. Participa habitual en Congresos y actos de debate y divulgaci\u00f3n sobre medidas de protecci\u00f3n y defensa de los derechos y la dignidad de las personas.<\/p>\n[\/et_pb_blurb][et_pb_blurb title=\u00bbJESUS HERNANDEZ GALAN\u00bb url=\u00bb#\u00bb use_icon=\u00bbon\u00bb font_icon=\u00bb&#xe08a;||divi||400&#8243; icon_placement=\u00bbleft\u00bb content_max_width=\u00bb1100px\u00bb _builder_version=\u00bb4.16&#8243; header_font=\u00bb|on|||\u00bb header_text_color=\u00bb#2e2545&#8243; header_line_height=\u00bb1.5em\u00bb body_text_color=\u00bb#424242&#8243; body_font_size=\u00bb16px\u00bb body_line_height=\u00bb1.5em\u00bb background_color=\u00bb#ffffff\u00bb background_size=\u00bbinitial\u00bb background_position=\u00bbtop_left\u00bb background_repeat=\u00bbrepeat\u00bb custom_margin=\u00bb0px||10%||false|false\u00bb custom_padding=\u00bb30px|20px|30px|20px|false|false\u00bb animation_style=\u00bbzoom\u00bb animation_direction=\u00bbbottom\u00bb animation_intensity_zoom=\u00bb20%\u00bb animation_starting_opacity=\u00bb100%\u00bb border_radii=\u00bbon|10px|10px|10px|10px\u00bb border_width_all=\u00bb3px\u00bb border_color_all=\u00bb#5cc2d6&#8243; box_shadow_style=\u00bbpreset2&#8243; box_shadow_horizontal=\u00bb0px\u00bb box_shadow_vertical=\u00bb0px\u00bb box_shadow_blur=\u00bb60px\u00bb box_shadow_color=\u00bbrgba(71,74,182,0.12)\u00bb locked=\u00bboff\u00bb global_colors_info=\u00bb{}\u00bb]\n<p><strong>M\u00e9ritos curriculares<\/strong><\/p>\n<p>Doctor Ingeniero con calificaci\u00f3n excelente cum laude. Como formaci\u00f3n de posgrado cabe destacar entre otros M\u00e1ster en Gesti\u00f3n de PYMES, M\u00e1ster en Gesti\u00f3n Medioambiental y PDG por el IESE. Es experto en innovaci\u00f3n por la Stanford University y por la London School of Economics. Ha participado como director o miembro del tribunal en m\u00e1s de 10 tesis doctorales.   <\/p>\n<p>Ha dirigido multitud de proyectos de investigaci\u00f3n tanto a nivel nacional como europeo.<\/p>\n<p>Es Presidente de la Plataforma Tecnol\u00f3gica para la Salud, Bienestar y Cohesi\u00f3n Social y vicepresidente del European Network for Accesible Tourism. Dirige varios grupos de trabajo para la elaboraci\u00f3n de normas, destacando Presidente del Comit\u00e9 T\u00e9cnico de Normalizaci\u00f3n 170, el mandato europeo para normalizar la accesibilidad en compras p\u00fablicas en el entorno construido y la norma ISO de turismo accesible <\/p>\n[\/et_pb_blurb][et_pb_blurb title=\u00bbDULCINEA MEJIDE VIDAL\u00bb url=\u00bb#\u00bb use_icon=\u00bbon\u00bb font_icon=\u00bb&#xe08a;||divi||400&#8243; icon_placement=\u00bbleft\u00bb content_max_width=\u00bb1100px\u00bb _builder_version=\u00bb4.16&#8243; header_font=\u00bb|on|||\u00bb header_text_color=\u00bb#2e2545&#8243; header_line_height=\u00bb1.5em\u00bb body_text_color=\u00bb#424242&#8243; body_font_size=\u00bb16px\u00bb body_line_height=\u00bb1.5em\u00bb background_color=\u00bb#ffffff\u00bb background_size=\u00bbinitial\u00bb background_position=\u00bbtop_left\u00bb background_repeat=\u00bbrepeat\u00bb custom_margin=\u00bb0px||10%||false|false\u00bb custom_padding=\u00bb30px|20px|30px|20px|false|false\u00bb animation_style=\u00bbzoom\u00bb animation_direction=\u00bbbottom\u00bb animation_intensity_zoom=\u00bb20%\u00bb animation_starting_opacity=\u00bb100%\u00bb border_radii=\u00bbon|10px|10px|10px|10px\u00bb border_width_all=\u00bb3px\u00bb border_color_all=\u00bb#5cc2d6&#8243; box_shadow_style=\u00bbpreset2&#8243; box_shadow_horizontal=\u00bb0px\u00bb box_shadow_vertical=\u00bb0px\u00bb box_shadow_blur=\u00bb60px\u00bb box_shadow_color=\u00bbrgba(71,74,182,0.12)\u00bb locked=\u00bboff\u00bb global_colors_info=\u00bb{}\u00bb]\n<p><strong>Titulaciones acad\u00e9micas<\/strong><\/p>\n<p>Ingeniera industrial de formaci\u00f3n complementada con distintos programas formativos en materia ambiental, responsabilidad corporativa y liderazgo.<br \/>En Suez Spain he asumido distintas funciones en el \u00e1mbito de operaciones, liderando proyectos relacionados con el an\u00e1lisis y la gesti\u00f3n de informaci\u00f3n operativa; as\u00ed como impulsando acciones y proyectos relativos a la digitalizaci\u00f3n de los procesos y gesti\u00f3n del cambio.<br \/>Desde 2016 asume la Direcci\u00f3n de Desarrollo Sostenible, promoviendo proyectos ambientales relativos a cambio clim\u00e1tico, econom\u00eda circular, biodiversidad y proyectos sociales como el di\u00e1logo con los grupos de relaci\u00f3n, el voluntariado corporativo y la concienciaci\u00f3n y sensibilizaci\u00f3n sobre distintas tem\u00e1ticas. En 2018 se suma a la Direcci\u00f3n de Equidad como responsable. <\/p>\n[\/et_pb_blurb][\/et_pb_column][et_pb_column type=\u00bb1_2&#8243; _builder_version=\u00bb4.16&#8243; global_colors_info=\u00bb{}\u00bb][et_pb_blurb title=\u00bbOSCAR MORAL ORTEGA\u00bb use_icon=\u00bbon\u00bb font_icon=\u00bb&#xe08a;||divi||400&#8243; icon_placement=\u00bbleft\u00bb content_max_width=\u00bb1100px\u00bb _builder_version=\u00bb4.27.5&#8243; header_font=\u00bb|on|||\u00bb header_text_color=\u00bb#2e2545&#8243; header_line_height=\u00bb1.5em\u00bb body_text_color=\u00bb#424242&#8243; body_font_size=\u00bb16px\u00bb body_line_height=\u00bb1.5em\u00bb background_color=\u00bb#ffffff\u00bb background_size=\u00bbinitial\u00bb background_position=\u00bbtop_left\u00bb background_repeat=\u00bbrepeat\u00bb custom_margin=\u00bb-40px||10%||false|false\u00bb custom_padding=\u00bb30px|20px|30px|20px|false|false\u00bb animation_style=\u00bbzoom\u00bb animation_direction=\u00bbbottom\u00bb animation_intensity_zoom=\u00bb20%\u00bb animation_starting_opacity=\u00bb100%\u00bb hover_enabled=\u00bb0&#8243; border_radii=\u00bbon|10px|10px|10px|10px\u00bb border_width_all=\u00bb3px\u00bb border_color_all=\u00bb#5cc2d6&#8243; box_shadow_style=\u00bbpreset2&#8243; box_shadow_horizontal=\u00bb0px\u00bb box_shadow_vertical=\u00bb0px\u00bb box_shadow_blur=\u00bb60px\u00bb box_shadow_color=\u00bbrgba(71,74,182,0.12)\u00bb locked=\u00bboff\u00bb global_colors_info=\u00bb{}\u00bb sticky_enabled=\u00bb0&#8243;]\n<p><strong>M\u00e9ritos curriculares<\/strong><\/p>\n<p>Abogado del Ilustre Colegio de Abogados de Madrid, Asesor Jur\u00eddico del Comit\u00e9 Espa\u00f1ol de Representantes de Personas con Discapacidad (CERMI), Presidente CERMI Comunidad de Madrid, Patr\u00f3n de la Fundaci\u00f3n Derecho y Discapacidad.<br \/>En 2006, le fue concedida por el Ministerio de Justicia la Cruz de Honor de la Orden de San Raimundo de Pe\u00f1afort.<br \/>Es ponente y profesor en M\u00e1sters, cursos, expertos, congresos y jornadas en Universidades y escuelas de \u00e1mbito nacional e internacional:<br \/>Universidad Nacional a Distancia (UNED), Universidad Complutense de Madrid, Universidad de Alcal\u00e1 de Henares, Universidad de Granada, Universidad de Alicante, Universidad Internacional Men\u00e9ndez y Pelayo Centro Superior de Estudios Universitario La Salle en Madrid, Universidad Pontificia de Comillas ICAI-ICADE, Universidades Javierana y Monserrate en Cultura de Bogot\u00e1 (Colomo de M\u00e9xico y en el Consejo Nacional de Derechos Humanos de Egipto.<\/p>\n[\/et_pb_blurb][et_pb_blurb title=\u00bbM. DEL CARMEN BARRANCO AVILES\u00bb url=\u00bb#\u00bb use_icon=\u00bbon\u00bb font_icon=\u00bb&#xe08a;||divi||400&#8243; icon_placement=\u00bbleft\u00bb content_max_width=\u00bb1100px\u00bb _builder_version=\u00bb4.16&#8243; header_font=\u00bb|on|||\u00bb header_text_color=\u00bb#2e2545&#8243; header_line_height=\u00bb1.5em\u00bb body_text_color=\u00bb#424242&#8243; body_font_size=\u00bb16px\u00bb body_line_height=\u00bb1.5em\u00bb background_color=\u00bb#ffffff\u00bb background_size=\u00bbinitial\u00bb background_position=\u00bbtop_left\u00bb background_repeat=\u00bbrepeat\u00bb custom_margin=\u00bb0px||10%||false|false\u00bb custom_padding=\u00bb30px|20px|30px|20px|false|false\u00bb animation_style=\u00bbzoom\u00bb animation_direction=\u00bbbottom\u00bb animation_intensity_zoom=\u00bb20%\u00bb animation_starting_opacity=\u00bb100%\u00bb border_radii=\u00bbon|10px|10px|10px|10px\u00bb border_width_all=\u00bb3px\u00bb border_color_all=\u00bb#5cc2d6&#8243; box_shadow_style=\u00bbpreset2&#8243; box_shadow_horizontal=\u00bb0px\u00bb box_shadow_vertical=\u00bb0px\u00bb box_shadow_blur=\u00bb60px\u00bb box_shadow_color=\u00bbrgba(71,74,182,0.12)\u00bb locked=\u00bboff\u00bb global_colors_info=\u00bb{}\u00bb]\n<p><strong>M\u00e9ritos curriculares<\/strong><\/p>\n<p>Doctora en Derecho por la Universidad Carlos III de Madrid desde 1999.<br \/>Desde 2003 y en la actualidad es Profesora Titular de Filosof\u00eda del Derecho de esta Universidad y Directora del Instituto de Derechos Humanos Bartolom\u00e9 de les Casas.<br \/>Ha sido tambi\u00e9n profesora de Filosof\u00eda del Derecho en la Universidad de Alcal\u00e1 desde 2004 hasta 2006. En estas dos Universidades ha impartido docencia en grado y posgrado sobre Teor\u00eda del Derecho, Filosof\u00eda del Derecho, Derechos Fundamentales, Argumentaci\u00f3n Jur\u00eddica y \u00c9tica de las Profesiones y de las doctorales.<br \/>Su investigaci\u00f3n se ha desarrollado en torno a dos grandes temas, el relativo a la aplicaci\u00f3n y la interpretaci\u00f3n del Derecho, y el de los derechos humanos. En la actualidad sus intereses investigadores recaen sobre el papel del juez en el Estado constitucional y sobre los retos contempor\u00e1neos en la universalidad de los derechos humanos. En relaci\u00f3n a este \u00faltimo aspecto, sus l\u00edneas prioritarias de investigaci\u00f3n y su trabajo cl\u00ednico en los \u00faltimos a\u00f1os se han referido a la igualdad y no discriminaci\u00f3n de las personas en situaci\u00f3n de vulnerabilidad, cuesti\u00f3n sobre la que ha participado en numerosos encuentros, proyectos y obras colectivas, muchas de ellas referidas a los derechos de las personas con discapacidad. Ha compaginado su actividad docente e investigadora con tareas de gesti\u00f3n, de modo que por ejemplo ha sido directora del Doctorado en Derecho: Programa en Derechos Fundamentales (UC3M), Codirectora del Doctorado en Uni\u00f3n Europea y Derechos Humanos (UAH), Directora del M\u00e1ster en derechos Fundamentales (UC3M), Vicedecana del Doble Grado en Doble Grado Internacionales y Derecho, de Igualdad y Cooperaci\u00f3n, Codirectora de la Cl\u00ednica Jur\u00eddica en la Facultad de Ciencias Sociales y Jur\u00eddicas (UC3M) y vicerrectora Adjunta de orientaci\u00f3n y Discapacidad.    <\/p>\n[\/et_pb_blurb][et_pb_blurb title=\u00bbAGUSTIN HUETE GARCIA\u00bb url=\u00bb#\u00bb use_icon=\u00bbon\u00bb font_icon=\u00bb&#xe08a;||divi||400&#8243; icon_placement=\u00bbleft\u00bb content_max_width=\u00bb1100px\u00bb _builder_version=\u00bb4.27.4&#8243; header_font=\u00bb|on|||\u00bb header_text_color=\u00bb#2e2545&#8243; header_line_height=\u00bb1.5em\u00bb body_text_color=\u00bb#424242&#8243; body_font_size=\u00bb16px\u00bb body_line_height=\u00bb1.5em\u00bb background_color=\u00bb#ffffff\u00bb background_size=\u00bbinitial\u00bb background_position=\u00bbtop_left\u00bb background_repeat=\u00bbrepeat\u00bb custom_margin=\u00bb0px||10%||false|false\u00bb custom_padding=\u00bb30px|20px|30px|20px|false|false\u00bb animation_style=\u00bbzoom\u00bb animation_direction=\u00bbbottom\u00bb animation_intensity_zoom=\u00bb20%\u00bb animation_starting_opacity=\u00bb100%\u00bb border_radii=\u00bbon|10px|10px|10px|10px\u00bb border_width_all=\u00bb3px\u00bb border_color_all=\u00bb#5cc2d6&#8243; box_shadow_style=\u00bbpreset2&#8243; box_shadow_horizontal=\u00bb0px\u00bb box_shadow_vertical=\u00bb0px\u00bb box_shadow_blur=\u00bb60px\u00bb box_shadow_color=\u00bbrgba(71,74,182,0.12)\u00bb locked=\u00bboff\u00bb global_colors_info=\u00bb{}\u00bb]\n<p><strong>M\u00e9ritos curriculares<\/strong><\/p>\n<p>Doctor por la Universidad de Salamanca. Programa de doctorado: \u00abAvances y Perspectivas en la Investigaci\u00f3n sobre personas con Discapacidad\u00bb.  Facultad de Psicologia. Universidad de Salamanca. Licenciado en Sociologia. Especialidades en Ecologia Humana y Sociologia de la Empresa. Facultad de Ciencias Sociales. Universidad de Salamanca.<\/p>\n<p>Desde 2008 hasta la actualidad. Profesor de Sociolog\u00eda. Facultad de educaci\u00f3n. Departamento de Sociolog\u00eda y Comunicaci\u00f3n. Universidad de Salamanca.<br \/>Desde 1999 hasta la actualidad: Varias colaboraciones profesionales, con el Instituto Universitario de Integraci\u00f3n en la Comunidad (INICO). Universidad de Salamanca.     <\/p>\n<p>Socio fundador, administrador y director de intersocial S.L., sociedad dedicada a actividades de consultor\u00eda, formaci\u00f3n, investigaci\u00f3n y desarrollo en el \u00e1mbito del Tercer Sector, con especializaci\u00f3n en salud, discapacidad, dependencia y exclusi\u00f3n social.<\/p>\n[\/et_pb_blurb][et_pb_blurb title=\u00bbISABEL CABALLERO PEREZ\u00bb url=\u00bb#\u00bb use_icon=\u00bbon\u00bb font_icon=\u00bb&#xe08a;||divi||400&#8243; icon_placement=\u00bbleft\u00bb content_max_width=\u00bb1100px\u00bb _builder_version=\u00bb4.16&#8243; header_font=\u00bb|on|||\u00bb header_text_color=\u00bb#2e2545&#8243; header_line_height=\u00bb1.5em\u00bb body_text_color=\u00bb#424242&#8243; body_font_size=\u00bb16px\u00bb body_line_height=\u00bb1.5em\u00bb background_color=\u00bb#ffffff\u00bb background_size=\u00bbinitial\u00bb background_position=\u00bbtop_left\u00bb background_repeat=\u00bbrepeat\u00bb custom_margin=\u00bb0px||10%||false|false\u00bb custom_padding=\u00bb30px|20px|30px|20px|false|false\u00bb animation_style=\u00bbzoom\u00bb animation_direction=\u00bbbottom\u00bb animation_intensity_zoom=\u00bb20%\u00bb animation_starting_opacity=\u00bb100%\u00bb border_radii=\u00bbon|10px|10px|10px|10px\u00bb border_width_all=\u00bb3px\u00bb border_color_all=\u00bb#5cc2d6&#8243; box_shadow_style=\u00bbpreset2&#8243; box_shadow_horizontal=\u00bb0px\u00bb box_shadow_vertical=\u00bb0px\u00bb box_shadow_blur=\u00bb60px\u00bb box_shadow_color=\u00bbrgba(71,74,182,0.12)\u00bb locked=\u00bboff\u00bb global_colors_info=\u00bb{}\u00bb]\n<p><strong>M\u00e9ritos curriculares<\/strong><\/p>\n<p>Llicenciada en Dret. Especialitat en Dret P\u00fablic. Facultat de Dret de la Universitat de Sevilla (19939, actualment est\u00e0 realitzant estudis de Llicenciatura en Antropologia Social i Cultural. (II Cicle). Facultat de Geografia i Hist\u00f2ria. Universitat de Sevilla.<br \/>Experta Universit\u00e0ria en Investigaci\u00f3 Acci\u00f3 Participativa. Universitat Pablo de Olavide de Sevilla (2001). 308 hores. Direcci\u00f3: Dr. D. Esteban Ruiz Ballesteros. Experta Universit\u00e0ria en Avaluaci\u00f3, Programaci\u00f3 i supervisi\u00f3 de Pol\u00edtiques d&#8217;Inserci\u00f3. Universitat Nacional d&#8217;Educaci\u00f3 a Dist\u00e0ncia (UNED).           2001-2002. Dr. Jos\u00e9 F\u00e9lix Tezanos, y Especialista en Gesti\u00f3n Directiva de Organizaciones No Lucrativas. Universidad nacional de Educaci\u00f3n a Distancia (UNED). 2015-2016.<br \/>Actualmente ejerce la coordinaci\u00f3n de la Fundaci\u00f3n CERMI Mujeres:<br \/>\u2022 Formaci\u00f3n: Dise\u00f1o e impartici\u00f3n cursos presenciales y online destinados a profesionales de servicios de salud y servicios sociales (comunitarios, especializados, adopci\u00f3n, etc.).<br \/>Asistencia t\u00e9cnica nacional e internacional: Asesoramiento en la redacci\u00f3n del II Plan Integral de Acci\u00f3n para las Mujeres con Discapacidad 2013\/2016 de CERMI. Desarrollo de tareas de Asistencia T\u00e9cnica Especializada en materia de g\u00e9nero y discapacidad en el marco del Programa Integral de Lucha contra la Violencia de G\u00e9nero (PILCVG), ejecutado por el Gobierno de Uruguay con el apoyo de la Agencia Espa\u00f1ola de Cooperaci\u00f3n Internacional al Desarrollo (AECID). Noviembre de 20013\/mayo 2014. Desarrollo de tareas de Asistencia t\u00e9cnica en el Comit\u00e9 de Expertos sobre los derechos de las personas con discapacidad de Naciones Unidas en Ginebra (Suiza), \u00f3rgano de personas expertas independientes que supervisa la aplicaci\u00f3n de la Convenci\u00f3n Internacional de Derechos de las Personas con Discapacidad.      2014-2016.<\/p>\n[\/et_pb_blurb][et_pb_blurb title=\u00bbNURIA FUSTIER GARCIA\u00bb url=\u00bb#\u00bb use_icon=\u00bbon\u00bb font_icon=\u00bb&#xe08a;||divi||400&#8243; icon_placement=\u00bbleft\u00bb content_max_width=\u00bb1100px\u00bb _builder_version=\u00bb4.27.4&#8243; header_font=\u00bb|on|||\u00bb header_text_color=\u00bb#2e2545&#8243; header_line_height=\u00bb1.5em\u00bb body_text_color=\u00bb#424242&#8243; body_font_size=\u00bb16px\u00bb body_line_height=\u00bb1.5em\u00bb background_color=\u00bb#ffffff\u00bb background_size=\u00bbinitial\u00bb background_position=\u00bbtop_left\u00bb background_repeat=\u00bbrepeat\u00bb custom_margin=\u00bb0px||10%||false|false\u00bb custom_padding=\u00bb30px|20px|30px|20px|false|false\u00bb animation_style=\u00bbzoom\u00bb animation_direction=\u00bbbottom\u00bb animation_intensity_zoom=\u00bb20%\u00bb animation_starting_opacity=\u00bb100%\u00bb border_radii=\u00bbon|10px|10px|10px|10px\u00bb border_width_all=\u00bb3px\u00bb border_color_all=\u00bb#5cc2d6&#8243; box_shadow_style=\u00bbpreset2&#8243; box_shadow_horizontal=\u00bb0px\u00bb box_shadow_vertical=\u00bb0px\u00bb box_shadow_blur=\u00bb60px\u00bb box_shadow_color=\u00bbrgba(71,74,182,0.12)\u00bb locked=\u00bboff\u00bb global_colors_info=\u00bb{}\u00bb]\n<p><strong>M\u00e9ritos curriculares<\/strong><\/p>\n<p>Trabajadora Social y Licenciada en Derecho. Actualmente doctoranda en la l\u00ednea de investigaci\u00f3n Trabajo Social, servicios sociales y pol\u00edtica social &#8211; Universidad de Barcelona, \u200b\u200bmatriculada en el Programa de Doctorado Educaci\u00f3n y Sociedad de la Facultad de Educaci\u00f3n. <\/p>\n<p>M\u00e1ster Oficial en Intervenci\u00f3n Social en Sociedades del Conocimiento &#8211; UNIR Universidad Internacional de La Rioja 2015. M\u00e1ster en Direcci\u00f3n y Gesti\u00f3n de las Administraciones Locales &#8211; IL3 Universidad de Barcelona 2001. M\u00e1ster en Direcci\u00f3n de Recursos Humanos &#8211; CEREM Escuela Internacional de Negocios (Madrid) 2000 .  <\/p>\n<p>Actualmente ejerce como<br \/>\u2022 Colaboradora de SOCIEUX+ para el asesoramiento experto en proyectos de Asistencia T\u00e9cnica de la Uni\u00f3n Europea por pa\u00edses extracomunitarios.<br \/>\u2022 Consultora independiente en pol\u00edticas sociales y administraci\u00f3n local.<br \/>Socia fundadora y consultora de CoopSoc: Laboratorio de Ideas Sociales, SCCL.<\/p>\n[\/et_pb_blurb][et_pb_blurb title=\u00bbCONCEPCIO REIG SANS\u00d3\u00bb url=\u00bb#\u00bb use_icon=\u00bbon\u00bb font_icon=\u00bb&#xe08a;||divi||400&#8243; icon_placement=\u00bbleft\u00bb content_max_width=\u00bb1100px\u00bb _builder_version=\u00bb4.16&#8243; header_font=\u00bb|on|||\u00bb header_text_color=\u00bb#2e2545&#8243; header_line_height=\u00bb1.5em\u00bb body_text_color=\u00bb#424242&#8243; body_font_size=\u00bb16px\u00bb body_line_height=\u00bb1.5em\u00bb background_color=\u00bb#ffffff\u00bb background_size=\u00bbinitial\u00bb background_position=\u00bbtop_left\u00bb background_repeat=\u00bbrepeat\u00bb custom_margin=\u00bb0px||10%||false|false\u00bb custom_padding=\u00bb30px|20px|30px|20px|false|false\u00bb animation_style=\u00bbzoom\u00bb animation_direction=\u00bbbottom\u00bb animation_intensity_zoom=\u00bb20%\u00bb animation_starting_opacity=\u00bb100%\u00bb border_radii=\u00bbon|10px|10px|10px|10px\u00bb border_width_all=\u00bb3px\u00bb border_color_all=\u00bb#5cc2d6&#8243; box_shadow_style=\u00bbpreset2&#8243; box_shadow_horizontal=\u00bb0px\u00bb box_shadow_vertical=\u00bb0px\u00bb box_shadow_blur=\u00bb60px\u00bb box_shadow_color=\u00bbrgba(71,74,182,0.12)\u00bb locked=\u00bboff\u00bb global_colors_info=\u00bb{}\u00bb]\n<p><strong>M\u00e9ritos curriculares<\/strong><\/p>\n<p>Pedagoga Terapeuta y Logopeda por la Universidad de Barcelona, \u200b\u200blicenciada en Publicidad y Relaciones P\u00fablicas y Diplomada Universitaria en Comunicaci\u00f3n Persuasiva por la UOC.<\/p>\n<p>Profesora asociada del Departamento de Organizaci\u00f3n y Did\u00e1ctica Educativa de la Facultad de Educaci\u00f3n de la UB. Desde septiembre 2016. Docente de las asignaturas de Diversidad y educaci\u00f3n, Creatividad e innovaci\u00f3n educativa, Procesos de aprendizaje y pr\u00e1ctica docente, y tutora de Pr\u00e1cticum.  <\/p>\n<p>Pedagoga y Logopeda responsable del equipo psicopedag\u00f3gico la Escuela Hatikva. Desde septiembre 2012 directora fundadora del centro + Capacidades, especializado en intervenciones terap\u00e9uticas de estimulaci\u00f3n de los procesos cognitivos, comunicaci\u00f3n y lenguaje en personas con discapacidad intelectual. Coordinadora de la Consultor\u00eda Pedag\u00f3gica del COPEC  <\/p>\n[\/et_pb_blurb][et_pb_blurb title=\u00bbJOSEFA TORRES MARTINEZ\u00bb url=\u00bb#\u00bb use_icon=\u00bbon\u00bb font_icon=\u00bb&#xe08a;||divi||400&#8243; icon_placement=\u00bbleft\u00bb content_max_width=\u00bb1100px\u00bb _builder_version=\u00bb4.16&#8243; header_font=\u00bb|on|||\u00bb header_text_color=\u00bb#2e2545&#8243; header_line_height=\u00bb1.5em\u00bb body_text_color=\u00bb#424242&#8243; body_font_size=\u00bb16px\u00bb body_line_height=\u00bb1.5em\u00bb background_color=\u00bb#ffffff\u00bb background_size=\u00bbinitial\u00bb background_position=\u00bbtop_left\u00bb background_repeat=\u00bbrepeat\u00bb custom_margin=\u00bb0px||10%||false|false\u00bb custom_padding=\u00bb30px|20px|30px|20px|false|false\u00bb animation_style=\u00bbzoom\u00bb animation_direction=\u00bbbottom\u00bb animation_intensity_zoom=\u00bb20%\u00bb animation_starting_opacity=\u00bb100%\u00bb border_radii=\u00bbon|10px|10px|10px|10px\u00bb border_width_all=\u00bb3px\u00bb border_color_all=\u00bb#5cc2d6&#8243; box_shadow_style=\u00bbpreset2&#8243; box_shadow_horizontal=\u00bb0px\u00bb box_shadow_vertical=\u00bb0px\u00bb box_shadow_blur=\u00bb60px\u00bb box_shadow_color=\u00bbrgba(71,74,182,0.12)\u00bb locked=\u00bboff\u00bb global_colors_info=\u00bb{}\u00bb]\n<p><strong>M\u00e9ritos curriculares<\/strong><\/p>\n<p>Licenciada en Derecho por la Universidad de Alcal\u00e1 de Henares; M\u00e1ster en Direcci\u00f3n y Gesti\u00f3n de Empresas por la Universidad Aut\u00f3noma de Madrid-IMADE; M\u00e1ster en Direcci\u00f3n y Gesti\u00f3n de PYMES.<\/p>\n<p>Actualmente es secretaria de la Comisi\u00f3n de Inclusi\u00f3n Laboral de CERMI. Miembro de la Comisi\u00f3n de RSE de CERMI. Miembro del Grupo de Trabajo de Dependencia y del Grupo de Trabajo de Contrataci\u00f3n P\u00fablica de CEPES. Miembro de la RIS (red de inclusi\u00f3n social)   <\/p>\n<p>trayectoria profesional<br \/>Vinculada profesionalmente, desde hace a\u00f1os, a Fundaci\u00f3n ONCE, ha sido Directora del \u00c1rea de Empleo de FSC; en 2002 fue nombrada directora de Formaci\u00f3n y Empleo de Fundaci\u00f3n ONCE y presidenta de la Asociaci\u00f3n FSC-Discapacidad. En 2010 fue nombrada directora gerente de la Fundaci\u00f3 Llu\u00eds Vives. Desde el a\u00f1o 2012 es Directora Gerente de FEACEM y desde 2018 secretaria general de FEACEM  <\/p>\n<p>Otras participaciones de inter\u00e9s actuales<br \/>Desde 2015 forma parte del Patronato de la Fundaci\u00f3 ONCE. Y desde 2018 del Patronato de la Fundaci\u00f3n BEQUAL. Miembro de la Junta Directiva de la Asociaci\u00f3n ILUNION Empleo y del Comit\u00e9 Asesor de la Asociaci\u00f3n SE INSERTA Empleo Es profesora visitante del M\u00e1ster en Econom\u00eda Social (cooperativas y entidades no lucrativas) del Instituto Universitario de Econom\u00eda Social y Cooperativa IUDESCOOP de la Universidad de Valencia. Imparte una sesi\u00f3n en el M\u00e1ster en Discapacidad, Autonom\u00eda Personal y Atenci\u00f3n a la Dependencia de la Fundaci\u00f3n Derecho y Discapacidad.   <\/p>\n[\/et_pb_blurb][et_pb_blurb title=\u00bbJOSEFA TORRES MARTINEZ\u00bb url=\u00bb#\u00bb use_icon=\u00bbon\u00bb font_icon=\u00bb&#xe08a;||divi||400&#8243; icon_placement=\u00bbleft\u00bb content_max_width=\u00bb1100px\u00bb _builder_version=\u00bb4.16&#8243; header_font=\u00bb|on|||\u00bb header_text_color=\u00bb#2e2545&#8243; header_line_height=\u00bb1.5em\u00bb body_text_color=\u00bb#424242&#8243; body_font_size=\u00bb16px\u00bb body_line_height=\u00bb1.5em\u00bb background_color=\u00bb#ffffff\u00bb background_size=\u00bbinitial\u00bb background_position=\u00bbtop_left\u00bb background_repeat=\u00bbrepeat\u00bb custom_margin=\u00bb0px||10%||false|false\u00bb custom_padding=\u00bb30px|20px|30px|20px|false|false\u00bb animation_style=\u00bbzoom\u00bb animation_direction=\u00bbbottom\u00bb animation_intensity_zoom=\u00bb20%\u00bb animation_starting_opacity=\u00bb100%\u00bb border_radii=\u00bbon|10px|10px|10px|10px\u00bb border_width_all=\u00bb3px\u00bb border_color_all=\u00bb#5cc2d6&#8243; box_shadow_style=\u00bbpreset2&#8243; box_shadow_horizontal=\u00bb0px\u00bb box_shadow_vertical=\u00bb0px\u00bb box_shadow_blur=\u00bb60px\u00bb box_shadow_color=\u00bbrgba(71,74,182,0.12)\u00bb locked=\u00bboff\u00bb global_colors_info=\u00bb{}\u00bb]\n<p><strong>M\u00e9ritos curriculares<\/strong><\/p>\n<p>Licenciada en Derecho por la Universidad de Alcal\u00e1 de Henares; M\u00e1ster en Direcci\u00f3n y Gesti\u00f3n de Empresas por la Universidad Aut\u00f3noma de Madrid-IMADE; M\u00e1ster en Direcci\u00f3n y Gesti\u00f3n de PYMES.<\/p>\n<p>Actualmente es secretaria de la Comisi\u00f3n de Inclusi\u00f3n Laboral de CERMI. Miembro de la Comisi\u00f3n de RSE de CERMI. Miembro del Grupo de Trabajo de Dependencia y del Grupo de Trabajo de Contrataci\u00f3n P\u00fablica de CEPES. Miembro de la RIS (red de inclusi\u00f3n social)   <\/p>\n<p>trayectoria profesional<br \/>Vinculada profesionalmente, desde hace a\u00f1os, a Fundaci\u00f3n ONCE, ha sido Directora del \u00c1rea de Empleo de FSC; en 2002 fue nombrada directora de Formaci\u00f3n y Empleo de Fundaci\u00f3n ONCE y presidenta de la Asociaci\u00f3n FSC-Discapacidad. En 2010 fue nombrada directora gerente de la Fundaci\u00f3 Llu\u00eds Vives. Desde el a\u00f1o 2012 es Directora Gerente de FEACEM y desde 2018 secretaria general de FEACEM  <\/p>\n<p>Otras participaciones de inter\u00e9s actuales<br \/>Desde 2015 forma parte del Patronato de la Fundaci\u00f3 ONCE. Y desde 2018 del Patronato de la Fundaci\u00f3n BEQUAL. Miembro de la Junta Directiva de la Asociaci\u00f3n ILUNION Empleo y del Comit\u00e9 Asesor de la Asociaci\u00f3n SE INSERTA Empleo Es profesora visitante del M\u00e1ster en Econom\u00eda Social (cooperativas y entidades no lucrativas) del Instituto Universitario de Econom\u00eda Social y Cooperativa IUDESCOOP de la Universidad de Valencia. Imparte una sesi\u00f3n en el M\u00e1ster en Discapacidad, Autonom\u00eda Personal y Atenci\u00f3n a la Dependencia de la Fundaci\u00f3n Derecho y Discapacidad.   <\/p>\n[\/et_pb_blurb][et_pb_blurb title=\u00bbMARC ALEXY VALET\u00bb url=\u00bb#\u00bb use_icon=\u00bbon\u00bb font_icon=\u00bb&#xe08a;||divi||400&#8243; icon_placement=\u00bbleft\u00bb content_max_width=\u00bb1100px\u00bb _builder_version=\u00bb4.16&#8243; header_font=\u00bb|on|||\u00bb header_text_color=\u00bb#2e2545&#8243; header_line_height=\u00bb1.5em\u00bb body_text_color=\u00bb#424242&#8243; body_font_size=\u00bb16px\u00bb body_line_height=\u00bb1.5em\u00bb background_color=\u00bb#ffffff\u00bb background_size=\u00bbinitial\u00bb background_position=\u00bbtop_left\u00bb background_repeat=\u00bbrepeat\u00bb custom_margin=\u00bb0px||10%||false|false\u00bb custom_padding=\u00bb30px|20px|30px|20px|false|false\u00bb animation_style=\u00bbzoom\u00bb animation_direction=\u00bbbottom\u00bb animation_intensity_zoom=\u00bb20%\u00bb animation_starting_opacity=\u00bb100%\u00bb border_radii=\u00bbon|10px|10px|10px|10px\u00bb border_width_all=\u00bb3px\u00bb border_color_all=\u00bb#5cc2d6&#8243; box_shadow_style=\u00bbpreset2&#8243; box_shadow_horizontal=\u00bb0px\u00bb box_shadow_vertical=\u00bb0px\u00bb box_shadow_blur=\u00bb60px\u00bb box_shadow_color=\u00bbrgba(71,74,182,0.12)\u00bb locked=\u00bboff\u00bb global_colors_info=\u00bb{}\u00bb]\n<p><strong>M\u00e9ritos curriculares<\/strong><\/p>\n<p>Formador de Baskin, deporte inclusivo y Actividad F\u00edsica Adaptada en redes escolares (Lombard\u00eda)<br \/>Consultor en procesos de formaci\u00f3n y dise\u00f1o de proyectos en \u00e1mbito de educaci\u00f3n, deporte, innovaci\u00f3n, inclusi\u00f3n (para personas con y sin discapacidad), Profesor en diversas universidades (Francia e Italia), principalmente en Ciencias del deporte (con puentes ocasionales con las Ciencias de la educaci\u00f3n \/ formaci\u00f3n, Trabajo social), Dise\u00f1ador de proyectos en el tercer sector: consolidaci\u00f3n o innovaci\u00f3n de servicios, innovaci\u00f3n tecnol\u00f3gica (Mil\u00e1n-Rho), coordinador de proyectos en el tercer sector (empresa social y asociaci\u00f3n voluntaria) en actividades de tiempo libre para personas con y sin discapacidad y\/o desventajas sociales (Mil\u00e1n-Rho), Educador en actividades escolares, servicios de atenci\u00f3n domiciliaria y actividades de ocio para personas con y sin discapacidad (Rho).<br \/>Formaci\u00f3n, Dise\u00f1o de proyectos, Investigaci\u00f3n y desarrollo: en temas de innovaci\u00f3n social\/cultural, pedag\u00f3gica\/educativa, con especial atenci\u00f3n a la pluralidad humana y la cultura inclusiva (dise\u00f1o para todos) en el sector privilegiado del movimiento y el deporte con una marcada propensi\u00f3n a la dimensi\u00f3n internacional (\u201cglocal\u201d).<\/p>\n[\/et_pb_blurb][\/et_pb_column][\/et_pb_row][\/et_pb_section]\n","protected":false},"excerpt":{"rendered":"<p>m\u00e1sterProfesoradoEquipo de direcci\u00f3n y coordinaci\u00f3n acad\u00e9micaM\u00e9ritos curriculares Diplomada en Trabajo Social por la Universidad de Barcelona con estudios de Postgrado en Comunicaci\u00f3n y Liderazgo Pol\u00edtico en la UAB y M\u00e1ster [&hellip;]<\/p>\n","protected":false},"author":1,"featured_media":0,"parent":0,"menu_order":0,"comment_status":"closed","ping_status":"closed","template":"","meta":{"_et_pb_use_builder":"on","_et_pb_old_content":"","_et_gb_content_width":"","inline_featured_image":false,"footnotes":""},"yoast_head":"<!-- This site is optimized with the Yoast SEO plugin v22.8 - https:\/\/yoast.com\/wordpress\/plugins\/seo\/ -->\n<title>Profesorado - Postgrado Personas con Discapacidad<\/title>\n<meta name=\"robots\" content=\"index, follow, max-snippet:-1, max-image-preview:large, max-video-preview:-1\" \/>\n<link rel=\"canonical\" href=\"https:\/\/www.personasdiscapacidad.es\/es\/profesorado\/\" \/>\n<meta property=\"og:locale\" content=\"es_ES\" \/>\n<meta property=\"og:type\" content=\"article\" \/>\n<meta property=\"og:title\" content=\"Profesorado - Postgrado Personas con Discapacidad\" \/>\n<meta property=\"og:description\" content=\"m\u00e1sterProfesoradoEquipo de direcci\u00f3n y coordinaci\u00f3n acad\u00e9micaM\u00e9ritos curriculares Diplomada en Trabajo Social por la Universidad de Barcelona con estudios de Postgrado en Comunicaci\u00f3n y Liderazgo Pol\u00edtico en la UAB y M\u00e1ster [&hellip;]\" \/>\n<meta property=\"og:url\" content=\"https:\/\/www.personasdiscapacidad.es\/es\/profesorado\/\" \/>\n<meta property=\"og:site_name\" content=\"Postgrado Personas con Discapacidad\" \/>\n<meta property=\"article:modified_time\" content=\"2026-01-16T11:12:41+00:00\" \/>\n<meta name=\"twitter:card\" content=\"summary_large_image\" \/>\n<meta name=\"twitter:label1\" content=\"Tiempo de lectura\" \/>\n\t<meta name=\"twitter:data1\" content=\"41 minutos\" \/>\n<script type=\"application\/ld+json\" class=\"yoast-schema-graph\">{\"@context\":\"https:\/\/schema.org\",\"@graph\":[{\"@type\":\"WebPage\",\"@id\":\"https:\/\/www.personasdiscapacidad.es\/es\/profesorado\/\",\"url\":\"https:\/\/www.personasdiscapacidad.es\/es\/profesorado\/\",\"name\":\"Profesorado - Postgrado Personas con Discapacidad\",\"isPartOf\":{\"@id\":\"https:\/\/www.personasdiscapacidad.es\/es\/#website\"},\"datePublished\":\"2019-09-10T09:52:07+00:00\",\"dateModified\":\"2026-01-16T11:12:41+00:00\",\"breadcrumb\":{\"@id\":\"https:\/\/www.personasdiscapacidad.es\/es\/profesorado\/#breadcrumb\"},\"inLanguage\":\"es\",\"potentialAction\":[{\"@type\":\"ReadAction\",\"target\":[\"https:\/\/www.personasdiscapacidad.es\/es\/profesorado\/\"]}]},{\"@type\":\"BreadcrumbList\",\"@id\":\"https:\/\/www.personasdiscapacidad.es\/es\/profesorado\/#breadcrumb\",\"itemListElement\":[{\"@type\":\"ListItem\",\"position\":1,\"name\":\"Portada\",\"item\":\"https:\/\/www.personasdiscapacidad.es\/es\/\"},{\"@type\":\"ListItem\",\"position\":2,\"name\":\"Profesorado\"}]},{\"@type\":\"WebSite\",\"@id\":\"https:\/\/www.personasdiscapacidad.es\/es\/#website\",\"url\":\"https:\/\/www.personasdiscapacidad.es\/es\/\",\"name\":\"Postgrado Personas con Discapacidad\",\"description\":\"Derechos sociales y cultura de las discapacidades\",\"potentialAction\":[{\"@type\":\"SearchAction\",\"target\":{\"@type\":\"EntryPoint\",\"urlTemplate\":\"https:\/\/www.personasdiscapacidad.es\/es\/?s={search_term_string}\"},\"query-input\":\"required name=search_term_string\"}],\"inLanguage\":\"es\"}]}<\/script>\n<!-- \/ Yoast SEO plugin. -->","yoast_head_json":{"title":"Profesorado - Postgrado Personas con Discapacidad","robots":{"index":"index","follow":"follow","max-snippet":"max-snippet:-1","max-image-preview":"max-image-preview:large","max-video-preview":"max-video-preview:-1"},"canonical":"https:\/\/www.personasdiscapacidad.es\/es\/profesorado\/","og_locale":"es_ES","og_type":"article","og_title":"Profesorado - Postgrado Personas con Discapacidad","og_description":"m\u00e1sterProfesoradoEquipo de direcci\u00f3n y coordinaci\u00f3n acad\u00e9micaM\u00e9ritos curriculares Diplomada en Trabajo Social por la Universidad de Barcelona con estudios de Postgrado en Comunicaci\u00f3n y Liderazgo Pol\u00edtico en la UAB y M\u00e1ster [&hellip;]","og_url":"https:\/\/www.personasdiscapacidad.es\/es\/profesorado\/","og_site_name":"Postgrado Personas con Discapacidad","article_modified_time":"2026-01-16T11:12:41+00:00","twitter_card":"summary_large_image","twitter_misc":{"Tiempo de lectura":"41 minutos"},"schema":{"@context":"https:\/\/schema.org","@graph":[{"@type":"WebPage","@id":"https:\/\/www.personasdiscapacidad.es\/es\/profesorado\/","url":"https:\/\/www.personasdiscapacidad.es\/es\/profesorado\/","name":"Profesorado - Postgrado Personas con Discapacidad","isPartOf":{"@id":"https:\/\/www.personasdiscapacidad.es\/es\/#website"},"datePublished":"2019-09-10T09:52:07+00:00","dateModified":"2026-01-16T11:12:41+00:00","breadcrumb":{"@id":"https:\/\/www.personasdiscapacidad.es\/es\/profesorado\/#breadcrumb"},"inLanguage":"es","potentialAction":[{"@type":"ReadAction","target":["https:\/\/www.personasdiscapacidad.es\/es\/profesorado\/"]}]},{"@type":"BreadcrumbList","@id":"https:\/\/www.personasdiscapacidad.es\/es\/profesorado\/#breadcrumb","itemListElement":[{"@type":"ListItem","position":1,"name":"Portada","item":"https:\/\/www.personasdiscapacidad.es\/es\/"},{"@type":"ListItem","position":2,"name":"Profesorado"}]},{"@type":"WebSite","@id":"https:\/\/www.personasdiscapacidad.es\/es\/#website","url":"https:\/\/www.personasdiscapacidad.es\/es\/","name":"Postgrado Personas con Discapacidad","description":"Derechos sociales y cultura de las discapacidades","potentialAction":[{"@type":"SearchAction","target":{"@type":"EntryPoint","urlTemplate":"https:\/\/www.personasdiscapacidad.es\/es\/?s={search_term_string}"},"query-input":"required name=search_term_string"}],"inLanguage":"es"}]}},"_links":{"self":[{"href":"https:\/\/www.personasdiscapacidad.es\/es\/wp-json\/wp\/v2\/pages\/418"}],"collection":[{"href":"https:\/\/www.personasdiscapacidad.es\/es\/wp-json\/wp\/v2\/pages"}],"about":[{"href":"https:\/\/www.personasdiscapacidad.es\/es\/wp-json\/wp\/v2\/types\/page"}],"author":[{"embeddable":true,"href":"https:\/\/www.personasdiscapacidad.es\/es\/wp-json\/wp\/v2\/users\/1"}],"replies":[{"embeddable":true,"href":"https:\/\/www.personasdiscapacidad.es\/es\/wp-json\/wp\/v2\/comments?post=418"}],"version-history":[{"count":31,"href":"https:\/\/www.personasdiscapacidad.es\/es\/wp-json\/wp\/v2\/pages\/418\/revisions"}],"predecessor-version":[{"id":2339,"href":"https:\/\/www.personasdiscapacidad.es\/es\/wp-json\/wp\/v2\/pages\/418\/revisions\/2339"}],"wp:attachment":[{"href":"https:\/\/www.personasdiscapacidad.es\/es\/wp-json\/wp\/v2\/media?parent=418"}],"curies":[{"name":"wp","href":"https:\/\/api.w.org\/{rel}","templated":true}]}}