{"id":507,"date":"2019-09-17T11:38:17","date_gmt":"2019-09-17T09:38:17","guid":{"rendered":"\/?page_id=507"},"modified":"2020-05-06T20:16:16","modified_gmt":"2020-05-06T18:16:16","slug":"sistema-de-evaluacion","status":"publish","type":"page","link":"https:\/\/www.personasdiscapacidad.es\/es\/sistema-de-evaluacion\/","title":{"rendered":"Sistema de evaluaci\u00f3n"},"content":{"rendered":"[et_pb_section fb_built=\u00bb1&#8243; admin_label=\u00bbCourses Hero\u00bb _builder_version=\u00bb3.26.6&#8243; background_color=\u00bb#00aaaa\u00bb background_image=\u00bb\/wp-content\/uploads\/2019\/09\/coding-background-texture.jpg\u00bb background_blend=\u00bboverlay\u00bb custom_margin=\u00bb142px||142px||true|\u00bb custom_padding=\u00bb92px|0px|0px|0px|false|false\u00bb animation_style=\u00bbslide\u00bb animation_direction=\u00bbtop\u00bb animation_intensity_slide=\u00bb2%\u00bb locked=\u00bboff\u00bb][et_pb_row _builder_version=\u00bb3.25&#8243; background_size=\u00bbinitial\u00bb background_position=\u00bbtop_left\u00bb background_repeat=\u00bbrepeat\u00bb custom_margin=\u00bb|||\u00bb custom_width_px=\u00bb1280px\u00bb min_height=\u00bb166px\u00bb custom_padding=\u00bb0px|||||\u00bb][et_pb_column type=\u00bb4_4&#8243; _builder_version=\u00bb3.25&#8243; custom_padding=\u00bb|||\u00bb custom_padding__hover=\u00bb|||\u00bb][et_pb_text _builder_version=\u00bb3.26.6&#8243; header_font=\u00bb|on|||\u00bb header_font_size=\u00bb42px\u00bb header_line_height=\u00bb1.3em\u00bb background_size=\u00bbinitial\u00bb background_position=\u00bbtop_left\u00bb background_repeat=\u00bbrepeat\u00bb text_orientation=\u00bbcenter\u00bb background_layout=\u00bbdark\u00bb max_width=\u00bb530px\u00bb module_alignment=\u00bbcenter\u00bb custom_margin=\u00bb|78px||||\u00bb custom_padding=\u00bb|0px||||\u00bb header_font_size_last_edited=\u00bbon|desktop\u00bb locked=\u00bboff\u00bb]\n<h1>Sistema de evaluaci\u00f3n<\/h1>\n[\/et_pb_text][\/et_pb_column][\/et_pb_row][\/et_pb_section][et_pb_section fb_built=\u00bb1&#8243; admin_label=\u00bbCourses\u00bb _builder_version=\u00bb3.22&#8243; custom_padding=\u00bb0px|0px|0px|0px||\u00bb][et_pb_row _builder_version=\u00bb3.26.6&#8243; background_size=\u00bbinitial\u00bb background_position=\u00bbtop_left\u00bb background_repeat=\u00bbrepeat\u00bb custom_margin=\u00bb|||\u00bb custom_padding=\u00bb0px|0px|27px|0px\u00bb][et_pb_column type=\u00bb4_4&#8243; _builder_version=\u00bb3.25&#8243; custom_padding=\u00bb|||\u00bb custom_padding__hover=\u00bb|||\u00bb][et_pb_blurb url=\u00bb#\u00bb use_icon=\u00bbon\u00bb content_max_width=\u00bb1100px\u00bb _builder_version=\u00bb3.26.6&#8243; header_font=\u00bb|on|||\u00bb header_text_color=\u00bb#2e2545&#8243; header_line_height=\u00bb1.5em\u00bb body_text_color=\u00bb#424242&#8243; body_font_size=\u00bb16px\u00bb body_line_height=\u00bb1.5em\u00bb background_color=\u00bb#ffffff\u00bb background_size=\u00bbinitial\u00bb background_position=\u00bbtop_left\u00bb background_repeat=\u00bbrepeat\u00bb box_shadow_style=\u00bbpreset2&#8243; box_shadow_horizontal=\u00bb0px\u00bb box_shadow_vertical=\u00bb0px\u00bb box_shadow_blur=\u00bb60px\u00bb box_shadow_color=\u00bbrgba(71,74,182,0.12)\u00bb custom_margin=\u00bb-80px||10%|\u00bb custom_padding=\u00bb30px|20px|30px|20px|false|false\u00bb animation_style=\u00bbzoom\u00bb animation_direction=\u00bbbottom\u00bb animation_intensity_zoom=\u00bb20%\u00bb animation_starting_opacity=\u00bb100%\u00bb locked=\u00bboff\u00bb]\n<p>El sistema de evaluaci\u00f3n ser\u00e1 <strong>continua<\/strong>.<\/p>\n<p>El\/la tutor\/a \u00a0ir\u00e1 supervisando la actividad del alumnado en cada uno de los elementos de evaluativos orient\u00e1ndole, incentivando la participaci\u00f3n y detectando posibles dificultades que impidan el m\u00e1ximo rendimiento.\u00a0<\/p>\n[\/et_pb_blurb][\/et_pb_column][\/et_pb_row][\/et_pb_section][et_pb_section fb_built=\u00bb1&#8243; admin_label=\u00bbCourses Hero\u00bb _builder_version=\u00bb3.26.6&#8243; background_color=\u00bbrgba(0,170,170,0.7)\u00bb background_enable_image=\u00bboff\u00bb background_blend=\u00bboverlay\u00bb custom_padding=\u00bb70px|0px|130px|0px|false|false\u00bb animation_style=\u00bbslide\u00bb animation_direction=\u00bbtop\u00bb animation_intensity_slide=\u00bb2%\u00bb locked=\u00bboff\u00bb][et_pb_row _builder_version=\u00bb3.25&#8243; background_size=\u00bbinitial\u00bb background_position=\u00bbtop_left\u00bb background_repeat=\u00bbrepeat\u00bb custom_margin=\u00bb|||\u00bb custom_width_px=\u00bb1280px\u00bb min_height=\u00bb72px\u00bb custom_padding=\u00bb||0px|||\u00bb][et_pb_column type=\u00bb4_4&#8243; _builder_version=\u00bb3.25&#8243; custom_padding=\u00bb|||\u00bb custom_padding__hover=\u00bb|||\u00bb][et_pb_text _builder_version=\u00bb3.26.6&#8243; text_text_color=\u00bb#d4ccff\u00bb text_font_size=\u00bb16px\u00bb text_line_height=\u00bb1.9em\u00bb header_2_text_color=\u00bb#ffffff\u00bb background_size=\u00bbinitial\u00bb background_position=\u00bbtop_left\u00bb background_repeat=\u00bbrepeat\u00bb text_orientation=\u00bbcenter\u00bb max_width=\u00bb540px\u00bb module_alignment=\u00bbcenter\u00bb locked=\u00bboff\u00bb]\n<h1><strong>Evaluaci\u00f3n<\/strong><\/h1>\n[\/et_pb_text][\/et_pb_column][\/et_pb_row][\/et_pb_section][et_pb_section fb_built=\u00bb1&#8243; admin_label=\u00bbCourses\u00bb _builder_version=\u00bb3.26.6&#8243; background_color=\u00bbrgba(0,170,170,0.7)\u00bb custom_padding=\u00bb0px|0px|0px|0px||\u00bb][et_pb_row column_structure=\u00bb1_3,1_3,1_3&#8243; _builder_version=\u00bb3.26.6&#8243; background_size=\u00bbinitial\u00bb background_position=\u00bbtop_left\u00bb background_repeat=\u00bbrepeat\u00bb custom_margin=\u00bb|||\u00bb custom_padding=\u00bb0px|0px|27px|0px\u00bb][et_pb_column type=\u00bb1_3&#8243; _builder_version=\u00bb3.25&#8243; custom_padding=\u00bb|||\u00bb custom_padding__hover=\u00bb|||\u00bb][et_pb_blurb title=\u00bbCuestionario por sesi\u00f3n: 40%\u00bb url=\u00bb#\u00bb use_icon=\u00bbon\u00bb content_max_width=\u00bb1100px\u00bb _builder_version=\u00bb3.26.6&#8243; header_font=\u00bb|on|||\u00bb header_text_color=\u00bb#2e2545&#8243; header_line_height=\u00bb1.5em\u00bb body_text_color=\u00bb#424242&#8243; body_font_size=\u00bb16px\u00bb body_line_height=\u00bb1.5em\u00bb background_color=\u00bb#ffffff\u00bb background_size=\u00bbinitial\u00bb background_position=\u00bbtop_left\u00bb background_repeat=\u00bbrepeat\u00bb box_shadow_style=\u00bbpreset2&#8243; box_shadow_horizontal=\u00bb0px\u00bb box_shadow_vertical=\u00bb0px\u00bb box_shadow_blur=\u00bb60px\u00bb box_shadow_color=\u00bbrgba(71,74,182,0.12)\u00bb custom_margin=\u00bb-80px||10%|\u00bb custom_padding=\u00bb30px|20px|30px|20px|false|false\u00bb animation_style=\u00bbzoom\u00bb animation_direction=\u00bbbottom\u00bb animation_intensity_zoom=\u00bb20%\u00bb animation_starting_opacity=\u00bb100%\u00bb locked=\u00bboff\u00bb]\n<p><strong>Cada\u00a0sesi\u00f3n\u00a0dispondr\u00e1 de un cuestionario<\/strong>\u00a0que propone el\/la ponente.<\/p>\n<p>Hay que tener en cuenta que todas las clases se realizar\u00e1n de forma simult\u00e1nea (streaming) para fomentar la interacci\u00f3n entre el alumnado y el\/la\u00a0 profesor\/a y de forma presencial para aquellos\/as alumnos\/as que puedan desplazarse al campus. Tambi\u00e9n estar\u00e1 disponible en formato audiovisual en el campus virtual.<\/p>\n[\/et_pb_blurb][\/et_pb_column][et_pb_column type=\u00bb1_3&#8243; _builder_version=\u00bb3.25&#8243; custom_padding=\u00bb|||\u00bb custom_padding__hover=\u00bb|||\u00bb][et_pb_blurb title=\u00bbForo de Debate 30%\u00bb url=\u00bb#\u00bb use_icon=\u00bbon\u00bb content_max_width=\u00bb1100px\u00bb _builder_version=\u00bb3.26.6&#8243; header_font=\u00bb|on|||\u00bb header_text_color=\u00bb#2e2545&#8243; header_line_height=\u00bb1.5em\u00bb body_text_color=\u00bb#424242&#8243; body_font_size=\u00bb16px\u00bb body_line_height=\u00bb1.5em\u00bb background_color=\u00bb#ffffff\u00bb background_size=\u00bbinitial\u00bb background_position=\u00bbtop_left\u00bb background_repeat=\u00bbrepeat\u00bb box_shadow_style=\u00bbpreset2&#8243; box_shadow_horizontal=\u00bb0px\u00bb box_shadow_vertical=\u00bb0px\u00bb box_shadow_blur=\u00bb60px\u00bb box_shadow_color=\u00bbrgba(71,74,182,0.12)\u00bb custom_margin=\u00bb-80px||10%|\u00bb custom_padding=\u00bb30px|20px|30px|20px|false|false\u00bb animation_style=\u00bbzoom\u00bb animation_direction=\u00bbbottom\u00bb animation_intensity_zoom=\u00bb20%\u00bb animation_starting_opacity=\u00bb100%\u00bb locked=\u00bboff\u00bb]\n<p>El\/la alumno\/a participar\u00e1 en el foro de debate semanalmente aportando sus opiniones, respondiendo a la cuesti\u00f3n que se plantee. Se valorar\u00e1 la calidad de las intervenciones.<\/p>\n[\/et_pb_blurb][\/et_pb_column][et_pb_column type=\u00bb1_3&#8243; _builder_version=\u00bb3.25&#8243; custom_padding=\u00bb|||\u00bb custom_padding__hover=\u00bb|||\u00bb][et_pb_blurb title=\u00bbConceptos te\u00f3ricos : 30%\u00bb url=\u00bb#\u00bb use_icon=\u00bbon\u00bb content_max_width=\u00bb1100px\u00bb _builder_version=\u00bb3.26.6&#8243; header_font=\u00bb|on|||\u00bb header_text_color=\u00bb#2e2545&#8243; header_line_height=\u00bb1.5em\u00bb body_text_color=\u00bb#424242&#8243; body_font_size=\u00bb16px\u00bb body_line_height=\u00bb1.5em\u00bb background_color=\u00bb#ffffff\u00bb background_size=\u00bbinitial\u00bb background_position=\u00bbtop_left\u00bb background_repeat=\u00bbrepeat\u00bb box_shadow_style=\u00bbpreset2&#8243; box_shadow_horizontal=\u00bb0px\u00bb box_shadow_vertical=\u00bb0px\u00bb box_shadow_blur=\u00bb60px\u00bb box_shadow_color=\u00bbrgba(71,74,182,0.12)\u00bb custom_margin=\u00bb-80px||10%|\u00bb custom_padding=\u00bb30px|20px|30px|20px|false|false\u00bb animation_style=\u00bbzoom\u00bb animation_direction=\u00bbbottom\u00bb animation_intensity_zoom=\u00bb20%\u00bb animation_starting_opacity=\u00bb100%\u00bb locked=\u00bboff\u00bb]\n<p>El\/la alumno\/a realizar\u00e1 un ensayo en cada m\u00f3dulo\u00a0 siguiendo los criterios acad\u00e9micos preestablecidos.\u00a0<\/p>\n<p>Al finalizar el curso, obligatoriamente hay que superar un m\u00ednimo de cuatro m\u00f3dulos para aprobar y acceder \u00a0al t\u00edtulo de postgrado o de extensi\u00f3n universitaria.<\/p>\n<p>Para los alumnos que no superen uno o m\u00e1ximo dos m\u00f3dulos, habr\u00e1n de realizar un trabajo complementario para optar a la recuperaci\u00f3n de la materia impartida. Las fechas de entrega de los trabajos se publicaran en el calendario acad\u00e9mico.<\/p>\n[\/et_pb_blurb][\/et_pb_column][\/et_pb_row][\/et_pb_section]\n","protected":false},"excerpt":{"rendered":"<p>Sistema de evaluaci\u00f3nEl sistema de evaluaci\u00f3n ser\u00e1 continua. El\/la tutor\/a \u00a0ir\u00e1 supervisando la actividad del alumnado en cada uno de los elementos de evaluativos orient\u00e1ndole, incentivando la participaci\u00f3n y detectando [&hellip;]<\/p>\n","protected":false},"author":1,"featured_media":0,"parent":0,"menu_order":0,"comment_status":"closed","ping_status":"closed","template":"","meta":{"_et_pb_use_builder":"on","_et_pb_old_content":"","_et_gb_content_width":"","inline_featured_image":false,"footnotes":""},"yoast_head":"<!-- This site is optimized with the Yoast SEO plugin v22.8 - https:\/\/yoast.com\/wordpress\/plugins\/seo\/ -->\n<title>Sistema de evaluaci\u00f3n - Postgrado Personas con Discapacidad<\/title>\n<meta name=\"robots\" content=\"index, follow, max-snippet:-1, max-image-preview:large, max-video-preview:-1\" \/>\n<link rel=\"canonical\" href=\"https:\/\/www.personasdiscapacidad.es\/es\/sistema-de-evaluacion\/\" \/>\n<meta property=\"og:locale\" content=\"es_ES\" \/>\n<meta property=\"og:type\" content=\"article\" \/>\n<meta property=\"og:title\" content=\"Sistema de evaluaci\u00f3n - Postgrado Personas con Discapacidad\" \/>\n<meta property=\"og:description\" content=\"Sistema de evaluaci\u00f3nEl sistema de evaluaci\u00f3n ser\u00e1 continua. El\/la tutor\/a \u00a0ir\u00e1 supervisando la actividad del alumnado en cada uno de los elementos de evaluativos orient\u00e1ndole, incentivando la participaci\u00f3n y detectando [&hellip;]\" \/>\n<meta property=\"og:url\" content=\"https:\/\/www.personasdiscapacidad.es\/es\/sistema-de-evaluacion\/\" \/>\n<meta property=\"og:site_name\" content=\"Postgrado Personas con Discapacidad\" \/>\n<meta property=\"article:modified_time\" content=\"2020-05-06T18:16:16+00:00\" \/>\n<meta name=\"twitter:card\" content=\"summary_large_image\" \/>\n<meta name=\"twitter:label1\" content=\"Tiempo de lectura\" \/>\n\t<meta name=\"twitter:data1\" content=\"5 minutos\" \/>\n<script type=\"application\/ld+json\" class=\"yoast-schema-graph\">{\"@context\":\"https:\/\/schema.org\",\"@graph\":[{\"@type\":\"WebPage\",\"@id\":\"https:\/\/www.personasdiscapacidad.es\/es\/sistema-de-evaluacion\/\",\"url\":\"https:\/\/www.personasdiscapacidad.es\/es\/sistema-de-evaluacion\/\",\"name\":\"Sistema de evaluaci\u00f3n - Postgrado Personas con Discapacidad\",\"isPartOf\":{\"@id\":\"https:\/\/www.personasdiscapacidad.es\/es\/#website\"},\"datePublished\":\"2019-09-17T09:38:17+00:00\",\"dateModified\":\"2020-05-06T18:16:16+00:00\",\"breadcrumb\":{\"@id\":\"https:\/\/www.personasdiscapacidad.es\/es\/sistema-de-evaluacion\/#breadcrumb\"},\"inLanguage\":\"es\",\"potentialAction\":[{\"@type\":\"ReadAction\",\"target\":[\"https:\/\/www.personasdiscapacidad.es\/es\/sistema-de-evaluacion\/\"]}]},{\"@type\":\"BreadcrumbList\",\"@id\":\"https:\/\/www.personasdiscapacidad.es\/es\/sistema-de-evaluacion\/#breadcrumb\",\"itemListElement\":[{\"@type\":\"ListItem\",\"position\":1,\"name\":\"Portada\",\"item\":\"https:\/\/www.personasdiscapacidad.es\/es\/\"},{\"@type\":\"ListItem\",\"position\":2,\"name\":\"Sistema de evaluaci\u00f3n\"}]},{\"@type\":\"WebSite\",\"@id\":\"https:\/\/www.personasdiscapacidad.es\/es\/#website\",\"url\":\"https:\/\/www.personasdiscapacidad.es\/es\/\",\"name\":\"Postgrado Personas con Discapacidad\",\"description\":\"Derechos sociales y cultura de las discapacidades\",\"potentialAction\":[{\"@type\":\"SearchAction\",\"target\":{\"@type\":\"EntryPoint\",\"urlTemplate\":\"https:\/\/www.personasdiscapacidad.es\/es\/?s={search_term_string}\"},\"query-input\":\"required name=search_term_string\"}],\"inLanguage\":\"es\"}]}<\/script>\n<!-- \/ Yoast SEO plugin. -->","yoast_head_json":{"title":"Sistema de evaluaci\u00f3n - Postgrado Personas con Discapacidad","robots":{"index":"index","follow":"follow","max-snippet":"max-snippet:-1","max-image-preview":"max-image-preview:large","max-video-preview":"max-video-preview:-1"},"canonical":"https:\/\/www.personasdiscapacidad.es\/es\/sistema-de-evaluacion\/","og_locale":"es_ES","og_type":"article","og_title":"Sistema de evaluaci\u00f3n - Postgrado Personas con Discapacidad","og_description":"Sistema de evaluaci\u00f3nEl sistema de evaluaci\u00f3n ser\u00e1 continua. El\/la tutor\/a \u00a0ir\u00e1 supervisando la actividad del alumnado en cada uno de los elementos de evaluativos orient\u00e1ndole, incentivando la participaci\u00f3n y detectando [&hellip;]","og_url":"https:\/\/www.personasdiscapacidad.es\/es\/sistema-de-evaluacion\/","og_site_name":"Postgrado Personas con Discapacidad","article_modified_time":"2020-05-06T18:16:16+00:00","twitter_card":"summary_large_image","twitter_misc":{"Tiempo de lectura":"5 minutos"},"schema":{"@context":"https:\/\/schema.org","@graph":[{"@type":"WebPage","@id":"https:\/\/www.personasdiscapacidad.es\/es\/sistema-de-evaluacion\/","url":"https:\/\/www.personasdiscapacidad.es\/es\/sistema-de-evaluacion\/","name":"Sistema de evaluaci\u00f3n - Postgrado Personas con Discapacidad","isPartOf":{"@id":"https:\/\/www.personasdiscapacidad.es\/es\/#website"},"datePublished":"2019-09-17T09:38:17+00:00","dateModified":"2020-05-06T18:16:16+00:00","breadcrumb":{"@id":"https:\/\/www.personasdiscapacidad.es\/es\/sistema-de-evaluacion\/#breadcrumb"},"inLanguage":"es","potentialAction":[{"@type":"ReadAction","target":["https:\/\/www.personasdiscapacidad.es\/es\/sistema-de-evaluacion\/"]}]},{"@type":"BreadcrumbList","@id":"https:\/\/www.personasdiscapacidad.es\/es\/sistema-de-evaluacion\/#breadcrumb","itemListElement":[{"@type":"ListItem","position":1,"name":"Portada","item":"https:\/\/www.personasdiscapacidad.es\/es\/"},{"@type":"ListItem","position":2,"name":"Sistema de evaluaci\u00f3n"}]},{"@type":"WebSite","@id":"https:\/\/www.personasdiscapacidad.es\/es\/#website","url":"https:\/\/www.personasdiscapacidad.es\/es\/","name":"Postgrado Personas con Discapacidad","description":"Derechos sociales y cultura de las discapacidades","potentialAction":[{"@type":"SearchAction","target":{"@type":"EntryPoint","urlTemplate":"https:\/\/www.personasdiscapacidad.es\/es\/?s={search_term_string}"},"query-input":"required name=search_term_string"}],"inLanguage":"es"}]}},"_links":{"self":[{"href":"https:\/\/www.personasdiscapacidad.es\/es\/wp-json\/wp\/v2\/pages\/507"}],"collection":[{"href":"https:\/\/www.personasdiscapacidad.es\/es\/wp-json\/wp\/v2\/pages"}],"about":[{"href":"https:\/\/www.personasdiscapacidad.es\/es\/wp-json\/wp\/v2\/types\/page"}],"author":[{"embeddable":true,"href":"https:\/\/www.personasdiscapacidad.es\/es\/wp-json\/wp\/v2\/users\/1"}],"replies":[{"embeddable":true,"href":"https:\/\/www.personasdiscapacidad.es\/es\/wp-json\/wp\/v2\/comments?post=507"}],"version-history":[{"count":5,"href":"https:\/\/www.personasdiscapacidad.es\/es\/wp-json\/wp\/v2\/pages\/507\/revisions"}],"predecessor-version":[{"id":864,"href":"https:\/\/www.personasdiscapacidad.es\/es\/wp-json\/wp\/v2\/pages\/507\/revisions\/864"}],"wp:attachment":[{"href":"https:\/\/www.personasdiscapacidad.es\/es\/wp-json\/wp\/v2\/media?parent=507"}],"curies":[{"name":"wp","href":"https:\/\/api.w.org\/{rel}","templated":true}]}}